{"id":132582,"date":"2026-07-06T15:09:37","date_gmt":"2026-07-06T13:09:44","guid":{"rendered":"https:\/\/grontkontor.dk\/?post_type=product&#038;p=132582"},"modified":"2026-08-11T11:46:11","modified_gmt":"2026-08-11T09:46:11","slug":"tragetasche-recycliert-baumwolle-140-gsm-3","status":"publish","type":"product","link":"https:\/\/grontkontor.dk\/de\/shop\/tragetasche-recycliert-baumwolle-140-gsm-3\/","title":{"rendered":"Tragetasche aus recycelter Baumwolle 140 g\/m\u00b2"},"content":{"rendered":"<p data-start=\"355\" data-end=\"721\">Eine Tragetasche kann sowohl praktisch, stilvoll als auch eine bewusste Entscheidung f\u00fcr eine umweltfreundliche L\u00f6sung sein. Diese wundersch\u00f6ne und ausgefallene, klimafreundliche Tragetasche besteht aus 100 % recycelter, Oekotex-zertifizierter Baumwolle mit einer Qualit\u00e4t von 140 gsm. Mit einer Ladekapazit\u00e4t von bis zu 8 kg und extra langen Griffen ist er sowohl f\u00fcr den Alltag als auch als clevere L\u00f6sung f\u00fcr Veranstaltungen und Messen perfekt.  <\/p>\n<p data-start=\"723\" data-end=\"1038\">Die Tragetasche ist sowohl umweltfreundlich als auch funktional und eine ausgezeichnete Alternative zu Einweg-Tragetaschen. Sie kann als Einkaufstasche, Geschenktasche oder zum Transport von Brosch\u00fcren, Produkten und Materialien auf Messen verwendet werden. Mit seiner langlebigen Bauweise und dem recycelbaren Material kann es im Laufe der Zeit viele Einwegbeutel ersetzen.  <\/p>\n<p data-start=\"1040\" data-end=\"1306\">Es ist m\u00f6glich, die Tragetasche sowohl mit als auch ohne Logo-Druck zu bestellen. Wenn Sie Ihre Marke in den Fokus r\u00fccken m\u00f6chten, k\u00f6nnen wir auf einer oder beiden Seiten ein Logo oder eine Botschaft drucken. Sie bietet eine klimafreundliche und professionelle Pr\u00e4sentation, an die sich Ihre Kunden oder G\u00e4ste erinnern werden.  <\/p>\n<p data-start=\"1308\" data-end=\"1628\">Im Gegensatz zu herk\u00f6mmlichen Plastik-Tragetaschen besteht diese Tragetasche aus recycelter Baumwolle, was den Ressourcenverbrauch und Abfall reduziert. Als Einkaufstasche ist sie ger\u00e4umig, leicht zu tragen und gleichzeitig eine L\u00f6sung, die es einfach macht, umweltfreundlich auszuw\u00e4hlen, ohne Qualit\u00e4t und Design zu beeintr\u00e4chtigen. <\/p>\n<p data-start=\"1630\" data-end=\"1904\">Diese klimafreundliche Tragetasche ist nicht nur praktisch, sondern auch eine kluge M\u00f6glichkeit, sowohl Funktionalit\u00e4t als auch Umweltschutz zu zeigen. Ob es als Firmengeschenk, f\u00fcr Handouts auf Messen oder als t\u00e4gliche Einkaufstasche verwendet wird \u2013 es wird einen Unterschied machen \u2013 sowohl f\u00fcr den Nutzer als auch f\u00fcr den Planeten. <\/p>\n<p>[genbrugsbomuld_s]<\/p>\n<p>[grs_s] [oekotex100_s]<\/p>\n<p>&nbsp;<\/p>\n<p><a href=\"https:\/\/textileexchange.org\/standards\/recycled-claim-standard-global-recycled-standard\/\"><img loading=\"lazy\" decoding=\"async\" src=\"https:\/\/grontkontor.dk\/wp-content\/uploads\/2021\/06\/global-recycled-standard-1.jpg\" alt=\"Global recycled standard\" width=\"50\" height=\"50\" class=\"size-full wp-image-25504\" \/> <\/a><a href=\"http:\/\/www.okotex.dk\/om-oeko-tex\/\" target=\"window\"><img loading=\"lazy\" decoding=\"async\" class=\"alignnone size-full wp-image-10567\" src=\"https:\/\/grontkontor.dk\/wp-content\/uploads\/2018\/08\/Oeko-Tex-Certificate.jpg\" \n alt=\"OEKO-TEX?-m?rkede tekstiler er sikre tekstiler, der ikke skader kroppen. Klik p? logoet for yderligere information.\" width=\"77\" height=\"50\" border=0 \/><\/a> <img loading=\"lazy\" decoding=\"async\" src=\"https:\/\/grontkontor.dk\/wp-content\/uploads\/2021\/02\/genbrug.jpg\" alt=\"Fremstillet af genbrugsmaterialer\" width=\"50\" height=\"50\" class=\"size-full wp-image-23031\" srcset=\"https:\/\/grontkontor.dk\/wp-content\/uploads\/2021\/02\/genbrug.jpg 199w, https:\/\/grontkontor.dk\/wp-content\/uploads\/2021\/02\/genbrug-100x100.jpg 100w\" sizes=\"(max-width: 50px) 100vw, 50px\" \/><\/p>\n","protected":false},"excerpt":{"rendered":"<p>Eine Tragetasche kann sowohl praktisch, stilvoll als auch eine bewusste Entscheidung f\u00fcr eine umweltfreundliche L\u00f6sung sein. Diese wundersch\u00f6ne und ausgefallene, klimafreundliche Tragetasche besteht aus 100 % recycelter, Oekotex-zertifizierter Baumwolle mit einer Qualit\u00e4t von 140 gsm. Mit einer Ladekapazit\u00e4t von bis zu 8 kg und extra langen Griffen ist er sowohl f\u00fcr den Alltag als auch [&hellip;]<\/p>\n","protected":false},"featured_media":114019,"comment_status":"closed","ping_status":"closed","template":"","meta":{"_acf_changed":false},"product_cat":[3325,4449,3321,3084,3512,3341],"product_tag":[3518,4683,4631,4688,4686,4687,3345,3342,4685,4684],"class_list":{"0":"post-132582","1":"product","2":"type-product","3":"status-publish","4":"has-post-thumbnail","6":"product_cat-dummy-moq-1-de","7":"product_cat-geschenktueten-und-geschenkboxen","8":"product_cat-klimafreundliche-werbegeschenke","9":"product_cat-neuheiten","10":"product_cat-taschen-tueten-und-huellen","11":"product_cat-stofftaschen","12":"product_tag-baumwolltasche","13":"product_tag-taschen-aus-baumwolle","14":"product_tag-einkaufstasche","15":"product_tag-einkaufstasche-de-2","16":"product_tag-recycelte-tragetasche","17":"product_tag-recycelte-tragetasche-de","18":"product_tag-tragetasche-de","19":"product_tag-tragetasche","20":"product_tag-tragetaschen-de","21":"product_tag-tragetaschen","22":"tm-has-options","24":"first","25":"instock","26":"taxable","27":"shipping-taxable","28":"purchasable","29":"product-type-variable","30":"has-default-attributes"},"acf":[],"yoast_head":"<!-- This site is optimized with the Yoast SEO Premium plugin v21.2 (Yoast SEO v21.2) - https:\/\/yoast.com\/wordpress\/plugins\/seo\/ -->\n<title>Tragetasche aus recycelter Baumwolle 140 g\/m\u00b2 - Gr\u00f8nt Kontor<\/title>\n<meta name=\"description\" content=\"Wundersch\u00f6ne, klimafreundliche Tragetasche aus 100 % recycelter Baumwolle. Mit oder ohne Logodruck. Perfektes Firmengeschenk. Lieferung mit gedrucktem Druck in ca. einer Woche.\" \/>\n<meta name=\"robots\" content=\"index, follow, max-snippet:-1, max-image-preview:large, max-video-preview:-1\" \/>\n<link rel=\"canonical\" href=\"https:\/\/grontkontor.dk\/de\/shop\/tragetasche-recycliert-baumwolle-140-gsm-3\/\" \/>\n<meta property=\"og:locale\" content=\"de_DE\" \/>\n<meta property=\"og:type\" content=\"article\" \/>\n<meta property=\"og:title\" content=\"Tragetasche aus recycelter Baumwolle 140 g\/m\u00b2\" \/>\n<meta property=\"og:description\" content=\"Wundersch\u00f6ne, klimafreundliche Tragetasche aus 100 % recycelter Baumwolle. Mit oder ohne Logodruck. Perfektes Firmengeschenk. Lieferung mit gedrucktem Druck in ca. einer Woche.\" \/>\n<meta property=\"og:url\" content=\"https:\/\/grontkontor.dk\/de\/shop\/tragetasche-recycliert-baumwolle-140-gsm-3\/\" \/>\n<meta property=\"og:site_name\" content=\"Gr\u00f8nt Kontor\" \/>\n<meta property=\"article:publisher\" content=\"https:\/\/www.facebook.com\/grontkontor.dk\/\" \/>\n<meta property=\"article:modified_time\" content=\"2026-08-11T09:46:11+00:00\" \/>\n<meta property=\"og:image\" content=\"https:\/\/grontkontor.dk\/wp-content\/uploads\/2023\/09\/recycled-mulepose-bomuld-120-gsm-1.jpg\" \/>\n\t<meta property=\"og:image:width\" content=\"900\" \/>\n\t<meta property=\"og:image:height\" content=\"639\" \/>\n\t<meta property=\"og:image:type\" content=\"image\/jpeg\" \/>\n<meta name=\"twitter:card\" content=\"summary_large_image\" \/>\n<meta name=\"twitter:label1\" content=\"Gesch\u00e4tzte Lesezeit\" \/>\n\t<meta name=\"twitter:data1\" content=\"1\u00a0Minute\" \/>\n<script type=\"application\/ld+json\" class=\"yoast-schema-graph\">{\"@context\":\"https:\/\/schema.org\",\"@graph\":[{\"@type\":\"WebPage\",\"@id\":\"https:\/\/grontkontor.dk\/de\/shop\/tragetasche-recycliert-baumwolle-140-gsm-3\/\",\"url\":\"https:\/\/grontkontor.dk\/de\/shop\/tragetasche-recycliert-baumwolle-140-gsm-3\/\",\"name\":\"Tragetasche aus recycelter Baumwolle 140 g\/m\u00b2 - Gr\u00f8nt Kontor\",\"isPartOf\":{\"@id\":\"https:\/\/grontkontor.dk\/#website\"},\"datePublished\":\"2026-07-06T13:09:44+00:00\",\"dateModified\":\"2026-08-11T09:46:11+00:00\",\"description\":\"Wundersch\u00f6ne, klimafreundliche Tragetasche aus 100 % recycelter Baumwolle. Mit oder ohne Logodruck. Perfektes Firmengeschenk. Lieferung mit gedrucktem Druck in ca. einer Woche.\",\"breadcrumb\":{\"@id\":\"https:\/\/grontkontor.dk\/de\/shop\/tragetasche-recycliert-baumwolle-140-gsm-3\/#breadcrumb\"},\"inLanguage\":\"de\",\"potentialAction\":[{\"@type\":\"ReadAction\",\"target\":[\"https:\/\/grontkontor.dk\/de\/shop\/tragetasche-recycliert-baumwolle-140-gsm-3\/\"]}]},{\"@type\":\"BreadcrumbList\",\"@id\":\"https:\/\/grontkontor.dk\/de\/shop\/tragetasche-recycliert-baumwolle-140-gsm-3\/#breadcrumb\",\"itemListElement\":[{\"@type\":\"ListItem\",\"position\":1,\"name\":\"Forside\",\"item\":\"https:\/\/grontkontor.dk\/de\/\"},{\"@type\":\"ListItem\",\"position\":2,\"name\":\"Laden\",\"item\":\"https:\/\/grontkontor.dk\/de\/laden\/\"},{\"@type\":\"ListItem\",\"position\":3,\"name\":\"Dummy MOQ 1\",\"item\":\"https:\/\/grontkontor.dk\/produkt-kategori\/dummy-moq-1\/\"},{\"@type\":\"ListItem\",\"position\":4,\"name\":\"Tragetasche aus recycelter Baumwolle 140 g\/m\u00b2\"}]},{\"@type\":\"WebSite\",\"@id\":\"https:\/\/grontkontor.dk\/#website\",\"url\":\"https:\/\/grontkontor.dk\/\",\"name\":\"Gr\u00f8nt Kontor\",\"description\":\"Milj\u00f8venlige produkter til kontor og erhverv med fokus p\u00e5 b\u00e6redygtighed, design og fair trade.\",\"publisher\":{\"@id\":\"https:\/\/grontkontor.dk\/#organization\"},\"potentialAction\":[{\"@type\":\"SearchAction\",\"target\":{\"@type\":\"EntryPoint\",\"urlTemplate\":\"https:\/\/grontkontor.dk\/?s={search_term_string}\"},\"query-input\":\"required name=search_term_string\"}],\"inLanguage\":\"de\"},{\"@type\":\"Organization\",\"@id\":\"https:\/\/grontkontor.dk\/#organization\",\"name\":\"Gr\u00f8nt Kontor\",\"url\":\"https:\/\/grontkontor.dk\/\",\"logo\":{\"@type\":\"ImageObject\",\"inLanguage\":\"de\",\"@id\":\"https:\/\/grontkontor.dk\/#\/schema\/logo\/image\/\",\"url\":\"https:\/\/grontkontor.dk\/wp-content\/uploads\/2014\/02\/Logo_groent_kontor_300x80.png\",\"contentUrl\":\"https:\/\/grontkontor.dk\/wp-content\/uploads\/2014\/02\/Logo_groent_kontor_300x80.png\",\"width\":300,\"height\":80,\"caption\":\"Gr\u00f8nt Kontor\"},\"image\":{\"@id\":\"https:\/\/grontkontor.dk\/#\/schema\/logo\/image\/\"},\"sameAs\":[\"https:\/\/www.facebook.com\/grontkontor.dk\/\"]}]}<\/script>\n<!-- \/ Yoast SEO Premium plugin. -->","yoast_head_json":{"title":"Tragetasche aus recycelter Baumwolle 140 g\/m\u00b2 - Gr\u00f8nt Kontor","description":"Wundersch\u00f6ne, klimafreundliche Tragetasche aus 100 % recycelter Baumwolle. Mit oder ohne Logodruck. Perfektes Firmengeschenk. Lieferung mit gedrucktem Druck in ca. einer Woche.","robots":{"index":"index","follow":"follow","max-snippet":"max-snippet:-1","max-image-preview":"max-image-preview:large","max-video-preview":"max-video-preview:-1"},"canonical":"https:\/\/grontkontor.dk\/de\/shop\/tragetasche-recycliert-baumwolle-140-gsm-3\/","og_locale":"de_DE","og_type":"article","og_title":"Tragetasche aus recycelter Baumwolle 140 g\/m\u00b2","og_description":"Wundersch\u00f6ne, klimafreundliche Tragetasche aus 100 % recycelter Baumwolle. Mit oder ohne Logodruck. Perfektes Firmengeschenk. Lieferung mit gedrucktem Druck in ca. einer Woche.","og_url":"https:\/\/grontkontor.dk\/de\/shop\/tragetasche-recycliert-baumwolle-140-gsm-3\/","og_site_name":"Gr\u00f8nt Kontor","article_publisher":"https:\/\/www.facebook.com\/grontkontor.dk\/","article_modified_time":"2026-08-11T09:46:11+00:00","og_image":[{"width":900,"height":639,"url":"https:\/\/grontkontor.dk\/wp-content\/uploads\/2023\/09\/recycled-mulepose-bomuld-120-gsm-1.jpg","type":"image\/jpeg"}],"twitter_card":"summary_large_image","twitter_misc":{"Gesch\u00e4tzte Lesezeit":"1\u00a0Minute"},"schema":{"@context":"https:\/\/schema.org","@graph":[{"@type":"WebPage","@id":"https:\/\/grontkontor.dk\/de\/shop\/tragetasche-recycliert-baumwolle-140-gsm-3\/","url":"https:\/\/grontkontor.dk\/de\/shop\/tragetasche-recycliert-baumwolle-140-gsm-3\/","name":"Tragetasche aus recycelter Baumwolle 140 g\/m\u00b2 - Gr\u00f8nt Kontor","isPartOf":{"@id":"https:\/\/grontkontor.dk\/#website"},"datePublished":"2026-07-06T13:09:44+00:00","dateModified":"2026-08-11T09:46:11+00:00","description":"Wundersch\u00f6ne, klimafreundliche Tragetasche aus 100 % recycelter Baumwolle. Mit oder ohne Logodruck. Perfektes Firmengeschenk. Lieferung mit gedrucktem Druck in ca. einer Woche.","breadcrumb":{"@id":"https:\/\/grontkontor.dk\/de\/shop\/tragetasche-recycliert-baumwolle-140-gsm-3\/#breadcrumb"},"inLanguage":"de","potentialAction":[{"@type":"ReadAction","target":["https:\/\/grontkontor.dk\/de\/shop\/tragetasche-recycliert-baumwolle-140-gsm-3\/"]}]},{"@type":"BreadcrumbList","@id":"https:\/\/grontkontor.dk\/de\/shop\/tragetasche-recycliert-baumwolle-140-gsm-3\/#breadcrumb","itemListElement":[{"@type":"ListItem","position":1,"name":"Forside","item":"https:\/\/grontkontor.dk\/de\/"},{"@type":"ListItem","position":2,"name":"Laden","item":"https:\/\/grontkontor.dk\/de\/laden\/"},{"@type":"ListItem","position":3,"name":"Dummy MOQ 1","item":"https:\/\/grontkontor.dk\/produkt-kategori\/dummy-moq-1\/"},{"@type":"ListItem","position":4,"name":"Tragetasche aus recycelter Baumwolle 140 g\/m\u00b2"}]},{"@type":"WebSite","@id":"https:\/\/grontkontor.dk\/#website","url":"https:\/\/grontkontor.dk\/","name":"Gr\u00f8nt Kontor","description":"Milj\u00f8venlige produkter til kontor og erhverv med fokus p\u00e5 b\u00e6redygtighed, design og fair trade.","publisher":{"@id":"https:\/\/grontkontor.dk\/#organization"},"potentialAction":[{"@type":"SearchAction","target":{"@type":"EntryPoint","urlTemplate":"https:\/\/grontkontor.dk\/?s={search_term_string}"},"query-input":"required name=search_term_string"}],"inLanguage":"de"},{"@type":"Organization","@id":"https:\/\/grontkontor.dk\/#organization","name":"Gr\u00f8nt Kontor","url":"https:\/\/grontkontor.dk\/","logo":{"@type":"ImageObject","inLanguage":"de","@id":"https:\/\/grontkontor.dk\/#\/schema\/logo\/image\/","url":"https:\/\/grontkontor.dk\/wp-content\/uploads\/2014\/02\/Logo_groent_kontor_300x80.png","contentUrl":"https:\/\/grontkontor.dk\/wp-content\/uploads\/2014\/02\/Logo_groent_kontor_300x80.png","width":300,"height":80,"caption":"Gr\u00f8nt Kontor"},"image":{"@id":"https:\/\/grontkontor.dk\/#\/schema\/logo\/image\/"},"sameAs":["https:\/\/www.facebook.com\/grontkontor.dk\/"]}]}},"_links":{"self":[{"href":"https:\/\/grontkontor.dk\/de\/wp-json\/wp\/v2\/product\/132582"}],"collection":[{"href":"https:\/\/grontkontor.dk\/de\/wp-json\/wp\/v2\/product"}],"about":[{"href":"https:\/\/grontkontor.dk\/de\/wp-json\/wp\/v2\/types\/product"}],"replies":[{"embeddable":true,"href":"https:\/\/grontkontor.dk\/de\/wp-json\/wp\/v2\/comments?post=132582"}],"wp:featuredmedia":[{"embeddable":true,"href":"https:\/\/grontkontor.dk\/de\/wp-json\/wp\/v2\/media\/114019"}],"wp:attachment":[{"href":"https:\/\/grontkontor.dk\/de\/wp-json\/wp\/v2\/media?parent=132582"}],"wp:term":[{"taxonomy":"product_cat","embeddable":true,"href":"https:\/\/grontkontor.dk\/de\/wp-json\/wp\/v2\/product_cat?post=132582"},{"taxonomy":"product_tag","embeddable":true,"href":"https:\/\/grontkontor.dk\/de\/wp-json\/wp\/v2\/product_tag?post=132582"}],"curies":[{"name":"wp","href":"https:\/\/api.w.org\/{rel}","templated":true}]}}