{"id":85713,"date":"2024-03-14T09:33:21","date_gmt":"2024-05-28T09:27:56","guid":{"rendered":"https:\/\/grontkontor.dk\/shop\/krug-im-glas-mit-bambusdeckel\/"},"modified":"2024-05-28T11:27:56","modified_gmt":"2024-05-28T09:27:56","slug":"krug-im-glas-mit-bambusdeckel","status":"publish","type":"product","link":"https:\/\/grontkontor.dk\/de\/shop\/krug-im-glas-mit-bambusdeckel\/","title":{"rendered":"Krug im Glas mit Bambusdeckel"},"content":{"rendered":"<p>Klimafreundliche Karaffe mit einem Fassungsverm\u00f6gen von 1,25 Litern. Hergestellt aus Borosilikatglas, das eine au\u00dfergew\u00f6hnliche Festigkeit und Haltbarkeit bietet, seine Lebensdauer verl\u00e4ngert und eine lange Recyclingf\u00e4higkeit bietet. Mit einem Bambusdeckel, der sich durch Dr\u00fccken leicht verstellen l\u00e4sst. Kommt in einer individuellen Box mit stilvollem Design.<\/p>\n<p>[glas]<br \/>\n[bambus_s]<\/p>\n","protected":false},"excerpt":{"rendered":"<p>Klimafreundliche Karaffe mit einem Fassungsverm\u00f6gen von 1,25 Litern. Hergestellt aus Borosilikatglas, das eine au\u00dfergew\u00f6hnliche Festigkeit und Haltbarkeit bietet, seine Lebensdauer verl\u00e4ngert und eine lange Recyclingf\u00e4higkeit bietet. Mit einem Bambusdeckel, der sich durch Dr\u00fccken leicht verstellen l\u00e4sst. Kommt in einer individuellen Box mit stilvollem Design. [glas] [bambus_s]<\/p>\n","protected":false},"featured_media":82579,"comment_status":"closed","ping_status":"closed","template":"","meta":{"_acf_changed":false},"product_cat":[4489,3465,3325,3466,3084],"product_tag":[3468],"class_list":{"0":"post-85713","1":"product","2":"type-product","3":"status-publish","4":"has-post-thumbnail","6":"product_cat-becher-und-tassen","7":"product_cat-becher-tassen-etc","8":"product_cat-dummy-moq-1-de","9":"product_cat-hotel-restaurant","10":"product_cat-neuheiten","11":"product_tag-krug","12":"tm-has-options","14":"first","15":"instock","16":"taxable","17":"shipping-taxable","18":"purchasable","19":"product-type-simple"},"acf":[],"yoast_head":"<!-- This site is optimized with the Yoast SEO Premium plugin v21.2 (Yoast SEO v21.2) - https:\/\/yoast.com\/wordpress\/plugins\/seo\/ -->\n<title>Krug im Glas mit Bambusdeckel - Gr\u00f8nt Kontor<\/title>\n<meta name=\"robots\" content=\"index, follow, max-snippet:-1, max-image-preview:large, max-video-preview:-1\" \/>\n<link rel=\"canonical\" href=\"https:\/\/grontkontor.dk\/de\/shop\/krug-im-glas-mit-bambusdeckel\/\" \/>\n<meta property=\"og:locale\" content=\"de_DE\" \/>\n<meta property=\"og:type\" content=\"article\" \/>\n<meta property=\"og:title\" content=\"Krug im Glas mit Bambusdeckel\" \/>\n<meta property=\"og:description\" content=\"Klimafreundliche Karaffe mit einem Fassungsverm\u00f6gen von 1,25 Litern. Hergestellt aus Borosilikatglas, das eine au\u00dfergew\u00f6hnliche Festigkeit und Haltbarkeit bietet, seine Lebensdauer verl\u00e4ngert und eine lange Recyclingf\u00e4higkeit bietet. Mit einem Bambusdeckel, der sich durch Dr\u00fccken leicht verstellen l\u00e4sst. Kommt in einer individuellen Box mit stilvollem Design. [glas] [bambus_s]\" \/>\n<meta property=\"og:url\" content=\"https:\/\/grontkontor.dk\/de\/shop\/krug-im-glas-mit-bambusdeckel\/\" \/>\n<meta property=\"og:site_name\" content=\"Gr\u00f8nt Kontor\" \/>\n<meta property=\"article:publisher\" content=\"https:\/\/www.facebook.com\/grontkontor.dk\/\" \/>\n<meta name=\"twitter:card\" content=\"summary_large_image\" \/>\n<script type=\"application\/ld+json\" class=\"yoast-schema-graph\">{\"@context\":\"https:\/\/schema.org\",\"@graph\":[{\"@type\":\"WebPage\",\"@id\":\"https:\/\/grontkontor.dk\/de\/shop\/krug-im-glas-mit-bambusdeckel\/\",\"url\":\"https:\/\/grontkontor.dk\/de\/shop\/krug-im-glas-mit-bambusdeckel\/\",\"name\":\"Krug im Glas mit Bambusdeckel - Gr\u00f8nt Kontor\",\"isPartOf\":{\"@id\":\"https:\/\/grontkontor.dk\/#website\"},\"datePublished\":\"2024-05-28T09:27:56+00:00\",\"dateModified\":\"2024-05-28T09:27:56+00:00\",\"breadcrumb\":{\"@id\":\"https:\/\/grontkontor.dk\/de\/shop\/krug-im-glas-mit-bambusdeckel\/#breadcrumb\"},\"inLanguage\":\"de\",\"potentialAction\":[{\"@type\":\"ReadAction\",\"target\":[\"https:\/\/grontkontor.dk\/de\/shop\/krug-im-glas-mit-bambusdeckel\/\"]}]},{\"@type\":\"BreadcrumbList\",\"@id\":\"https:\/\/grontkontor.dk\/de\/shop\/krug-im-glas-mit-bambusdeckel\/#breadcrumb\",\"itemListElement\":[{\"@type\":\"ListItem\",\"position\":1,\"name\":\"Forside\",\"item\":\"https:\/\/grontkontor.dk\/de\/\"},{\"@type\":\"ListItem\",\"position\":2,\"name\":\"Laden\",\"item\":\"https:\/\/grontkontor.dk\/de\/laden\/\"},{\"@type\":\"ListItem\",\"position\":3,\"name\":\"Mad og drikke\",\"item\":\"https:\/\/grontkontor.dk\/produkt-kategori\/mad-og-drikke\/\"},{\"@type\":\"ListItem\",\"position\":4,\"name\":\"Krus, kopper mm.\",\"item\":\"https:\/\/grontkontor.dk\/produkt-kategori\/mad-og-drikke\/to-go-krus-og-kopper\/\"},{\"@type\":\"ListItem\",\"position\":5,\"name\":\"Krug im Glas mit Bambusdeckel\"}]},{\"@type\":\"WebSite\",\"@id\":\"https:\/\/grontkontor.dk\/#website\",\"url\":\"https:\/\/grontkontor.dk\/\",\"name\":\"Gr\u00f8nt Kontor\",\"description\":\"Milj\u00f8venlige produkter til kontor og erhverv med fokus p\u00e5 b\u00e6redygtighed, design og fair trade.\",\"publisher\":{\"@id\":\"https:\/\/grontkontor.dk\/#organization\"},\"potentialAction\":[{\"@type\":\"SearchAction\",\"target\":{\"@type\":\"EntryPoint\",\"urlTemplate\":\"https:\/\/grontkontor.dk\/?s={search_term_string}\"},\"query-input\":\"required name=search_term_string\"}],\"inLanguage\":\"de\"},{\"@type\":\"Organization\",\"@id\":\"https:\/\/grontkontor.dk\/#organization\",\"name\":\"Gr\u00f8nt Kontor\",\"url\":\"https:\/\/grontkontor.dk\/\",\"logo\":{\"@type\":\"ImageObject\",\"inLanguage\":\"de\",\"@id\":\"https:\/\/grontkontor.dk\/#\/schema\/logo\/image\/\",\"url\":\"https:\/\/grontkontor.dk\/wp-content\/uploads\/2014\/02\/Logo_groent_kontor_300x80.png\",\"contentUrl\":\"https:\/\/grontkontor.dk\/wp-content\/uploads\/2014\/02\/Logo_groent_kontor_300x80.png\",\"width\":300,\"height\":80,\"caption\":\"Gr\u00f8nt Kontor\"},\"image\":{\"@id\":\"https:\/\/grontkontor.dk\/#\/schema\/logo\/image\/\"},\"sameAs\":[\"https:\/\/www.facebook.com\/grontkontor.dk\/\"]}]}<\/script>\n<!-- \/ Yoast SEO Premium plugin. -->","yoast_head_json":{"title":"Krug im Glas mit Bambusdeckel - Gr\u00f8nt Kontor","robots":{"index":"index","follow":"follow","max-snippet":"max-snippet:-1","max-image-preview":"max-image-preview:large","max-video-preview":"max-video-preview:-1"},"canonical":"https:\/\/grontkontor.dk\/de\/shop\/krug-im-glas-mit-bambusdeckel\/","og_locale":"de_DE","og_type":"article","og_title":"Krug im Glas mit Bambusdeckel","og_description":"Klimafreundliche Karaffe mit einem Fassungsverm\u00f6gen von 1,25 Litern. Hergestellt aus Borosilikatglas, das eine au\u00dfergew\u00f6hnliche Festigkeit und Haltbarkeit bietet, seine Lebensdauer verl\u00e4ngert und eine lange Recyclingf\u00e4higkeit bietet. Mit einem Bambusdeckel, der sich durch Dr\u00fccken leicht verstellen l\u00e4sst. Kommt in einer individuellen Box mit stilvollem Design. [glas] [bambus_s]","og_url":"https:\/\/grontkontor.dk\/de\/shop\/krug-im-glas-mit-bambusdeckel\/","og_site_name":"Gr\u00f8nt Kontor","article_publisher":"https:\/\/www.facebook.com\/grontkontor.dk\/","twitter_card":"summary_large_image","schema":{"@context":"https:\/\/schema.org","@graph":[{"@type":"WebPage","@id":"https:\/\/grontkontor.dk\/de\/shop\/krug-im-glas-mit-bambusdeckel\/","url":"https:\/\/grontkontor.dk\/de\/shop\/krug-im-glas-mit-bambusdeckel\/","name":"Krug im Glas mit Bambusdeckel - Gr\u00f8nt Kontor","isPartOf":{"@id":"https:\/\/grontkontor.dk\/#website"},"datePublished":"2024-05-28T09:27:56+00:00","dateModified":"2024-05-28T09:27:56+00:00","breadcrumb":{"@id":"https:\/\/grontkontor.dk\/de\/shop\/krug-im-glas-mit-bambusdeckel\/#breadcrumb"},"inLanguage":"de","potentialAction":[{"@type":"ReadAction","target":["https:\/\/grontkontor.dk\/de\/shop\/krug-im-glas-mit-bambusdeckel\/"]}]},{"@type":"BreadcrumbList","@id":"https:\/\/grontkontor.dk\/de\/shop\/krug-im-glas-mit-bambusdeckel\/#breadcrumb","itemListElement":[{"@type":"ListItem","position":1,"name":"Forside","item":"https:\/\/grontkontor.dk\/de\/"},{"@type":"ListItem","position":2,"name":"Laden","item":"https:\/\/grontkontor.dk\/de\/laden\/"},{"@type":"ListItem","position":3,"name":"Mad og drikke","item":"https:\/\/grontkontor.dk\/produkt-kategori\/mad-og-drikke\/"},{"@type":"ListItem","position":4,"name":"Krus, kopper mm.","item":"https:\/\/grontkontor.dk\/produkt-kategori\/mad-og-drikke\/to-go-krus-og-kopper\/"},{"@type":"ListItem","position":5,"name":"Krug im Glas mit Bambusdeckel"}]},{"@type":"WebSite","@id":"https:\/\/grontkontor.dk\/#website","url":"https:\/\/grontkontor.dk\/","name":"Gr\u00f8nt Kontor","description":"Milj\u00f8venlige produkter til kontor og erhverv med fokus p\u00e5 b\u00e6redygtighed, design og fair trade.","publisher":{"@id":"https:\/\/grontkontor.dk\/#organization"},"potentialAction":[{"@type":"SearchAction","target":{"@type":"EntryPoint","urlTemplate":"https:\/\/grontkontor.dk\/?s={search_term_string}"},"query-input":"required name=search_term_string"}],"inLanguage":"de"},{"@type":"Organization","@id":"https:\/\/grontkontor.dk\/#organization","name":"Gr\u00f8nt Kontor","url":"https:\/\/grontkontor.dk\/","logo":{"@type":"ImageObject","inLanguage":"de","@id":"https:\/\/grontkontor.dk\/#\/schema\/logo\/image\/","url":"https:\/\/grontkontor.dk\/wp-content\/uploads\/2014\/02\/Logo_groent_kontor_300x80.png","contentUrl":"https:\/\/grontkontor.dk\/wp-content\/uploads\/2014\/02\/Logo_groent_kontor_300x80.png","width":300,"height":80,"caption":"Gr\u00f8nt Kontor"},"image":{"@id":"https:\/\/grontkontor.dk\/#\/schema\/logo\/image\/"},"sameAs":["https:\/\/www.facebook.com\/grontkontor.dk\/"]}]}},"_links":{"self":[{"href":"https:\/\/grontkontor.dk\/de\/wp-json\/wp\/v2\/product\/85713"}],"collection":[{"href":"https:\/\/grontkontor.dk\/de\/wp-json\/wp\/v2\/product"}],"about":[{"href":"https:\/\/grontkontor.dk\/de\/wp-json\/wp\/v2\/types\/product"}],"replies":[{"embeddable":true,"href":"https:\/\/grontkontor.dk\/de\/wp-json\/wp\/v2\/comments?post=85713"}],"wp:featuredmedia":[{"embeddable":true,"href":"https:\/\/grontkontor.dk\/de\/wp-json\/wp\/v2\/media\/82579"}],"wp:attachment":[{"href":"https:\/\/grontkontor.dk\/de\/wp-json\/wp\/v2\/media?parent=85713"}],"wp:term":[{"taxonomy":"product_cat","embeddable":true,"href":"https:\/\/grontkontor.dk\/de\/wp-json\/wp\/v2\/product_cat?post=85713"},{"taxonomy":"product_tag","embeddable":true,"href":"https:\/\/grontkontor.dk\/de\/wp-json\/wp\/v2\/product_tag?post=85713"}],"curies":[{"name":"wp","href":"https:\/\/api.w.org\/{rel}","templated":true}]}}