{"id":87990,"date":"2023-09-22T13:51:22","date_gmt":"2024-05-28T10:21:39","guid":{"rendered":"https:\/\/grontkontor.dk\/shop\/nachhaltige-holzfreie-aktentasche-3\/"},"modified":"2024-05-28T12:21:39","modified_gmt":"2024-05-28T10:21:39","slug":"nachhaltige-holzfreie-aktentasche-3","status":"publish","type":"product","link":"https:\/\/grontkontor.dk\/de\/shop\/nachhaltige-holzfreie-aktentasche-3\/","title":{"rendered":"Klimafreundliche, baumfreie Aktentasche"},"content":{"rendered":"<p>Klimafreundliche, baumfreie Aktentasche. Ger\u00e4umig und gut zum Mitnehmen f\u00fcr unterwegs. Ein klima- und umweltfreundliches Produkt, das aus landwirtschaftlichen Reststoffen wie St\u00e4ngeln und Bl\u00e4ttern hergestellt wird, die normalerweise verbrannt werden. Die Umweltbelastung ist deutlich geringer als bei der Herstellung von Aktentaschen aus Holz.<br \/>\nHergestellt in der EU. Lieferung mit oder ohne Druck.<br \/>\n[papir] [tryk]<\/p>\n<p><img loading=\"lazy\" decoding=\"async\" class=\"size-medium wp-image-21008\" src=\"https:\/\/grontkontor.dk\/wp-content\/uploads\/2020\/11\/eu-flag_1-300x199.jpg\" alt=\"Fremstillet i EU\" width=\"76\" height=\"50\" srcset=\"https:\/\/grontkontor.dk\/wp-content\/uploads\/2020\/11\/eu-flag_1-300x199.jpg 300w, https:\/\/grontkontor.dk\/wp-content\/uploads\/2020\/11\/eu-flag_1.jpg 530w\" sizes=\"(max-width: 76px) 100vw, 76px\" \/> <img loading=\"lazy\" decoding=\"async\" src=\"https:\/\/grontkontor.dk\/wp-content\/uploads\/2021\/02\/genbrug.jpg\" alt=\"Fremstillet af genbrugsmaterialer\" width=\"50\" height=\"50\" class=\"size-full wp-image-23031\" srcset=\"https:\/\/grontkontor.dk\/wp-content\/uploads\/2021\/02\/genbrug.jpg 199w, https:\/\/grontkontor.dk\/wp-content\/uploads\/2021\/02\/genbrug-100x100.jpg 100w\" sizes=\"(max-width: 50px) 100vw, 50px\" \/><\/p>\n","protected":false},"excerpt":{"rendered":"<p>Klimafreundliche, baumfreie Aktentasche. Ger\u00e4umig und gut zum Mitnehmen f\u00fcr unterwegs. Ein klima- und umweltfreundliches Produkt, das aus landwirtschaftlichen Reststoffen wie St\u00e4ngeln und Bl\u00e4ttern hergestellt wird, die normalerweise verbrannt werden. Die Umweltbelastung ist deutlich geringer als bei der Herstellung von Aktentaschen aus Holz. Hergestellt in der EU. Lieferung mit oder ohne Druck. [papir] [tryk]<\/p>\n","protected":false},"featured_media":112977,"comment_status":"closed","ping_status":"closed","template":"","meta":{"_acf_changed":false},"product_cat":[4014,3325,3084,3478,3088],"product_tag":[3494,3497,3505],"class_list":{"0":"post-87990","1":"product","2":"type-product","3":"status-publish","4":"has-post-thumbnail","6":"product_cat-dokumentenspeicherung","7":"product_cat-dummy-moq-1-de","8":"product_cat-neuheiten","9":"product_cat-ordner-und-klemmbretter","10":"product_cat-arkivering-de","11":"product_tag-aktentasche","12":"product_tag-ordner","13":"product_tag-praesentationsmappe-de","14":"tm-has-options","16":"first","17":"instock","18":"taxable","19":"shipping-taxable","20":"purchasable","21":"product-type-simple"},"acf":[],"yoast_head":"<!-- This site is optimized with the Yoast SEO Premium plugin v21.2 (Yoast SEO v21.2) - https:\/\/yoast.com\/wordpress\/plugins\/seo\/ -->\n<title>Klimafreundliche, baumfreie Aktentasche - Gr\u00f8nt Kontor<\/title>\n<meta name=\"robots\" content=\"index, follow, max-snippet:-1, max-image-preview:large, max-video-preview:-1\" \/>\n<link rel=\"canonical\" href=\"https:\/\/grontkontor.dk\/de\/shop\/nachhaltige-holzfreie-aktentasche-3\/\" \/>\n<meta property=\"og:locale\" content=\"de_DE\" \/>\n<meta property=\"og:type\" content=\"article\" \/>\n<meta property=\"og:title\" content=\"Klimafreundliche, baumfreie Aktentasche\" \/>\n<meta property=\"og:description\" content=\"Klimafreundliche, baumfreie Aktentasche. Ger\u00e4umig und gut zum Mitnehmen f\u00fcr unterwegs. Ein klima- und umweltfreundliches Produkt, das aus landwirtschaftlichen Reststoffen wie St\u00e4ngeln und Bl\u00e4ttern hergestellt wird, die normalerweise verbrannt werden. Die Umweltbelastung ist deutlich geringer als bei der Herstellung von Aktentaschen aus Holz. Hergestellt in der EU. Lieferung mit oder ohne Druck. [papir] [tryk]\" \/>\n<meta property=\"og:url\" content=\"https:\/\/grontkontor.dk\/de\/shop\/nachhaltige-holzfreie-aktentasche-3\/\" \/>\n<meta property=\"og:site_name\" content=\"Gr\u00f8nt Kontor\" \/>\n<meta property=\"article:publisher\" content=\"https:\/\/www.facebook.com\/grontkontor.dk\/\" \/>\n<meta property=\"og:image\" content=\"https:\/\/grontkontor.dk\/wp-content\/uploads\/2022\/03\/dokumentmappe-hoej-3.jpg\" \/>\n\t<meta property=\"og:image:width\" content=\"900\" \/>\n\t<meta property=\"og:image:height\" content=\"639\" \/>\n\t<meta property=\"og:image:type\" content=\"image\/jpeg\" \/>\n<meta name=\"twitter:card\" content=\"summary_large_image\" \/>\n<script type=\"application\/ld+json\" class=\"yoast-schema-graph\">{\"@context\":\"https:\/\/schema.org\",\"@graph\":[{\"@type\":\"WebPage\",\"@id\":\"https:\/\/grontkontor.dk\/de\/shop\/nachhaltige-holzfreie-aktentasche-3\/\",\"url\":\"https:\/\/grontkontor.dk\/de\/shop\/nachhaltige-holzfreie-aktentasche-3\/\",\"name\":\"Klimafreundliche, baumfreie Aktentasche - Gr\u00f8nt Kontor\",\"isPartOf\":{\"@id\":\"https:\/\/grontkontor.dk\/#website\"},\"datePublished\":\"2024-05-28T10:21:39+00:00\",\"dateModified\":\"2024-05-28T10:21:39+00:00\",\"breadcrumb\":{\"@id\":\"https:\/\/grontkontor.dk\/de\/shop\/nachhaltige-holzfreie-aktentasche-3\/#breadcrumb\"},\"inLanguage\":\"de\",\"potentialAction\":[{\"@type\":\"ReadAction\",\"target\":[\"https:\/\/grontkontor.dk\/de\/shop\/nachhaltige-holzfreie-aktentasche-3\/\"]}]},{\"@type\":\"BreadcrumbList\",\"@id\":\"https:\/\/grontkontor.dk\/de\/shop\/nachhaltige-holzfreie-aktentasche-3\/#breadcrumb\",\"itemListElement\":[{\"@type\":\"ListItem\",\"position\":1,\"name\":\"Forside\",\"item\":\"https:\/\/grontkontor.dk\/de\/\"},{\"@type\":\"ListItem\",\"position\":2,\"name\":\"Laden\",\"item\":\"https:\/\/grontkontor.dk\/de\/laden\/\"},{\"@type\":\"ListItem\",\"position\":3,\"name\":\"Archivierung\",\"item\":\"https:\/\/grontkontor.dk\/de\/produkt-kategori\/arkivering-de\/\"},{\"@type\":\"ListItem\",\"position\":4,\"name\":\"Dokumentenspeicherung\",\"item\":\"https:\/\/grontkontor.dk\/de\/produkt-kategori\/arkivering-de\/dokumentenspeicherung\/\"},{\"@type\":\"ListItem\",\"position\":5,\"name\":\"Klimafreundliche, baumfreie Aktentasche\"}]},{\"@type\":\"WebSite\",\"@id\":\"https:\/\/grontkontor.dk\/#website\",\"url\":\"https:\/\/grontkontor.dk\/\",\"name\":\"Gr\u00f8nt Kontor\",\"description\":\"Milj\u00f8venlige produkter til kontor og erhverv med fokus p\u00e5 b\u00e6redygtighed, design og fair trade.\",\"publisher\":{\"@id\":\"https:\/\/grontkontor.dk\/#organization\"},\"potentialAction\":[{\"@type\":\"SearchAction\",\"target\":{\"@type\":\"EntryPoint\",\"urlTemplate\":\"https:\/\/grontkontor.dk\/?s={search_term_string}\"},\"query-input\":\"required name=search_term_string\"}],\"inLanguage\":\"de\"},{\"@type\":\"Organization\",\"@id\":\"https:\/\/grontkontor.dk\/#organization\",\"name\":\"Gr\u00f8nt Kontor\",\"url\":\"https:\/\/grontkontor.dk\/\",\"logo\":{\"@type\":\"ImageObject\",\"inLanguage\":\"de\",\"@id\":\"https:\/\/grontkontor.dk\/#\/schema\/logo\/image\/\",\"url\":\"https:\/\/grontkontor.dk\/wp-content\/uploads\/2014\/02\/Logo_groent_kontor_300x80.png\",\"contentUrl\":\"https:\/\/grontkontor.dk\/wp-content\/uploads\/2014\/02\/Logo_groent_kontor_300x80.png\",\"width\":300,\"height\":80,\"caption\":\"Gr\u00f8nt Kontor\"},\"image\":{\"@id\":\"https:\/\/grontkontor.dk\/#\/schema\/logo\/image\/\"},\"sameAs\":[\"https:\/\/www.facebook.com\/grontkontor.dk\/\"]}]}<\/script>\n<!-- \/ Yoast SEO Premium plugin. -->","yoast_head_json":{"title":"Klimafreundliche, baumfreie Aktentasche - Gr\u00f8nt Kontor","robots":{"index":"index","follow":"follow","max-snippet":"max-snippet:-1","max-image-preview":"max-image-preview:large","max-video-preview":"max-video-preview:-1"},"canonical":"https:\/\/grontkontor.dk\/de\/shop\/nachhaltige-holzfreie-aktentasche-3\/","og_locale":"de_DE","og_type":"article","og_title":"Klimafreundliche, baumfreie Aktentasche","og_description":"Klimafreundliche, baumfreie Aktentasche. Ger\u00e4umig und gut zum Mitnehmen f\u00fcr unterwegs. Ein klima- und umweltfreundliches Produkt, das aus landwirtschaftlichen Reststoffen wie St\u00e4ngeln und Bl\u00e4ttern hergestellt wird, die normalerweise verbrannt werden. Die Umweltbelastung ist deutlich geringer als bei der Herstellung von Aktentaschen aus Holz. Hergestellt in der EU. Lieferung mit oder ohne Druck. [papir] [tryk]","og_url":"https:\/\/grontkontor.dk\/de\/shop\/nachhaltige-holzfreie-aktentasche-3\/","og_site_name":"Gr\u00f8nt Kontor","article_publisher":"https:\/\/www.facebook.com\/grontkontor.dk\/","og_image":[{"width":900,"height":639,"url":"https:\/\/grontkontor.dk\/wp-content\/uploads\/2022\/03\/dokumentmappe-hoej-3.jpg","type":"image\/jpeg"}],"twitter_card":"summary_large_image","schema":{"@context":"https:\/\/schema.org","@graph":[{"@type":"WebPage","@id":"https:\/\/grontkontor.dk\/de\/shop\/nachhaltige-holzfreie-aktentasche-3\/","url":"https:\/\/grontkontor.dk\/de\/shop\/nachhaltige-holzfreie-aktentasche-3\/","name":"Klimafreundliche, baumfreie Aktentasche - Gr\u00f8nt Kontor","isPartOf":{"@id":"https:\/\/grontkontor.dk\/#website"},"datePublished":"2024-05-28T10:21:39+00:00","dateModified":"2024-05-28T10:21:39+00:00","breadcrumb":{"@id":"https:\/\/grontkontor.dk\/de\/shop\/nachhaltige-holzfreie-aktentasche-3\/#breadcrumb"},"inLanguage":"de","potentialAction":[{"@type":"ReadAction","target":["https:\/\/grontkontor.dk\/de\/shop\/nachhaltige-holzfreie-aktentasche-3\/"]}]},{"@type":"BreadcrumbList","@id":"https:\/\/grontkontor.dk\/de\/shop\/nachhaltige-holzfreie-aktentasche-3\/#breadcrumb","itemListElement":[{"@type":"ListItem","position":1,"name":"Forside","item":"https:\/\/grontkontor.dk\/de\/"},{"@type":"ListItem","position":2,"name":"Laden","item":"https:\/\/grontkontor.dk\/de\/laden\/"},{"@type":"ListItem","position":3,"name":"Archivierung","item":"https:\/\/grontkontor.dk\/de\/produkt-kategori\/arkivering-de\/"},{"@type":"ListItem","position":4,"name":"Dokumentenspeicherung","item":"https:\/\/grontkontor.dk\/de\/produkt-kategori\/arkivering-de\/dokumentenspeicherung\/"},{"@type":"ListItem","position":5,"name":"Klimafreundliche, baumfreie Aktentasche"}]},{"@type":"WebSite","@id":"https:\/\/grontkontor.dk\/#website","url":"https:\/\/grontkontor.dk\/","name":"Gr\u00f8nt Kontor","description":"Milj\u00f8venlige produkter til kontor og erhverv med fokus p\u00e5 b\u00e6redygtighed, design og fair trade.","publisher":{"@id":"https:\/\/grontkontor.dk\/#organization"},"potentialAction":[{"@type":"SearchAction","target":{"@type":"EntryPoint","urlTemplate":"https:\/\/grontkontor.dk\/?s={search_term_string}"},"query-input":"required name=search_term_string"}],"inLanguage":"de"},{"@type":"Organization","@id":"https:\/\/grontkontor.dk\/#organization","name":"Gr\u00f8nt Kontor","url":"https:\/\/grontkontor.dk\/","logo":{"@type":"ImageObject","inLanguage":"de","@id":"https:\/\/grontkontor.dk\/#\/schema\/logo\/image\/","url":"https:\/\/grontkontor.dk\/wp-content\/uploads\/2014\/02\/Logo_groent_kontor_300x80.png","contentUrl":"https:\/\/grontkontor.dk\/wp-content\/uploads\/2014\/02\/Logo_groent_kontor_300x80.png","width":300,"height":80,"caption":"Gr\u00f8nt Kontor"},"image":{"@id":"https:\/\/grontkontor.dk\/#\/schema\/logo\/image\/"},"sameAs":["https:\/\/www.facebook.com\/grontkontor.dk\/"]}]}},"_links":{"self":[{"href":"https:\/\/grontkontor.dk\/de\/wp-json\/wp\/v2\/product\/87990"}],"collection":[{"href":"https:\/\/grontkontor.dk\/de\/wp-json\/wp\/v2\/product"}],"about":[{"href":"https:\/\/grontkontor.dk\/de\/wp-json\/wp\/v2\/types\/product"}],"replies":[{"embeddable":true,"href":"https:\/\/grontkontor.dk\/de\/wp-json\/wp\/v2\/comments?post=87990"}],"wp:featuredmedia":[{"embeddable":true,"href":"https:\/\/grontkontor.dk\/de\/wp-json\/wp\/v2\/media\/112977"}],"wp:attachment":[{"href":"https:\/\/grontkontor.dk\/de\/wp-json\/wp\/v2\/media?parent=87990"}],"wp:term":[{"taxonomy":"product_cat","embeddable":true,"href":"https:\/\/grontkontor.dk\/de\/wp-json\/wp\/v2\/product_cat?post=87990"},{"taxonomy":"product_tag","embeddable":true,"href":"https:\/\/grontkontor.dk\/de\/wp-json\/wp\/v2\/product_tag?post=87990"}],"curies":[{"name":"wp","href":"https:\/\/api.w.org\/{rel}","templated":true}]}}