{"id":88353,"date":"2023-09-22T13:48:17","date_gmt":"2024-05-28T10:25:57","guid":{"rendered":"https:\/\/grontkontor.dk\/shop\/umweltfreundlicher-anti-diebstahl-rucksack\/"},"modified":"2024-05-28T12:25:57","modified_gmt":"2024-05-28T10:25:57","slug":"umweltfreundlicher-anti-diebstahl-rucksack","status":"publish","type":"product","link":"https:\/\/grontkontor.dk\/de\/shop\/umweltfreundlicher-anti-diebstahl-rucksack\/","title":{"rendered":"Umweltfreundlicher Anti-Diebstahl-Rucksack ohne Aufdruck"},"content":{"rendered":"<p>Sch\u00fctzen Sie Ihren PC mit diesem leichten und handlichen, umweltfreundlichen Qualit\u00e4tsrucksack f\u00fcr Laptop (bis 15&#8243;) und Tablet (bis 12&#8243;) &#8211; perfekt als Mitarbeitergeschenk. Der Rei\u00dfverschluss ist am K\u00f6rper anliegend, so dass ein Diebstahl bei der Verwendung des Rucksacks nahezu ausgeschlossen ist. Der Rucksack besteht aus rPET und ist mit gepolsterten Schultergurten ausgestattet, um einen guten Komfort zu gew\u00e4hrleisten.<\/p>\n<p>[rpet]<\/p>\n<p>&nbsp;<\/p>\n<p>[recycled]<\/p>\n<p>&nbsp;<\/p>\n<p>&nbsp;<\/p>\n","protected":false},"excerpt":{"rendered":"<p>Sch\u00fctzen Sie Ihren PC mit diesem leichten und handlichen, umweltfreundlichen Qualit\u00e4tsrucksack f\u00fcr Laptop (bis 15&#8243;) und Tablet (bis 12&#8243;) &#8211; perfekt als Mitarbeitergeschenk. Der Rei\u00dfverschluss ist am K\u00f6rper anliegend, so dass ein Diebstahl bei der Verwendung des Rucksacks nahezu ausgeschlossen ist. Der Rucksack besteht aus rPET und ist mit gepolsterten Schultergurten ausgestattet, um einen guten [&hellip;]<\/p>\n","protected":false},"featured_media":88365,"comment_status":"closed","ping_status":"closed","template":"","meta":{"_acf_changed":false},"product_cat":[3325,3321,4056,3084,3512],"product_tag":[4057,3747,3552,3994],"class_list":{"0":"post-88353","1":"product","2":"type-product","3":"status-publish","4":"has-post-thumbnail","6":"product_cat-dummy-moq-1-de","7":"product_cat-klimafreundliche-werbegeschenke","8":"product_cat-laptoptaschen-und-huellen","9":"product_cat-neuheiten","10":"product_cat-taschen-tueten-und-huellen","11":"product_tag-pc-tasche","12":"product_tag-rucksack","13":"product_tag-tasche","14":"product_tag-verschiedene-taschen","15":"tm-has-options","17":"first","18":"instock","19":"sale","20":"taxable","21":"shipping-taxable","22":"purchasable","23":"product-type-variable","24":"has-default-attributes"},"acf":[],"yoast_head":"<!-- This site is optimized with the Yoast SEO Premium plugin v21.2 (Yoast SEO v21.2) - https:\/\/yoast.com\/wordpress\/plugins\/seo\/ -->\n<title>Umweltfreundlicher Anti-Diebstahl-Rucksack ohne Aufdruck - Gr\u00f8nt Kontor<\/title>\n<meta name=\"robots\" content=\"index, follow, max-snippet:-1, max-image-preview:large, max-video-preview:-1\" \/>\n<link rel=\"canonical\" href=\"https:\/\/grontkontor.dk\/de\/shop\/umweltfreundlicher-anti-diebstahl-rucksack\/\" \/>\n<meta property=\"og:locale\" content=\"de_DE\" \/>\n<meta property=\"og:type\" content=\"article\" \/>\n<meta property=\"og:title\" content=\"Umweltfreundlicher Anti-Diebstahl-Rucksack ohne Aufdruck\" \/>\n<meta property=\"og:description\" content=\"Sch\u00fctzen Sie Ihren PC mit diesem leichten und handlichen, umweltfreundlichen Qualit\u00e4tsrucksack f\u00fcr Laptop (bis 15&#8243;) und Tablet (bis 12&#8243;) &#8211; perfekt als Mitarbeitergeschenk. Der Rei\u00dfverschluss ist am K\u00f6rper anliegend, so dass ein Diebstahl bei der Verwendung des Rucksacks nahezu ausgeschlossen ist. Der Rucksack besteht aus rPET und ist mit gepolsterten Schultergurten ausgestattet, um einen guten [&hellip;]\" \/>\n<meta property=\"og:url\" content=\"https:\/\/grontkontor.dk\/de\/shop\/umweltfreundlicher-anti-diebstahl-rucksack\/\" \/>\n<meta property=\"og:site_name\" content=\"Gr\u00f8nt Kontor\" \/>\n<meta property=\"article:publisher\" content=\"https:\/\/www.facebook.com\/grontkontor.dk\/\" \/>\n<meta property=\"og:image\" content=\"https:\/\/grontkontor.dk\/wp-content\/uploads\/2022\/01\/Rygsaek-rPET-til-baerbar-pc-marineblaa.jpg\" \/>\n\t<meta property=\"og:image:width\" content=\"900\" \/>\n\t<meta property=\"og:image:height\" content=\"639\" \/>\n\t<meta property=\"og:image:type\" content=\"image\/jpeg\" \/>\n<meta name=\"twitter:card\" content=\"summary_large_image\" \/>\n<script type=\"application\/ld+json\" class=\"yoast-schema-graph\">{\"@context\":\"https:\/\/schema.org\",\"@graph\":[{\"@type\":\"WebPage\",\"@id\":\"https:\/\/grontkontor.dk\/de\/shop\/umweltfreundlicher-anti-diebstahl-rucksack\/\",\"url\":\"https:\/\/grontkontor.dk\/de\/shop\/umweltfreundlicher-anti-diebstahl-rucksack\/\",\"name\":\"Umweltfreundlicher Anti-Diebstahl-Rucksack ohne Aufdruck - Gr\u00f8nt Kontor\",\"isPartOf\":{\"@id\":\"https:\/\/grontkontor.dk\/#website\"},\"datePublished\":\"2024-05-28T10:25:57+00:00\",\"dateModified\":\"2024-05-28T10:25:57+00:00\",\"breadcrumb\":{\"@id\":\"https:\/\/grontkontor.dk\/de\/shop\/umweltfreundlicher-anti-diebstahl-rucksack\/#breadcrumb\"},\"inLanguage\":\"de\",\"potentialAction\":[{\"@type\":\"ReadAction\",\"target\":[\"https:\/\/grontkontor.dk\/de\/shop\/umweltfreundlicher-anti-diebstahl-rucksack\/\"]}]},{\"@type\":\"BreadcrumbList\",\"@id\":\"https:\/\/grontkontor.dk\/de\/shop\/umweltfreundlicher-anti-diebstahl-rucksack\/#breadcrumb\",\"itemListElement\":[{\"@type\":\"ListItem\",\"position\":1,\"name\":\"Forside\",\"item\":\"https:\/\/grontkontor.dk\/de\/\"},{\"@type\":\"ListItem\",\"position\":2,\"name\":\"Laden\",\"item\":\"https:\/\/grontkontor.dk\/de\/laden\/\"},{\"@type\":\"ListItem\",\"position\":3,\"name\":\"Taschen, Taschen und H\u00fcllen\",\"item\":\"https:\/\/grontkontor.dk\/de\/produkt-kategori\/taschen-tueten-und-huellen\/\"},{\"@type\":\"ListItem\",\"position\":4,\"name\":\"Laptoptaschen und -h\u00fcllen\",\"item\":\"https:\/\/grontkontor.dk\/de\/produkt-kategori\/taschen-tueten-und-huellen\/laptoptaschen-und-huellen\/\"},{\"@type\":\"ListItem\",\"position\":5,\"name\":\"Umweltfreundlicher Anti-Diebstahl-Rucksack ohne Aufdruck\"}]},{\"@type\":\"WebSite\",\"@id\":\"https:\/\/grontkontor.dk\/#website\",\"url\":\"https:\/\/grontkontor.dk\/\",\"name\":\"Gr\u00f8nt Kontor\",\"description\":\"Milj\u00f8venlige produkter til kontor og erhverv med fokus p\u00e5 b\u00e6redygtighed, design og fair trade.\",\"publisher\":{\"@id\":\"https:\/\/grontkontor.dk\/#organization\"},\"potentialAction\":[{\"@type\":\"SearchAction\",\"target\":{\"@type\":\"EntryPoint\",\"urlTemplate\":\"https:\/\/grontkontor.dk\/?s={search_term_string}\"},\"query-input\":\"required name=search_term_string\"}],\"inLanguage\":\"de\"},{\"@type\":\"Organization\",\"@id\":\"https:\/\/grontkontor.dk\/#organization\",\"name\":\"Gr\u00f8nt Kontor\",\"url\":\"https:\/\/grontkontor.dk\/\",\"logo\":{\"@type\":\"ImageObject\",\"inLanguage\":\"de\",\"@id\":\"https:\/\/grontkontor.dk\/#\/schema\/logo\/image\/\",\"url\":\"https:\/\/grontkontor.dk\/wp-content\/uploads\/2014\/02\/Logo_groent_kontor_300x80.png\",\"contentUrl\":\"https:\/\/grontkontor.dk\/wp-content\/uploads\/2014\/02\/Logo_groent_kontor_300x80.png\",\"width\":300,\"height\":80,\"caption\":\"Gr\u00f8nt Kontor\"},\"image\":{\"@id\":\"https:\/\/grontkontor.dk\/#\/schema\/logo\/image\/\"},\"sameAs\":[\"https:\/\/www.facebook.com\/grontkontor.dk\/\"]}]}<\/script>\n<!-- \/ Yoast SEO Premium plugin. -->","yoast_head_json":{"title":"Umweltfreundlicher Anti-Diebstahl-Rucksack ohne Aufdruck - Gr\u00f8nt Kontor","robots":{"index":"index","follow":"follow","max-snippet":"max-snippet:-1","max-image-preview":"max-image-preview:large","max-video-preview":"max-video-preview:-1"},"canonical":"https:\/\/grontkontor.dk\/de\/shop\/umweltfreundlicher-anti-diebstahl-rucksack\/","og_locale":"de_DE","og_type":"article","og_title":"Umweltfreundlicher Anti-Diebstahl-Rucksack ohne Aufdruck","og_description":"Sch\u00fctzen Sie Ihren PC mit diesem leichten und handlichen, umweltfreundlichen Qualit\u00e4tsrucksack f\u00fcr Laptop (bis 15&#8243;) und Tablet (bis 12&#8243;) &#8211; perfekt als Mitarbeitergeschenk. Der Rei\u00dfverschluss ist am K\u00f6rper anliegend, so dass ein Diebstahl bei der Verwendung des Rucksacks nahezu ausgeschlossen ist. Der Rucksack besteht aus rPET und ist mit gepolsterten Schultergurten ausgestattet, um einen guten [&hellip;]","og_url":"https:\/\/grontkontor.dk\/de\/shop\/umweltfreundlicher-anti-diebstahl-rucksack\/","og_site_name":"Gr\u00f8nt Kontor","article_publisher":"https:\/\/www.facebook.com\/grontkontor.dk\/","og_image":[{"width":900,"height":639,"url":"https:\/\/grontkontor.dk\/wp-content\/uploads\/2022\/01\/Rygsaek-rPET-til-baerbar-pc-marineblaa.jpg","type":"image\/jpeg"}],"twitter_card":"summary_large_image","schema":{"@context":"https:\/\/schema.org","@graph":[{"@type":"WebPage","@id":"https:\/\/grontkontor.dk\/de\/shop\/umweltfreundlicher-anti-diebstahl-rucksack\/","url":"https:\/\/grontkontor.dk\/de\/shop\/umweltfreundlicher-anti-diebstahl-rucksack\/","name":"Umweltfreundlicher Anti-Diebstahl-Rucksack ohne Aufdruck - Gr\u00f8nt Kontor","isPartOf":{"@id":"https:\/\/grontkontor.dk\/#website"},"datePublished":"2024-05-28T10:25:57+00:00","dateModified":"2024-05-28T10:25:57+00:00","breadcrumb":{"@id":"https:\/\/grontkontor.dk\/de\/shop\/umweltfreundlicher-anti-diebstahl-rucksack\/#breadcrumb"},"inLanguage":"de","potentialAction":[{"@type":"ReadAction","target":["https:\/\/grontkontor.dk\/de\/shop\/umweltfreundlicher-anti-diebstahl-rucksack\/"]}]},{"@type":"BreadcrumbList","@id":"https:\/\/grontkontor.dk\/de\/shop\/umweltfreundlicher-anti-diebstahl-rucksack\/#breadcrumb","itemListElement":[{"@type":"ListItem","position":1,"name":"Forside","item":"https:\/\/grontkontor.dk\/de\/"},{"@type":"ListItem","position":2,"name":"Laden","item":"https:\/\/grontkontor.dk\/de\/laden\/"},{"@type":"ListItem","position":3,"name":"Taschen, Taschen und H\u00fcllen","item":"https:\/\/grontkontor.dk\/de\/produkt-kategori\/taschen-tueten-und-huellen\/"},{"@type":"ListItem","position":4,"name":"Laptoptaschen und -h\u00fcllen","item":"https:\/\/grontkontor.dk\/de\/produkt-kategori\/taschen-tueten-und-huellen\/laptoptaschen-und-huellen\/"},{"@type":"ListItem","position":5,"name":"Umweltfreundlicher Anti-Diebstahl-Rucksack ohne Aufdruck"}]},{"@type":"WebSite","@id":"https:\/\/grontkontor.dk\/#website","url":"https:\/\/grontkontor.dk\/","name":"Gr\u00f8nt Kontor","description":"Milj\u00f8venlige produkter til kontor og erhverv med fokus p\u00e5 b\u00e6redygtighed, design og fair trade.","publisher":{"@id":"https:\/\/grontkontor.dk\/#organization"},"potentialAction":[{"@type":"SearchAction","target":{"@type":"EntryPoint","urlTemplate":"https:\/\/grontkontor.dk\/?s={search_term_string}"},"query-input":"required name=search_term_string"}],"inLanguage":"de"},{"@type":"Organization","@id":"https:\/\/grontkontor.dk\/#organization","name":"Gr\u00f8nt Kontor","url":"https:\/\/grontkontor.dk\/","logo":{"@type":"ImageObject","inLanguage":"de","@id":"https:\/\/grontkontor.dk\/#\/schema\/logo\/image\/","url":"https:\/\/grontkontor.dk\/wp-content\/uploads\/2014\/02\/Logo_groent_kontor_300x80.png","contentUrl":"https:\/\/grontkontor.dk\/wp-content\/uploads\/2014\/02\/Logo_groent_kontor_300x80.png","width":300,"height":80,"caption":"Gr\u00f8nt Kontor"},"image":{"@id":"https:\/\/grontkontor.dk\/#\/schema\/logo\/image\/"},"sameAs":["https:\/\/www.facebook.com\/grontkontor.dk\/"]}]}},"_links":{"self":[{"href":"https:\/\/grontkontor.dk\/de\/wp-json\/wp\/v2\/product\/88353"}],"collection":[{"href":"https:\/\/grontkontor.dk\/de\/wp-json\/wp\/v2\/product"}],"about":[{"href":"https:\/\/grontkontor.dk\/de\/wp-json\/wp\/v2\/types\/product"}],"replies":[{"embeddable":true,"href":"https:\/\/grontkontor.dk\/de\/wp-json\/wp\/v2\/comments?post=88353"}],"wp:featuredmedia":[{"embeddable":true,"href":"https:\/\/grontkontor.dk\/de\/wp-json\/wp\/v2\/media\/88365"}],"wp:attachment":[{"href":"https:\/\/grontkontor.dk\/de\/wp-json\/wp\/v2\/media?parent=88353"}],"wp:term":[{"taxonomy":"product_cat","embeddable":true,"href":"https:\/\/grontkontor.dk\/de\/wp-json\/wp\/v2\/product_cat?post=88353"},{"taxonomy":"product_tag","embeddable":true,"href":"https:\/\/grontkontor.dk\/de\/wp-json\/wp\/v2\/product_tag?post=88353"}],"curies":[{"name":"wp","href":"https:\/\/api.w.org\/{rel}","templated":true}]}}