{"id":90189,"date":"2023-09-22T13:08:50","date_gmt":"2024-05-29T09:07:34","guid":{"rendered":"https:\/\/grontkontor.dk\/shop\/kreidehaltiger-beschreibbarer-becher-kreide-alt\/"},"modified":"2024-05-29T11:07:34","modified_gmt":"2024-05-29T09:07:34","slug":"kreidehaltiger-beschreibbarer-becher-kreide-alt","status":"publish","type":"product","link":"https:\/\/grontkontor.dk\/de\/shop\/kreidehaltiger-beschreibbarer-becher-kreide-alt\/","title":{"rendered":"&#8220;Chalky&#8221; beschreibbarer Becher mit Kreide"},"content":{"rendered":"<p>Durchdachter und klimafreundlicher Keramikbecher f\u00fcr Hei\u00dfgetr\u00e4nke. Der Becher hat eine Tafelbeschichtung, auf die Sie Ihren Namen oder Ihre Nachricht schreiben k\u00f6nnen.<br \/>\nErh\u00e4ltlich in Schwarz mit blauen, gr\u00fcnen, roten und wei\u00dfen Randfarben. Kreide in der gleichen Farbe wie der Rand ist enthalten. Ein wirklich lustiges und anderes Handout oder Giveaway f\u00fcr Messen und Veranstaltungen.<br \/>\nGeeignet f\u00fcr Geschirrsp\u00fcler und Mikrowelle.<br \/>\nDer Becher ist  [food-c]<br \/>\nBedruckte Tassen werden in Kartons mit 36 St\u00fcck geliefert.<\/p>\n<p>[keramik]<\/p>\n<p>&nbsp;<\/p>\n","protected":false},"excerpt":{"rendered":"<p>Durchdachter und klimafreundlicher Keramikbecher f\u00fcr Hei\u00dfgetr\u00e4nke. Der Becher hat eine Tafelbeschichtung, auf die Sie Ihren Namen oder Ihre Nachricht schreiben k\u00f6nnen. Erh\u00e4ltlich in Schwarz mit blauen, gr\u00fcnen, roten und wei\u00dfen Randfarben. Kreide in der gleichen Farbe wie der Rand ist enthalten. Ein wirklich lustiges und anderes Handout oder Giveaway f\u00fcr Messen und Veranstaltungen. Geeignet f\u00fcr [&hellip;]<\/p>\n","protected":false},"featured_media":111211,"comment_status":"closed","ping_status":"closed","template":"","meta":{"_acf_changed":false},"product_cat":[4489,3465,3517,3339],"product_tag":[3663,3831],"class_list":{"0":"post-90189","1":"product","2":"type-product","3":"status-publish","4":"has-post-thumbnail","6":"product_cat-becher-und-tassen","7":"product_cat-becher-tassen-etc","8":"product_cat-dummy-moq-50-100-de","9":"product_cat-essen-und-trinken","10":"product_tag-becher","11":"product_tag-kaffeetassen","12":"tm-no-options","14":"first","15":"instock","16":"taxable","17":"shipping-taxable","18":"purchasable","19":"product-type-variable","20":"has-default-attributes"},"acf":[],"yoast_head":"<!-- This site is optimized with the Yoast SEO Premium plugin v21.2 (Yoast SEO v21.2) - https:\/\/yoast.com\/wordpress\/plugins\/seo\/ -->\n<title>&quot;Chalky&quot; beschreibbarer Becher mit Kreide - Gr\u00f8nt Kontor<\/title>\n<meta name=\"robots\" content=\"index, follow, max-snippet:-1, max-image-preview:large, max-video-preview:-1\" \/>\n<link rel=\"canonical\" href=\"https:\/\/grontkontor.dk\/de\/shop\/kreidehaltiger-beschreibbarer-becher-kreide-alt\/\" \/>\n<meta property=\"og:locale\" content=\"de_DE\" \/>\n<meta property=\"og:type\" content=\"article\" \/>\n<meta property=\"og:title\" content=\"&quot;Chalky&quot; beschreibbarer Becher mit Kreide\" \/>\n<meta property=\"og:description\" content=\"Durchdachter und klimafreundlicher Keramikbecher f\u00fcr Hei\u00dfgetr\u00e4nke. Der Becher hat eine Tafelbeschichtung, auf die Sie Ihren Namen oder Ihre Nachricht schreiben k\u00f6nnen. Erh\u00e4ltlich in Schwarz mit blauen, gr\u00fcnen, roten und wei\u00dfen Randfarben. Kreide in der gleichen Farbe wie der Rand ist enthalten. Ein wirklich lustiges und anderes Handout oder Giveaway f\u00fcr Messen und Veranstaltungen. Geeignet f\u00fcr [&hellip;]\" \/>\n<meta property=\"og:url\" content=\"https:\/\/grontkontor.dk\/de\/shop\/kreidehaltiger-beschreibbarer-becher-kreide-alt\/\" \/>\n<meta property=\"og:site_name\" content=\"Gr\u00f8nt Kontor\" \/>\n<meta property=\"article:publisher\" content=\"https:\/\/www.facebook.com\/grontkontor.dk\/\" \/>\n<meta name=\"twitter:card\" content=\"summary_large_image\" \/>\n<script type=\"application\/ld+json\" class=\"yoast-schema-graph\">{\"@context\":\"https:\/\/schema.org\",\"@graph\":[{\"@type\":\"WebPage\",\"@id\":\"https:\/\/grontkontor.dk\/de\/shop\/kreidehaltiger-beschreibbarer-becher-kreide-alt\/\",\"url\":\"https:\/\/grontkontor.dk\/de\/shop\/kreidehaltiger-beschreibbarer-becher-kreide-alt\/\",\"name\":\"\\\"Chalky\\\" beschreibbarer Becher mit Kreide - Gr\u00f8nt Kontor\",\"isPartOf\":{\"@id\":\"https:\/\/grontkontor.dk\/#website\"},\"datePublished\":\"2024-05-29T09:07:34+00:00\",\"dateModified\":\"2024-05-29T09:07:34+00:00\",\"breadcrumb\":{\"@id\":\"https:\/\/grontkontor.dk\/de\/shop\/kreidehaltiger-beschreibbarer-becher-kreide-alt\/#breadcrumb\"},\"inLanguage\":\"de\",\"potentialAction\":[{\"@type\":\"ReadAction\",\"target\":[\"https:\/\/grontkontor.dk\/de\/shop\/kreidehaltiger-beschreibbarer-becher-kreide-alt\/\"]}]},{\"@type\":\"BreadcrumbList\",\"@id\":\"https:\/\/grontkontor.dk\/de\/shop\/kreidehaltiger-beschreibbarer-becher-kreide-alt\/#breadcrumb\",\"itemListElement\":[{\"@type\":\"ListItem\",\"position\":1,\"name\":\"Forside\",\"item\":\"https:\/\/grontkontor.dk\/de\/\"},{\"@type\":\"ListItem\",\"position\":2,\"name\":\"Laden\",\"item\":\"https:\/\/grontkontor.dk\/de\/laden\/\"},{\"@type\":\"ListItem\",\"position\":3,\"name\":\"Mad og drikke\",\"item\":\"https:\/\/grontkontor.dk\/produkt-kategori\/mad-og-drikke\/\"},{\"@type\":\"ListItem\",\"position\":4,\"name\":\"Krus, kopper mm.\",\"item\":\"https:\/\/grontkontor.dk\/produkt-kategori\/mad-og-drikke\/to-go-krus-og-kopper\/\"},{\"@type\":\"ListItem\",\"position\":5,\"name\":\"&#8220;Chalky&#8221; beschreibbarer Becher mit Kreide\"}]},{\"@type\":\"WebSite\",\"@id\":\"https:\/\/grontkontor.dk\/#website\",\"url\":\"https:\/\/grontkontor.dk\/\",\"name\":\"Gr\u00f8nt Kontor\",\"description\":\"Milj\u00f8venlige produkter til kontor og erhverv med fokus p\u00e5 b\u00e6redygtighed, design og fair trade.\",\"publisher\":{\"@id\":\"https:\/\/grontkontor.dk\/#organization\"},\"potentialAction\":[{\"@type\":\"SearchAction\",\"target\":{\"@type\":\"EntryPoint\",\"urlTemplate\":\"https:\/\/grontkontor.dk\/?s={search_term_string}\"},\"query-input\":\"required name=search_term_string\"}],\"inLanguage\":\"de\"},{\"@type\":\"Organization\",\"@id\":\"https:\/\/grontkontor.dk\/#organization\",\"name\":\"Gr\u00f8nt Kontor\",\"url\":\"https:\/\/grontkontor.dk\/\",\"logo\":{\"@type\":\"ImageObject\",\"inLanguage\":\"de\",\"@id\":\"https:\/\/grontkontor.dk\/#\/schema\/logo\/image\/\",\"url\":\"https:\/\/grontkontor.dk\/wp-content\/uploads\/2014\/02\/Logo_groent_kontor_300x80.png\",\"contentUrl\":\"https:\/\/grontkontor.dk\/wp-content\/uploads\/2014\/02\/Logo_groent_kontor_300x80.png\",\"width\":300,\"height\":80,\"caption\":\"Gr\u00f8nt Kontor\"},\"image\":{\"@id\":\"https:\/\/grontkontor.dk\/#\/schema\/logo\/image\/\"},\"sameAs\":[\"https:\/\/www.facebook.com\/grontkontor.dk\/\"]}]}<\/script>\n<!-- \/ Yoast SEO Premium plugin. -->","yoast_head_json":{"title":"\"Chalky\" beschreibbarer Becher mit Kreide - Gr\u00f8nt Kontor","robots":{"index":"index","follow":"follow","max-snippet":"max-snippet:-1","max-image-preview":"max-image-preview:large","max-video-preview":"max-video-preview:-1"},"canonical":"https:\/\/grontkontor.dk\/de\/shop\/kreidehaltiger-beschreibbarer-becher-kreide-alt\/","og_locale":"de_DE","og_type":"article","og_title":"\"Chalky\" beschreibbarer Becher mit Kreide","og_description":"Durchdachter und klimafreundlicher Keramikbecher f\u00fcr Hei\u00dfgetr\u00e4nke. Der Becher hat eine Tafelbeschichtung, auf die Sie Ihren Namen oder Ihre Nachricht schreiben k\u00f6nnen. Erh\u00e4ltlich in Schwarz mit blauen, gr\u00fcnen, roten und wei\u00dfen Randfarben. Kreide in der gleichen Farbe wie der Rand ist enthalten. Ein wirklich lustiges und anderes Handout oder Giveaway f\u00fcr Messen und Veranstaltungen. Geeignet f\u00fcr [&hellip;]","og_url":"https:\/\/grontkontor.dk\/de\/shop\/kreidehaltiger-beschreibbarer-becher-kreide-alt\/","og_site_name":"Gr\u00f8nt Kontor","article_publisher":"https:\/\/www.facebook.com\/grontkontor.dk\/","twitter_card":"summary_large_image","schema":{"@context":"https:\/\/schema.org","@graph":[{"@type":"WebPage","@id":"https:\/\/grontkontor.dk\/de\/shop\/kreidehaltiger-beschreibbarer-becher-kreide-alt\/","url":"https:\/\/grontkontor.dk\/de\/shop\/kreidehaltiger-beschreibbarer-becher-kreide-alt\/","name":"\"Chalky\" beschreibbarer Becher mit Kreide - Gr\u00f8nt Kontor","isPartOf":{"@id":"https:\/\/grontkontor.dk\/#website"},"datePublished":"2024-05-29T09:07:34+00:00","dateModified":"2024-05-29T09:07:34+00:00","breadcrumb":{"@id":"https:\/\/grontkontor.dk\/de\/shop\/kreidehaltiger-beschreibbarer-becher-kreide-alt\/#breadcrumb"},"inLanguage":"de","potentialAction":[{"@type":"ReadAction","target":["https:\/\/grontkontor.dk\/de\/shop\/kreidehaltiger-beschreibbarer-becher-kreide-alt\/"]}]},{"@type":"BreadcrumbList","@id":"https:\/\/grontkontor.dk\/de\/shop\/kreidehaltiger-beschreibbarer-becher-kreide-alt\/#breadcrumb","itemListElement":[{"@type":"ListItem","position":1,"name":"Forside","item":"https:\/\/grontkontor.dk\/de\/"},{"@type":"ListItem","position":2,"name":"Laden","item":"https:\/\/grontkontor.dk\/de\/laden\/"},{"@type":"ListItem","position":3,"name":"Mad og drikke","item":"https:\/\/grontkontor.dk\/produkt-kategori\/mad-og-drikke\/"},{"@type":"ListItem","position":4,"name":"Krus, kopper mm.","item":"https:\/\/grontkontor.dk\/produkt-kategori\/mad-og-drikke\/to-go-krus-og-kopper\/"},{"@type":"ListItem","position":5,"name":"&#8220;Chalky&#8221; beschreibbarer Becher mit Kreide"}]},{"@type":"WebSite","@id":"https:\/\/grontkontor.dk\/#website","url":"https:\/\/grontkontor.dk\/","name":"Gr\u00f8nt Kontor","description":"Milj\u00f8venlige produkter til kontor og erhverv med fokus p\u00e5 b\u00e6redygtighed, design og fair trade.","publisher":{"@id":"https:\/\/grontkontor.dk\/#organization"},"potentialAction":[{"@type":"SearchAction","target":{"@type":"EntryPoint","urlTemplate":"https:\/\/grontkontor.dk\/?s={search_term_string}"},"query-input":"required name=search_term_string"}],"inLanguage":"de"},{"@type":"Organization","@id":"https:\/\/grontkontor.dk\/#organization","name":"Gr\u00f8nt Kontor","url":"https:\/\/grontkontor.dk\/","logo":{"@type":"ImageObject","inLanguage":"de","@id":"https:\/\/grontkontor.dk\/#\/schema\/logo\/image\/","url":"https:\/\/grontkontor.dk\/wp-content\/uploads\/2014\/02\/Logo_groent_kontor_300x80.png","contentUrl":"https:\/\/grontkontor.dk\/wp-content\/uploads\/2014\/02\/Logo_groent_kontor_300x80.png","width":300,"height":80,"caption":"Gr\u00f8nt Kontor"},"image":{"@id":"https:\/\/grontkontor.dk\/#\/schema\/logo\/image\/"},"sameAs":["https:\/\/www.facebook.com\/grontkontor.dk\/"]}]}},"_links":{"self":[{"href":"https:\/\/grontkontor.dk\/de\/wp-json\/wp\/v2\/product\/90189"}],"collection":[{"href":"https:\/\/grontkontor.dk\/de\/wp-json\/wp\/v2\/product"}],"about":[{"href":"https:\/\/grontkontor.dk\/de\/wp-json\/wp\/v2\/types\/product"}],"replies":[{"embeddable":true,"href":"https:\/\/grontkontor.dk\/de\/wp-json\/wp\/v2\/comments?post=90189"}],"wp:featuredmedia":[{"embeddable":true,"href":"https:\/\/grontkontor.dk\/de\/wp-json\/wp\/v2\/media\/111211"}],"wp:attachment":[{"href":"https:\/\/grontkontor.dk\/de\/wp-json\/wp\/v2\/media?parent=90189"}],"wp:term":[{"taxonomy":"product_cat","embeddable":true,"href":"https:\/\/grontkontor.dk\/de\/wp-json\/wp\/v2\/product_cat?post=90189"},{"taxonomy":"product_tag","embeddable":true,"href":"https:\/\/grontkontor.dk\/de\/wp-json\/wp\/v2\/product_tag?post=90189"}],"curies":[{"name":"wp","href":"https:\/\/api.w.org\/{rel}","templated":true}]}}