{"id":90292,"date":"2023-09-22T13:06:37","date_gmt":"2024-05-29T09:08:30","guid":{"rendered":"https:\/\/grontkontor.dk\/shop\/keramik-becher-schwarz-optional-farbe\/"},"modified":"2024-05-29T11:08:30","modified_gmt":"2024-05-29T09:08:30","slug":"keramik-becher-schwarz-optional-farbe","status":"publish","type":"product","link":"https:\/\/grontkontor.dk\/de\/shop\/keramik-becher-schwarz-optional-farbe\/","title":{"rendered":"Keramikbecher in Schwarz und optionaler Farbe"},"content":{"rendered":"<p>Sch\u00f6ner und preisg\u00fcnstiger Becher aus schwarzer Keramik mit Henkel und in jeder Farbe im Inneren. Erh\u00e4ltlich in den Farben Gr\u00fcn, Rot, Orange, Gelb und Pink.<br \/>\nEin langlebiger und umweltfreundlicher Becher f\u00fcr hei\u00dfe und kalte Getr\u00e4nke, geeignet f\u00fcr Messen und Veranstaltungen. Sp\u00fclmaschinen- und mikrowellengeeignet.<br \/>\nDer Becher ist  [food-c]<br \/>\nGr\u00f6\u00dfe: 350 ml.<\/p>\n<p>[keramik]<\/p>\n<p>&nbsp;<\/p>\n","protected":false},"excerpt":{"rendered":"<p>Sch\u00f6ner und preisg\u00fcnstiger Becher aus schwarzer Keramik mit Henkel und in jeder Farbe im Inneren. Erh\u00e4ltlich in den Farben Gr\u00fcn, Rot, Orange, Gelb und Pink. Ein langlebiger und umweltfreundlicher Becher f\u00fcr hei\u00dfe und kalte Getr\u00e4nke, geeignet f\u00fcr Messen und Veranstaltungen. Sp\u00fclmaschinen- und mikrowellengeeignet. Der Becher ist [food-c] Gr\u00f6\u00dfe: 350 ml. [keramik] &nbsp;<\/p>\n","protected":false},"featured_media":111098,"comment_status":"closed","ping_status":"closed","template":"","meta":{"_acf_changed":false},"product_cat":[4489,3465,3517,3339],"product_tag":[3663,3831],"class_list":{"0":"post-90292","1":"product","2":"type-product","3":"status-publish","4":"has-post-thumbnail","6":"product_cat-becher-und-tassen","7":"product_cat-becher-tassen-etc","8":"product_cat-dummy-moq-50-100-de","9":"product_cat-essen-und-trinken","10":"product_tag-becher","11":"product_tag-kaffeetassen","12":"tm-no-options","14":"first","15":"onbackorder","16":"taxable","17":"shipping-taxable","18":"purchasable","19":"product-type-variable","20":"has-default-attributes"},"acf":[],"yoast_head":"<!-- This site is optimized with the Yoast SEO Premium plugin v21.2 (Yoast SEO v21.2) - https:\/\/yoast.com\/wordpress\/plugins\/seo\/ -->\n<title>Keramikbecher in Schwarz und optionaler Farbe - Gr\u00f8nt Kontor<\/title>\n<meta name=\"robots\" content=\"index, follow, max-snippet:-1, max-image-preview:large, max-video-preview:-1\" \/>\n<link rel=\"canonical\" href=\"https:\/\/grontkontor.dk\/de\/shop\/keramik-becher-schwarz-optional-farbe\/\" \/>\n<meta property=\"og:locale\" content=\"de_DE\" \/>\n<meta property=\"og:type\" content=\"article\" \/>\n<meta property=\"og:title\" content=\"Keramikbecher in Schwarz und optionaler Farbe\" \/>\n<meta property=\"og:description\" content=\"Sch\u00f6ner und preisg\u00fcnstiger Becher aus schwarzer Keramik mit Henkel und in jeder Farbe im Inneren. Erh\u00e4ltlich in den Farben Gr\u00fcn, Rot, Orange, Gelb und Pink. Ein langlebiger und umweltfreundlicher Becher f\u00fcr hei\u00dfe und kalte Getr\u00e4nke, geeignet f\u00fcr Messen und Veranstaltungen. Sp\u00fclmaschinen- und mikrowellengeeignet. Der Becher ist [food-c] Gr\u00f6\u00dfe: 350 ml. [keramik] &nbsp;\" \/>\n<meta property=\"og:url\" content=\"https:\/\/grontkontor.dk\/de\/shop\/keramik-becher-schwarz-optional-farbe\/\" \/>\n<meta property=\"og:site_name\" content=\"Gr\u00f8nt Kontor\" \/>\n<meta property=\"article:publisher\" content=\"https:\/\/www.facebook.com\/grontkontor.dk\/\" \/>\n<meta name=\"twitter:card\" content=\"summary_large_image\" \/>\n<script type=\"application\/ld+json\" class=\"yoast-schema-graph\">{\"@context\":\"https:\/\/schema.org\",\"@graph\":[{\"@type\":\"WebPage\",\"@id\":\"https:\/\/grontkontor.dk\/de\/shop\/keramik-becher-schwarz-optional-farbe\/\",\"url\":\"https:\/\/grontkontor.dk\/de\/shop\/keramik-becher-schwarz-optional-farbe\/\",\"name\":\"Keramikbecher in Schwarz und optionaler Farbe - Gr\u00f8nt Kontor\",\"isPartOf\":{\"@id\":\"https:\/\/grontkontor.dk\/#website\"},\"datePublished\":\"2024-05-29T09:08:30+00:00\",\"dateModified\":\"2024-05-29T09:08:30+00:00\",\"breadcrumb\":{\"@id\":\"https:\/\/grontkontor.dk\/de\/shop\/keramik-becher-schwarz-optional-farbe\/#breadcrumb\"},\"inLanguage\":\"de\",\"potentialAction\":[{\"@type\":\"ReadAction\",\"target\":[\"https:\/\/grontkontor.dk\/de\/shop\/keramik-becher-schwarz-optional-farbe\/\"]}]},{\"@type\":\"BreadcrumbList\",\"@id\":\"https:\/\/grontkontor.dk\/de\/shop\/keramik-becher-schwarz-optional-farbe\/#breadcrumb\",\"itemListElement\":[{\"@type\":\"ListItem\",\"position\":1,\"name\":\"Forside\",\"item\":\"https:\/\/grontkontor.dk\/de\/\"},{\"@type\":\"ListItem\",\"position\":2,\"name\":\"Laden\",\"item\":\"https:\/\/grontkontor.dk\/de\/laden\/\"},{\"@type\":\"ListItem\",\"position\":3,\"name\":\"Essen und Trinken\",\"item\":\"https:\/\/grontkontor.dk\/de\/produkt-kategori\/essen-und-trinken\/\"},{\"@type\":\"ListItem\",\"position\":4,\"name\":\"Becher, Tassen etc.\",\"item\":\"https:\/\/grontkontor.dk\/de\/produkt-kategori\/essen-und-trinken\/becher-tassen-etc\/\"},{\"@type\":\"ListItem\",\"position\":5,\"name\":\"Keramikbecher in Schwarz und optionaler Farbe\"}]},{\"@type\":\"WebSite\",\"@id\":\"https:\/\/grontkontor.dk\/#website\",\"url\":\"https:\/\/grontkontor.dk\/\",\"name\":\"Gr\u00f8nt Kontor\",\"description\":\"Milj\u00f8venlige produkter til kontor og erhverv med fokus p\u00e5 b\u00e6redygtighed, design og fair trade.\",\"publisher\":{\"@id\":\"https:\/\/grontkontor.dk\/#organization\"},\"potentialAction\":[{\"@type\":\"SearchAction\",\"target\":{\"@type\":\"EntryPoint\",\"urlTemplate\":\"https:\/\/grontkontor.dk\/?s={search_term_string}\"},\"query-input\":\"required name=search_term_string\"}],\"inLanguage\":\"de\"},{\"@type\":\"Organization\",\"@id\":\"https:\/\/grontkontor.dk\/#organization\",\"name\":\"Gr\u00f8nt Kontor\",\"url\":\"https:\/\/grontkontor.dk\/\",\"logo\":{\"@type\":\"ImageObject\",\"inLanguage\":\"de\",\"@id\":\"https:\/\/grontkontor.dk\/#\/schema\/logo\/image\/\",\"url\":\"https:\/\/grontkontor.dk\/wp-content\/uploads\/2014\/02\/Logo_groent_kontor_300x80.png\",\"contentUrl\":\"https:\/\/grontkontor.dk\/wp-content\/uploads\/2014\/02\/Logo_groent_kontor_300x80.png\",\"width\":300,\"height\":80,\"caption\":\"Gr\u00f8nt Kontor\"},\"image\":{\"@id\":\"https:\/\/grontkontor.dk\/#\/schema\/logo\/image\/\"},\"sameAs\":[\"https:\/\/www.facebook.com\/grontkontor.dk\/\"]}]}<\/script>\n<!-- \/ Yoast SEO Premium plugin. -->","yoast_head_json":{"title":"Keramikbecher in Schwarz und optionaler Farbe - Gr\u00f8nt Kontor","robots":{"index":"index","follow":"follow","max-snippet":"max-snippet:-1","max-image-preview":"max-image-preview:large","max-video-preview":"max-video-preview:-1"},"canonical":"https:\/\/grontkontor.dk\/de\/shop\/keramik-becher-schwarz-optional-farbe\/","og_locale":"de_DE","og_type":"article","og_title":"Keramikbecher in Schwarz und optionaler Farbe","og_description":"Sch\u00f6ner und preisg\u00fcnstiger Becher aus schwarzer Keramik mit Henkel und in jeder Farbe im Inneren. Erh\u00e4ltlich in den Farben Gr\u00fcn, Rot, Orange, Gelb und Pink. Ein langlebiger und umweltfreundlicher Becher f\u00fcr hei\u00dfe und kalte Getr\u00e4nke, geeignet f\u00fcr Messen und Veranstaltungen. Sp\u00fclmaschinen- und mikrowellengeeignet. Der Becher ist [food-c] Gr\u00f6\u00dfe: 350 ml. [keramik] &nbsp;","og_url":"https:\/\/grontkontor.dk\/de\/shop\/keramik-becher-schwarz-optional-farbe\/","og_site_name":"Gr\u00f8nt Kontor","article_publisher":"https:\/\/www.facebook.com\/grontkontor.dk\/","twitter_card":"summary_large_image","schema":{"@context":"https:\/\/schema.org","@graph":[{"@type":"WebPage","@id":"https:\/\/grontkontor.dk\/de\/shop\/keramik-becher-schwarz-optional-farbe\/","url":"https:\/\/grontkontor.dk\/de\/shop\/keramik-becher-schwarz-optional-farbe\/","name":"Keramikbecher in Schwarz und optionaler Farbe - Gr\u00f8nt Kontor","isPartOf":{"@id":"https:\/\/grontkontor.dk\/#website"},"datePublished":"2024-05-29T09:08:30+00:00","dateModified":"2024-05-29T09:08:30+00:00","breadcrumb":{"@id":"https:\/\/grontkontor.dk\/de\/shop\/keramik-becher-schwarz-optional-farbe\/#breadcrumb"},"inLanguage":"de","potentialAction":[{"@type":"ReadAction","target":["https:\/\/grontkontor.dk\/de\/shop\/keramik-becher-schwarz-optional-farbe\/"]}]},{"@type":"BreadcrumbList","@id":"https:\/\/grontkontor.dk\/de\/shop\/keramik-becher-schwarz-optional-farbe\/#breadcrumb","itemListElement":[{"@type":"ListItem","position":1,"name":"Forside","item":"https:\/\/grontkontor.dk\/de\/"},{"@type":"ListItem","position":2,"name":"Laden","item":"https:\/\/grontkontor.dk\/de\/laden\/"},{"@type":"ListItem","position":3,"name":"Essen und Trinken","item":"https:\/\/grontkontor.dk\/de\/produkt-kategori\/essen-und-trinken\/"},{"@type":"ListItem","position":4,"name":"Becher, Tassen etc.","item":"https:\/\/grontkontor.dk\/de\/produkt-kategori\/essen-und-trinken\/becher-tassen-etc\/"},{"@type":"ListItem","position":5,"name":"Keramikbecher in Schwarz und optionaler Farbe"}]},{"@type":"WebSite","@id":"https:\/\/grontkontor.dk\/#website","url":"https:\/\/grontkontor.dk\/","name":"Gr\u00f8nt Kontor","description":"Milj\u00f8venlige produkter til kontor og erhverv med fokus p\u00e5 b\u00e6redygtighed, design og fair trade.","publisher":{"@id":"https:\/\/grontkontor.dk\/#organization"},"potentialAction":[{"@type":"SearchAction","target":{"@type":"EntryPoint","urlTemplate":"https:\/\/grontkontor.dk\/?s={search_term_string}"},"query-input":"required name=search_term_string"}],"inLanguage":"de"},{"@type":"Organization","@id":"https:\/\/grontkontor.dk\/#organization","name":"Gr\u00f8nt Kontor","url":"https:\/\/grontkontor.dk\/","logo":{"@type":"ImageObject","inLanguage":"de","@id":"https:\/\/grontkontor.dk\/#\/schema\/logo\/image\/","url":"https:\/\/grontkontor.dk\/wp-content\/uploads\/2014\/02\/Logo_groent_kontor_300x80.png","contentUrl":"https:\/\/grontkontor.dk\/wp-content\/uploads\/2014\/02\/Logo_groent_kontor_300x80.png","width":300,"height":80,"caption":"Gr\u00f8nt Kontor"},"image":{"@id":"https:\/\/grontkontor.dk\/#\/schema\/logo\/image\/"},"sameAs":["https:\/\/www.facebook.com\/grontkontor.dk\/"]}]}},"_links":{"self":[{"href":"https:\/\/grontkontor.dk\/de\/wp-json\/wp\/v2\/product\/90292"}],"collection":[{"href":"https:\/\/grontkontor.dk\/de\/wp-json\/wp\/v2\/product"}],"about":[{"href":"https:\/\/grontkontor.dk\/de\/wp-json\/wp\/v2\/types\/product"}],"replies":[{"embeddable":true,"href":"https:\/\/grontkontor.dk\/de\/wp-json\/wp\/v2\/comments?post=90292"}],"wp:featuredmedia":[{"embeddable":true,"href":"https:\/\/grontkontor.dk\/de\/wp-json\/wp\/v2\/media\/111098"}],"wp:attachment":[{"href":"https:\/\/grontkontor.dk\/de\/wp-json\/wp\/v2\/media?parent=90292"}],"wp:term":[{"taxonomy":"product_cat","embeddable":true,"href":"https:\/\/grontkontor.dk\/de\/wp-json\/wp\/v2\/product_cat?post=90292"},{"taxonomy":"product_tag","embeddable":true,"href":"https:\/\/grontkontor.dk\/de\/wp-json\/wp\/v2\/product_tag?post=90292"}],"curies":[{"name":"wp","href":"https:\/\/api.w.org\/{rel}","templated":true}]}}