{"id":90164,"date":"2023-09-22T13:10:03","date_gmt":"2024-05-29T09:07:32","guid":{"rendered":"https:\/\/grontkontor.dk\/shop\/termos-i-staal-500ml\/"},"modified":"2024-06-27T11:22:46","modified_gmt":"2024-06-27T09:22:46","slug":"termos-i-staal-500ml","status":"publish","type":"product","link":"https:\/\/grontkontor.dk\/no\/shop\/termos-i-staal-500ml\/","title":{"rendered":"St\u00e5ltermosflaske 500ml"},"content":{"rendered":"<p>Rustikk og eksklusiv termosflaske i rustfritt st\u00e5l. Lokk i st\u00e5l og klimavennlig bambus med dryppfri silikonring. Et superholdbart og milj\u00f8vennlig produkt perfekt for leirturen eller som en gave til messer og arrangementer.<br \/>\nPasser til oppvaskmaskin, ikke egnet for mikrob\u00f8lgeovn. Termosen er  [food-cs]<br \/>\nSt\u00f8rrelse: 500 ml<\/p>\n<p><a class=\"light\" href=\"https:\/\/grontkontor.dk\/produkt\/termoflaske-staal-500ml\/\"><img loading=\"lazy\" decoding=\"async\" class=\" wp-image-17377\" src=\"https:\/\/grontkontor.dk\/wp-content\/uploads\/2020\/03\/termoflaske-staal-01-300x213.jpg\" alt=\"B\u00e6rekraftig termoskolbe i st\u00e5l og bambus\" width=\"70\" height=\"50\" srcset=\"https:\/\/grontkontor.dk\/wp-content\/uploads\/2020\/03\/termoflaske-staal-01-300x213.jpg 300w, https:\/\/grontkontor.dk\/wp-content\/uploads\/2020\/03\/termoflaske-staal-01-600x426.jpg 600w, https:\/\/grontkontor.dk\/wp-content\/uploads\/2020\/03\/termoflaske-staal-01-768x545.jpg 768w, https:\/\/grontkontor.dk\/wp-content\/uploads\/2020\/03\/termoflaske-staal-01.jpg 800w\" sizes=\"(max-width: 70px) 100vw, 70px\" \/><\/a><\/p>\n<p>F\u00e5s ogs\u00e5 i s\u00f8lv\/st\u00e5l <a class=\"light\" href=\"https:\/\/grontkontor.dk\/produkt\/termoflaske-staal-500ml\/\">her.<\/a><\/p>\n<p>&nbsp;<\/p>\n<p>&nbsp;<\/p>\n<p>&nbsp;<\/p>\n<p>[staal]<\/p>\n<p>&nbsp;<\/p>\n<p>[bambus_s]<\/p>\n<p>&nbsp;<\/p>\n","protected":false},"excerpt":{"rendered":"<p>Rustikk og eksklusiv termosflaske i rustfritt st\u00e5l. Lokk i st\u00e5l og klimavennlig bambus med dryppfri silikonring. Et superholdbart og milj\u00f8vennlig produkt perfekt for leirturen eller som en gave til messer og arrangementer. Passer til oppvaskmaskin, ikke egnet for mikrob\u00f8lgeovn. Termosen er [food-cs] St\u00f8rrelse: 500 ml F\u00e5s ogs\u00e5 i s\u00f8lv\/st\u00e5l her. &nbsp; &nbsp; &nbsp; [staal] &nbsp; [&hellip;]<\/p>\n","protected":false},"featured_media":59207,"comment_status":"closed","ping_status":"closed","template":"","meta":{"_acf_changed":false},"product_cat":[3199,3216,4393,3214],"product_tag":[3297],"class_list":{"0":"post-90164","1":"product","2":"type-product","3":"status-publish","4":"has-post-thumbnail","6":"product_cat-dummy-moq-1-no","7":"product_cat-mat-og-drikke","8":"product_cat-vannflasker-og-termosflasker-no","9":"product_cat-vannflasker-og-termosflasker","10":"product_tag-termosflaske","11":"tm-has-options","13":"first","14":"instock","15":"sale","16":"taxable","17":"shipping-taxable","18":"purchasable","19":"product-type-variable","20":"has-default-attributes"},"acf":[],"yoast_head":"<!-- This site is optimized with the Yoast SEO Premium plugin v21.2 (Yoast SEO v21.2) - https:\/\/yoast.com\/wordpress\/plugins\/seo\/ -->\n<title>St\u00e5ltermosflaske 500ml - Gr\u00f8nt Kontor<\/title>\n<meta name=\"robots\" content=\"index, follow, max-snippet:-1, max-image-preview:large, max-video-preview:-1\" \/>\n<link rel=\"canonical\" href=\"https:\/\/grontkontor.dk\/no\/shop\/termos-i-staal-500ml\/\" \/>\n<meta property=\"og:locale\" content=\"en_US\" \/>\n<meta property=\"og:type\" content=\"article\" \/>\n<meta property=\"og:title\" content=\"St\u00e5ltermosflaske 500ml\" \/>\n<meta property=\"og:description\" content=\"Rustikk og eksklusiv termosflaske i rustfritt st\u00e5l. Lokk i st\u00e5l og klimavennlig bambus med dryppfri silikonring. Et superholdbart og milj\u00f8vennlig produkt perfekt for leirturen eller som en gave til messer og arrangementer. Passer til oppvaskmaskin, ikke egnet for mikrob\u00f8lgeovn. Termosen er [food-cs] St\u00f8rrelse: 500 ml F\u00e5s ogs\u00e5 i s\u00f8lv\/st\u00e5l her. &nbsp; &nbsp; &nbsp; [staal] &nbsp; [&hellip;]\" \/>\n<meta property=\"og:url\" content=\"https:\/\/grontkontor.dk\/no\/shop\/termos-i-staal-500ml\/\" \/>\n<meta property=\"og:site_name\" content=\"Gr\u00f8nt Kontor\" \/>\n<meta property=\"article:publisher\" content=\"https:\/\/www.facebook.com\/grontkontor.dk\/\" \/>\n<meta property=\"article:modified_time\" content=\"2024-06-27T09:22:46+00:00\" \/>\n<meta property=\"og:image\" content=\"https:\/\/grontkontor.dk\/wp-content\/uploads\/2020\/03\/vandflaske-02jpg.jpg\" \/>\n\t<meta property=\"og:image:width\" content=\"1283\" \/>\n\t<meta property=\"og:image:height\" content=\"911\" \/>\n\t<meta property=\"og:image:type\" content=\"image\/jpeg\" \/>\n<meta name=\"twitter:card\" content=\"summary_large_image\" \/>\n<script type=\"application\/ld+json\" class=\"yoast-schema-graph\">{\"@context\":\"https:\/\/schema.org\",\"@graph\":[{\"@type\":\"WebPage\",\"@id\":\"https:\/\/grontkontor.dk\/no\/shop\/termos-i-staal-500ml\/\",\"url\":\"https:\/\/grontkontor.dk\/no\/shop\/termos-i-staal-500ml\/\",\"name\":\"St\u00e5ltermosflaske 500ml - Gr\u00f8nt Kontor\",\"isPartOf\":{\"@id\":\"https:\/\/grontkontor.dk\/#website\"},\"datePublished\":\"2024-05-29T09:07:32+00:00\",\"dateModified\":\"2024-06-27T09:22:46+00:00\",\"breadcrumb\":{\"@id\":\"https:\/\/grontkontor.dk\/no\/shop\/termos-i-staal-500ml\/#breadcrumb\"},\"inLanguage\":\"no-NO\",\"potentialAction\":[{\"@type\":\"ReadAction\",\"target\":[\"https:\/\/grontkontor.dk\/no\/shop\/termos-i-staal-500ml\/\"]}]},{\"@type\":\"BreadcrumbList\",\"@id\":\"https:\/\/grontkontor.dk\/no\/shop\/termos-i-staal-500ml\/#breadcrumb\",\"itemListElement\":[{\"@type\":\"ListItem\",\"position\":1,\"name\":\"Forside\",\"item\":\"https:\/\/grontkontor.dk\/\"},{\"@type\":\"ListItem\",\"position\":2,\"name\":\"Butikk\",\"item\":\"https:\/\/grontkontor.dk\/no\/butikk-2\/\"},{\"@type\":\"ListItem\",\"position\":3,\"name\":\"Mat og drikke\",\"item\":\"https:\/\/grontkontor.dk\/no\/produkt-kategori\/mat-og-drikke\/\"},{\"@type\":\"ListItem\",\"position\":4,\"name\":\"Vannflasker og termosflasker\",\"item\":\"https:\/\/grontkontor.dk\/no\/produkt-kategori\/mat-og-drikke\/vannflasker-og-termosflasker\/\"},{\"@type\":\"ListItem\",\"position\":5,\"name\":\"St\u00e5ltermosflaske 500ml\"}]},{\"@type\":\"WebSite\",\"@id\":\"https:\/\/grontkontor.dk\/#website\",\"url\":\"https:\/\/grontkontor.dk\/\",\"name\":\"Gr\u00f8nt Kontor\",\"description\":\"Milj\u00f8venlige produkter til kontor og erhverv med fokus p\u00e5 b\u00e6redygtighed, design og fair trade.\",\"publisher\":{\"@id\":\"https:\/\/grontkontor.dk\/#organization\"},\"potentialAction\":[{\"@type\":\"SearchAction\",\"target\":{\"@type\":\"EntryPoint\",\"urlTemplate\":\"https:\/\/grontkontor.dk\/?s={search_term_string}\"},\"query-input\":\"required name=search_term_string\"}],\"inLanguage\":\"no-NO\"},{\"@type\":\"Organization\",\"@id\":\"https:\/\/grontkontor.dk\/#organization\",\"name\":\"Gr\u00f8nt Kontor\",\"url\":\"https:\/\/grontkontor.dk\/\",\"logo\":{\"@type\":\"ImageObject\",\"inLanguage\":\"no-NO\",\"@id\":\"https:\/\/grontkontor.dk\/#\/schema\/logo\/image\/\",\"url\":\"https:\/\/grontkontor.dk\/wp-content\/uploads\/2014\/02\/Logo_groent_kontor_300x80.png\",\"contentUrl\":\"https:\/\/grontkontor.dk\/wp-content\/uploads\/2014\/02\/Logo_groent_kontor_300x80.png\",\"width\":300,\"height\":80,\"caption\":\"Gr\u00f8nt Kontor\"},\"image\":{\"@id\":\"https:\/\/grontkontor.dk\/#\/schema\/logo\/image\/\"},\"sameAs\":[\"https:\/\/www.facebook.com\/grontkontor.dk\/\"]}]}<\/script>\n<!-- \/ Yoast SEO Premium plugin. -->","yoast_head_json":{"title":"St\u00e5ltermosflaske 500ml - Gr\u00f8nt Kontor","robots":{"index":"index","follow":"follow","max-snippet":"max-snippet:-1","max-image-preview":"max-image-preview:large","max-video-preview":"max-video-preview:-1"},"canonical":"https:\/\/grontkontor.dk\/no\/shop\/termos-i-staal-500ml\/","og_locale":"en_US","og_type":"article","og_title":"St\u00e5ltermosflaske 500ml","og_description":"Rustikk og eksklusiv termosflaske i rustfritt st\u00e5l. Lokk i st\u00e5l og klimavennlig bambus med dryppfri silikonring. Et superholdbart og milj\u00f8vennlig produkt perfekt for leirturen eller som en gave til messer og arrangementer. Passer til oppvaskmaskin, ikke egnet for mikrob\u00f8lgeovn. Termosen er [food-cs] St\u00f8rrelse: 500 ml F\u00e5s ogs\u00e5 i s\u00f8lv\/st\u00e5l her. &nbsp; &nbsp; &nbsp; [staal] &nbsp; [&hellip;]","og_url":"https:\/\/grontkontor.dk\/no\/shop\/termos-i-staal-500ml\/","og_site_name":"Gr\u00f8nt Kontor","article_publisher":"https:\/\/www.facebook.com\/grontkontor.dk\/","article_modified_time":"2024-06-27T09:22:46+00:00","og_image":[{"width":1283,"height":911,"url":"https:\/\/grontkontor.dk\/wp-content\/uploads\/2020\/03\/vandflaske-02jpg.jpg","type":"image\/jpeg"}],"twitter_card":"summary_large_image","schema":{"@context":"https:\/\/schema.org","@graph":[{"@type":"WebPage","@id":"https:\/\/grontkontor.dk\/no\/shop\/termos-i-staal-500ml\/","url":"https:\/\/grontkontor.dk\/no\/shop\/termos-i-staal-500ml\/","name":"St\u00e5ltermosflaske 500ml - Gr\u00f8nt Kontor","isPartOf":{"@id":"https:\/\/grontkontor.dk\/#website"},"datePublished":"2024-05-29T09:07:32+00:00","dateModified":"2024-06-27T09:22:46+00:00","breadcrumb":{"@id":"https:\/\/grontkontor.dk\/no\/shop\/termos-i-staal-500ml\/#breadcrumb"},"inLanguage":"no-NO","potentialAction":[{"@type":"ReadAction","target":["https:\/\/grontkontor.dk\/no\/shop\/termos-i-staal-500ml\/"]}]},{"@type":"BreadcrumbList","@id":"https:\/\/grontkontor.dk\/no\/shop\/termos-i-staal-500ml\/#breadcrumb","itemListElement":[{"@type":"ListItem","position":1,"name":"Forside","item":"https:\/\/grontkontor.dk\/"},{"@type":"ListItem","position":2,"name":"Butikk","item":"https:\/\/grontkontor.dk\/no\/butikk-2\/"},{"@type":"ListItem","position":3,"name":"Mat og drikke","item":"https:\/\/grontkontor.dk\/no\/produkt-kategori\/mat-og-drikke\/"},{"@type":"ListItem","position":4,"name":"Vannflasker og termosflasker","item":"https:\/\/grontkontor.dk\/no\/produkt-kategori\/mat-og-drikke\/vannflasker-og-termosflasker\/"},{"@type":"ListItem","position":5,"name":"St\u00e5ltermosflaske 500ml"}]},{"@type":"WebSite","@id":"https:\/\/grontkontor.dk\/#website","url":"https:\/\/grontkontor.dk\/","name":"Gr\u00f8nt Kontor","description":"Milj\u00f8venlige produkter til kontor og erhverv med fokus p\u00e5 b\u00e6redygtighed, design og fair trade.","publisher":{"@id":"https:\/\/grontkontor.dk\/#organization"},"potentialAction":[{"@type":"SearchAction","target":{"@type":"EntryPoint","urlTemplate":"https:\/\/grontkontor.dk\/?s={search_term_string}"},"query-input":"required name=search_term_string"}],"inLanguage":"no-NO"},{"@type":"Organization","@id":"https:\/\/grontkontor.dk\/#organization","name":"Gr\u00f8nt Kontor","url":"https:\/\/grontkontor.dk\/","logo":{"@type":"ImageObject","inLanguage":"no-NO","@id":"https:\/\/grontkontor.dk\/#\/schema\/logo\/image\/","url":"https:\/\/grontkontor.dk\/wp-content\/uploads\/2014\/02\/Logo_groent_kontor_300x80.png","contentUrl":"https:\/\/grontkontor.dk\/wp-content\/uploads\/2014\/02\/Logo_groent_kontor_300x80.png","width":300,"height":80,"caption":"Gr\u00f8nt Kontor"},"image":{"@id":"https:\/\/grontkontor.dk\/#\/schema\/logo\/image\/"},"sameAs":["https:\/\/www.facebook.com\/grontkontor.dk\/"]}]}},"_links":{"self":[{"href":"https:\/\/grontkontor.dk\/no\/wp-json\/wp\/v2\/product\/90164"}],"collection":[{"href":"https:\/\/grontkontor.dk\/no\/wp-json\/wp\/v2\/product"}],"about":[{"href":"https:\/\/grontkontor.dk\/no\/wp-json\/wp\/v2\/types\/product"}],"replies":[{"embeddable":true,"href":"https:\/\/grontkontor.dk\/no\/wp-json\/wp\/v2\/comments?post=90164"}],"wp:featuredmedia":[{"embeddable":true,"href":"https:\/\/grontkontor.dk\/no\/wp-json\/wp\/v2\/media\/59207"}],"wp:attachment":[{"href":"https:\/\/grontkontor.dk\/no\/wp-json\/wp\/v2\/media?parent=90164"}],"wp:term":[{"taxonomy":"product_cat","embeddable":true,"href":"https:\/\/grontkontor.dk\/no\/wp-json\/wp\/v2\/product_cat?post=90164"},{"taxonomy":"product_tag","embeddable":true,"href":"https:\/\/grontkontor.dk\/no\/wp-json\/wp\/v2\/product_tag?post=90164"}],"curies":[{"name":"wp","href":"https:\/\/api.w.org\/{rel}","templated":true}]}}