{"id":127553,"date":"2025-08-19T09:26:25","date_gmt":"2025-08-19T07:26:25","guid":{"rendered":"https:\/\/grontkontor.dk\/?post_type=product&#038;p=127553"},"modified":"2025-09-10T09:58:06","modified_gmt":"2025-09-10T07:58:06","slug":"skrivebord-med-skuffer-fsc-asketrae","status":"publish","type":"product","link":"https:\/\/grontkontor.dk\/sv\/shop\/skrivebord-med-skuffer-fsc-asketrae\/","title":{"rendered":"Skrivbord med l\u00e5dor FSC ask"},"content":{"rendered":"<p data-start=\"157\" data-end=\"397\">Klimatsmarta matbord \u00e4r ett stilrent val f\u00f6r dig som vill kombinera modern design och naturmaterial i ditt hem. Bordet \u00e4r tillverkat av FSC-certifierat asktr\u00e4 och askfaner, vilket ger det ett h\u00e5llbart och elegant utseende. <\/p>\n<p data-start=\"399\" data-end=\"678\">Den robusta bordsskivan \u00e4r b\u00e5de slitstark och funktionell, perfekt f\u00f6r vardagsm\u00e5ltider s\u00e5v\u00e4l som mysiga middagar med familj och v\u00e4nner. Med sin l\u00e4tta och eleganta design \u00e4r bordet l\u00e4tt att placera i olika rum och passar in i b\u00e5de moderna och klassiska interi\u00f6rer. <\/p>\nFSC certificeringen s\u00e4krar \u00e5terplantering av skog, beskyddar djur- och v\u00e4xtliv\noch s\u00e4krar goda l\u00f6n- och arbetsf\u00f6rh\u00e5llanden. \n<a href=\"https:\/\/ic.fsc.org\/en\/\" target=\"window\"><img loading=\"lazy\" decoding=\"async\" class=\"size-full wp-image-12735\" src=\"https:\/\/grontkontor.dk\/wp-content\/uploads\/2019\/04\/fsc-certificeret.png\" \n\t\t alt=\"FSC-certificeret\" title=\"FSC-certificeret\" width=\"44\" height=\"51\" border=0\/><\/a>\n","protected":false},"excerpt":{"rendered":"<p>Klimatsmarta matbord \u00e4r ett stilrent val f\u00f6r dig som vill kombinera modern design och naturmaterial i ditt hem. Bordet \u00e4r tillverkat av FSC-certifierat asktr\u00e4 och askfaner, vilket ger det ett h\u00e5llbart och elegant utseende. Den robusta bordsskivan \u00e4r b\u00e5de slitstark och funktionell, perfekt f\u00f6r vardagsm\u00e5ltider s\u00e5v\u00e4l som mysiga middagar med familj och v\u00e4nner. Med sin [&hellip;]<\/p>\n","protected":false},"featured_media":127560,"comment_status":"closed","ping_status":"closed","template":"","meta":{"_acf_changed":false},"product_cat":[2673,2107,2394],"product_tag":[2675,805],"class_list":{"0":"post-127553","1":"product","2":"type-product","3":"status-publish","4":"has-post-thumbnail","6":"product_cat-tabeller","7":"product_cat-dummy-moq-1-sv","8":"product_cat-nyheter","9":"product_tag-bord-sv","10":"product_tag-skrivbord","11":"tm-has-options","13":"first","14":"instock","15":"taxable","16":"shipping-taxable","17":"purchasable","18":"product-type-simple"},"acf":[],"yoast_head":"<!-- This site is optimized with the Yoast SEO Premium plugin v21.2 (Yoast SEO v21.2) - https:\/\/yoast.com\/wordpress\/plugins\/seo\/ -->\n<title>Skrivbord med l\u00e5dor FSC ask - Gr\u00f8nt Kontor<\/title>\n<meta name=\"robots\" content=\"index, follow, max-snippet:-1, max-image-preview:large, max-video-preview:-1\" \/>\n<link rel=\"canonical\" href=\"https:\/\/grontkontor.dk\/sv\/shop\/skrivebord-med-skuffer-fsc-asketrae\/\" \/>\n<meta property=\"og:locale\" content=\"sv_SE\" \/>\n<meta property=\"og:type\" content=\"article\" \/>\n<meta property=\"og:title\" content=\"Skrivbord med l\u00e5dor FSC ask\" \/>\n<meta property=\"og:description\" content=\"Klimatsmarta matbord \u00e4r ett stilrent val f\u00f6r dig som vill kombinera modern design och naturmaterial i ditt hem. Bordet \u00e4r tillverkat av FSC-certifierat asktr\u00e4 och askfaner, vilket ger det ett h\u00e5llbart och elegant utseende. Den robusta bordsskivan \u00e4r b\u00e5de slitstark och funktionell, perfekt f\u00f6r vardagsm\u00e5ltider s\u00e5v\u00e4l som mysiga middagar med familj och v\u00e4nner. Med sin [&hellip;]\" \/>\n<meta property=\"og:url\" content=\"https:\/\/grontkontor.dk\/sv\/shop\/skrivebord-med-skuffer-fsc-asketrae\/\" \/>\n<meta property=\"og:site_name\" content=\"Gr\u00f8nt Kontor\" \/>\n<meta property=\"article:publisher\" content=\"https:\/\/www.facebook.com\/grontkontor.dk\/\" \/>\n<meta property=\"article:modified_time\" content=\"2025-09-10T07:58:06+00:00\" \/>\n<meta property=\"og:image\" content=\"https:\/\/grontkontor.dk\/wp-content\/uploads\/2025\/08\/Klimavenligt-skrivebord-i-asketrae.jpg\" \/>\n\t<meta property=\"og:image:width\" content=\"1765\" \/>\n\t<meta property=\"og:image:height\" content=\"1254\" \/>\n\t<meta property=\"og:image:type\" content=\"image\/jpeg\" \/>\n<meta name=\"twitter:card\" content=\"summary_large_image\" \/>\n<script type=\"application\/ld+json\" class=\"yoast-schema-graph\">{\"@context\":\"https:\/\/schema.org\",\"@graph\":[{\"@type\":\"WebPage\",\"@id\":\"https:\/\/grontkontor.dk\/sv\/shop\/skrivebord-med-skuffer-fsc-asketrae\/\",\"url\":\"https:\/\/grontkontor.dk\/sv\/shop\/skrivebord-med-skuffer-fsc-asketrae\/\",\"name\":\"Skrivbord med l\u00e5dor FSC ask - Gr\u00f8nt Kontor\",\"isPartOf\":{\"@id\":\"https:\/\/grontkontor.dk\/#website\"},\"datePublished\":\"2025-08-19T07:26:25+00:00\",\"dateModified\":\"2025-09-10T07:58:06+00:00\",\"breadcrumb\":{\"@id\":\"https:\/\/grontkontor.dk\/sv\/shop\/skrivebord-med-skuffer-fsc-asketrae\/#breadcrumb\"},\"inLanguage\":\"sv-SE\",\"potentialAction\":[{\"@type\":\"ReadAction\",\"target\":[\"https:\/\/grontkontor.dk\/sv\/shop\/skrivebord-med-skuffer-fsc-asketrae\/\"]}]},{\"@type\":\"BreadcrumbList\",\"@id\":\"https:\/\/grontkontor.dk\/sv\/shop\/skrivebord-med-skuffer-fsc-asketrae\/#breadcrumb\",\"itemListElement\":[{\"@type\":\"ListItem\",\"position\":1,\"name\":\"Forside\",\"item\":\"https:\/\/grontkontor.dk\/\"},{\"@type\":\"ListItem\",\"position\":2,\"name\":\"Shop\",\"item\":\"https:\/\/grontkontor.dk\/sv\/shop\/\"},{\"@type\":\"ListItem\",\"position\":3,\"name\":\"M\u00f8bler og inventar\",\"item\":\"https:\/\/grontkontor.dk\/produkt-kategori\/mobler-og-inventar\/\"},{\"@type\":\"ListItem\",\"position\":4,\"name\":\"Borde\",\"item\":\"https:\/\/grontkontor.dk\/produkt-kategori\/mobler-og-inventar\/borde\/\"},{\"@type\":\"ListItem\",\"position\":5,\"name\":\"Skrivbord med l\u00e5dor FSC ask\"}]},{\"@type\":\"WebSite\",\"@id\":\"https:\/\/grontkontor.dk\/#website\",\"url\":\"https:\/\/grontkontor.dk\/\",\"name\":\"Gr\u00f8nt Kontor\",\"description\":\"Milj\u00f8venlige produkter til kontor og erhverv med fokus p\u00e5 b\u00e6redygtighed, design og fair trade.\",\"publisher\":{\"@id\":\"https:\/\/grontkontor.dk\/#organization\"},\"potentialAction\":[{\"@type\":\"SearchAction\",\"target\":{\"@type\":\"EntryPoint\",\"urlTemplate\":\"https:\/\/grontkontor.dk\/?s={search_term_string}\"},\"query-input\":\"required name=search_term_string\"}],\"inLanguage\":\"sv-SE\"},{\"@type\":\"Organization\",\"@id\":\"https:\/\/grontkontor.dk\/#organization\",\"name\":\"Gr\u00f8nt Kontor\",\"url\":\"https:\/\/grontkontor.dk\/\",\"logo\":{\"@type\":\"ImageObject\",\"inLanguage\":\"sv-SE\",\"@id\":\"https:\/\/grontkontor.dk\/#\/schema\/logo\/image\/\",\"url\":\"https:\/\/grontkontor.dk\/wp-content\/uploads\/2014\/02\/Logo_groent_kontor_300x80.png\",\"contentUrl\":\"https:\/\/grontkontor.dk\/wp-content\/uploads\/2014\/02\/Logo_groent_kontor_300x80.png\",\"width\":300,\"height\":80,\"caption\":\"Gr\u00f8nt Kontor\"},\"image\":{\"@id\":\"https:\/\/grontkontor.dk\/#\/schema\/logo\/image\/\"},\"sameAs\":[\"https:\/\/www.facebook.com\/grontkontor.dk\/\"]}]}<\/script>\n<!-- \/ Yoast SEO Premium plugin. -->","yoast_head_json":{"title":"Skrivbord med l\u00e5dor FSC ask - Gr\u00f8nt Kontor","robots":{"index":"index","follow":"follow","max-snippet":"max-snippet:-1","max-image-preview":"max-image-preview:large","max-video-preview":"max-video-preview:-1"},"canonical":"https:\/\/grontkontor.dk\/sv\/shop\/skrivebord-med-skuffer-fsc-asketrae\/","og_locale":"sv_SE","og_type":"article","og_title":"Skrivbord med l\u00e5dor FSC ask","og_description":"Klimatsmarta matbord \u00e4r ett stilrent val f\u00f6r dig som vill kombinera modern design och naturmaterial i ditt hem. Bordet \u00e4r tillverkat av FSC-certifierat asktr\u00e4 och askfaner, vilket ger det ett h\u00e5llbart och elegant utseende. Den robusta bordsskivan \u00e4r b\u00e5de slitstark och funktionell, perfekt f\u00f6r vardagsm\u00e5ltider s\u00e5v\u00e4l som mysiga middagar med familj och v\u00e4nner. Med sin [&hellip;]","og_url":"https:\/\/grontkontor.dk\/sv\/shop\/skrivebord-med-skuffer-fsc-asketrae\/","og_site_name":"Gr\u00f8nt Kontor","article_publisher":"https:\/\/www.facebook.com\/grontkontor.dk\/","article_modified_time":"2025-09-10T07:58:06+00:00","og_image":[{"width":1765,"height":1254,"url":"https:\/\/grontkontor.dk\/wp-content\/uploads\/2025\/08\/Klimavenligt-skrivebord-i-asketrae.jpg","type":"image\/jpeg"}],"twitter_card":"summary_large_image","schema":{"@context":"https:\/\/schema.org","@graph":[{"@type":"WebPage","@id":"https:\/\/grontkontor.dk\/sv\/shop\/skrivebord-med-skuffer-fsc-asketrae\/","url":"https:\/\/grontkontor.dk\/sv\/shop\/skrivebord-med-skuffer-fsc-asketrae\/","name":"Skrivbord med l\u00e5dor FSC ask - Gr\u00f8nt Kontor","isPartOf":{"@id":"https:\/\/grontkontor.dk\/#website"},"datePublished":"2025-08-19T07:26:25+00:00","dateModified":"2025-09-10T07:58:06+00:00","breadcrumb":{"@id":"https:\/\/grontkontor.dk\/sv\/shop\/skrivebord-med-skuffer-fsc-asketrae\/#breadcrumb"},"inLanguage":"sv-SE","potentialAction":[{"@type":"ReadAction","target":["https:\/\/grontkontor.dk\/sv\/shop\/skrivebord-med-skuffer-fsc-asketrae\/"]}]},{"@type":"BreadcrumbList","@id":"https:\/\/grontkontor.dk\/sv\/shop\/skrivebord-med-skuffer-fsc-asketrae\/#breadcrumb","itemListElement":[{"@type":"ListItem","position":1,"name":"Forside","item":"https:\/\/grontkontor.dk\/"},{"@type":"ListItem","position":2,"name":"Shop","item":"https:\/\/grontkontor.dk\/sv\/shop\/"},{"@type":"ListItem","position":3,"name":"M\u00f8bler og inventar","item":"https:\/\/grontkontor.dk\/produkt-kategori\/mobler-og-inventar\/"},{"@type":"ListItem","position":4,"name":"Borde","item":"https:\/\/grontkontor.dk\/produkt-kategori\/mobler-og-inventar\/borde\/"},{"@type":"ListItem","position":5,"name":"Skrivbord med l\u00e5dor FSC ask"}]},{"@type":"WebSite","@id":"https:\/\/grontkontor.dk\/#website","url":"https:\/\/grontkontor.dk\/","name":"Gr\u00f8nt Kontor","description":"Milj\u00f8venlige produkter til kontor og erhverv med fokus p\u00e5 b\u00e6redygtighed, design og fair trade.","publisher":{"@id":"https:\/\/grontkontor.dk\/#organization"},"potentialAction":[{"@type":"SearchAction","target":{"@type":"EntryPoint","urlTemplate":"https:\/\/grontkontor.dk\/?s={search_term_string}"},"query-input":"required name=search_term_string"}],"inLanguage":"sv-SE"},{"@type":"Organization","@id":"https:\/\/grontkontor.dk\/#organization","name":"Gr\u00f8nt Kontor","url":"https:\/\/grontkontor.dk\/","logo":{"@type":"ImageObject","inLanguage":"sv-SE","@id":"https:\/\/grontkontor.dk\/#\/schema\/logo\/image\/","url":"https:\/\/grontkontor.dk\/wp-content\/uploads\/2014\/02\/Logo_groent_kontor_300x80.png","contentUrl":"https:\/\/grontkontor.dk\/wp-content\/uploads\/2014\/02\/Logo_groent_kontor_300x80.png","width":300,"height":80,"caption":"Gr\u00f8nt Kontor"},"image":{"@id":"https:\/\/grontkontor.dk\/#\/schema\/logo\/image\/"},"sameAs":["https:\/\/www.facebook.com\/grontkontor.dk\/"]}]}},"_links":{"self":[{"href":"https:\/\/grontkontor.dk\/sv\/wp-json\/wp\/v2\/product\/127553"}],"collection":[{"href":"https:\/\/grontkontor.dk\/sv\/wp-json\/wp\/v2\/product"}],"about":[{"href":"https:\/\/grontkontor.dk\/sv\/wp-json\/wp\/v2\/types\/product"}],"replies":[{"embeddable":true,"href":"https:\/\/grontkontor.dk\/sv\/wp-json\/wp\/v2\/comments?post=127553"}],"wp:featuredmedia":[{"embeddable":true,"href":"https:\/\/grontkontor.dk\/sv\/wp-json\/wp\/v2\/media\/127560"}],"wp:attachment":[{"href":"https:\/\/grontkontor.dk\/sv\/wp-json\/wp\/v2\/media?parent=127553"}],"wp:term":[{"taxonomy":"product_cat","embeddable":true,"href":"https:\/\/grontkontor.dk\/sv\/wp-json\/wp\/v2\/product_cat?post=127553"},{"taxonomy":"product_tag","embeddable":true,"href":"https:\/\/grontkontor.dk\/sv\/wp-json\/wp\/v2\/product_tag?post=127553"}],"curies":[{"name":"wp","href":"https:\/\/api.w.org\/{rel}","templated":true}]}}