{"id":128445,"date":"2025-09-11T09:55:00","date_gmt":"2025-09-11T07:55:05","guid":{"rendered":"https:\/\/grontkontor.dk\/?post_type=product&#038;p=128445"},"modified":"2025-09-19T20:22:23","modified_gmt":"2025-09-19T18:22:23","slug":"staal-krus-med-karabinhage","status":"publish","type":"product","link":"https:\/\/grontkontor.dk\/sv\/shop\/staal-krus-med-karabinhage\/","title":{"rendered":"To-go mugg st\u00e5l 220 ml karbinhake"},"content":{"rendered":"<p>F\u00f6rbered dig f\u00f6r ditt n\u00e4sta \u00e4ventyr med v\u00e5r kompakta och h\u00e5llbara st\u00e5lmugg med karbinhake. Designad f\u00f6r den moderna resen\u00e4ren och friluftsentusiasten. Den h\u00e4r muggen \u00e4r den perfekta f\u00f6ljeslagaren n\u00e4r du \u00e4r p\u00e5 spr\u00e5ng. Med en kapacitet p\u00e5 220 ml \u00e4r den idealisk f\u00f6r en varm kopp kaffe en kylig morgon, en uppfriskande drink p\u00e5 vandringen eller f\u00f6r din favoritm\u00e5ltid vid l\u00e4gerelden. Muggens kropp \u00e4r gjord av gl\u00e4nsande rostfritt st\u00e5l, vilket garanterar en l\u00e5ng livsl\u00e4ngd och enkel reng\u00f6ring.    <\/p>\n<p>Vi rekommenderar v\u00e5ra <a href=\"https:\/\/grontkontor.dk\/shop\/miljoevenlig-to-go-krus-i-genanvendt-staal\/\">to-go muggar i \u00e5tervunnet st\u00e5l<\/a> f\u00f6r ett mer h\u00e5llbart alternativ.<\/p>\n<p>Det som verkligen skiljer den h\u00e4r muggen \u00e5t \u00e4r den funktionella karbinhaken, som utg\u00f6r handtaget. Denna smarta detalj g\u00f6r det otroligt enkelt att f\u00e4sta muggen p\u00e5 din ryggs\u00e4ck, b\u00e4lte eller utrustning, s\u00e5 att du alltid har den n\u00e4ra till hands utan att den tar upp plats i din packning. Dess kompakta design g\u00f6r den till ett praktiskt och oumb\u00e4rligt f\u00f6rem\u00e5l f\u00f6r alla som \u00e4lskar att vara utomhus.  <\/p>\n<p>V\u00e5r st\u00e5lmugg med karbinhake finns i ett brett utbud av f\u00e4rger, s\u00e5 att du kan v\u00e4lja den som passar din personliga stil eller ditt varum\u00e4rke b\u00e4st. Varje mugg kommer i en individuell l\u00e5da av kraftkartong, vilket g\u00f6r den till en vacker och f\u00e4rdigf\u00f6rpackad present eller en attraktiv produkt f\u00f6r \u00e5terf\u00f6rs\u00e4ljning. Med denna mugg f\u00e5r du en robust och snygg produkt som \u00e4r byggd f\u00f6r att h\u00e5lla och f\u00f6lja med dig p\u00e5 alla dina \u00e4ventyr.  <\/p>\nSt\u00e5l\/j\u00e4rn \u00e4r en \u00e5tranv\u00e4ndbar och i praktiken obegr\u00e4nsad resurs som inte f\u00f6rorenar vid kassering. Produktionen av st\u00e5l \u00e4r i sig sj\u00e4lv inte h\u00e5llbar, d\u00e5 det produceras stora m\u00e4ngder CO2 fr\u00e5n fossila materialer i processen. Men d\u00e4remot har st\u00e5lprodukter en ovanligt l\u00e5ng levnadstid och g\u00f6r det m\u00f6jligt f\u00f6r \u00e5tervinning i det o\u00e4ndliga, vilket sker i s\u00e5 stort utstr\u00e4ckning att absolut st\u00f6rsta delen av allt st\u00e5l p\u00e5 marknaden, i huvudsak, best\u00e5r av \u00e5tervunnet st\u00e5l. \n<p>&nbsp;<\/p>\n","protected":false},"excerpt":{"rendered":"<p>F\u00f6rbered dig f\u00f6r ditt n\u00e4sta \u00e4ventyr med v\u00e5r kompakta och h\u00e5llbara st\u00e5lmugg med karbinhake. Designad f\u00f6r den moderna resen\u00e4ren och friluftsentusiasten. Den h\u00e4r muggen \u00e4r den perfekta f\u00f6ljeslagaren n\u00e4r du \u00e4r p\u00e5 spr\u00e5ng. Med en kapacitet p\u00e5 220 ml \u00e4r den idealisk f\u00f6r en varm kopp kaffe en kylig morgon, en uppfriskande drink p\u00e5 vandringen [&hellip;]<\/p>\n","protected":false},"featured_media":128538,"comment_status":"closed","ping_status":"closed","template":"","meta":{"_acf_changed":false},"product_cat":[2107,2233,1954,2394],"product_tag":[1910,1912],"class_list":{"0":"post-128445","1":"product","2":"type-product","3":"status-publish","4":"has-post-thumbnail","6":"product_cat-dummy-moq-1-sv","7":"product_cat-mat-och-dryck","8":"product_cat-muggar-och-koppar","9":"product_cat-nyheter","10":"product_tag-krus-sv","11":"product_tag-termokrus-sv","12":"pa_farve-blaa-sv","13":"pa_farve-groen-sv","14":"pa_farve-gul-sv","15":"pa_farve-roed-sv","16":"pa_farve-sort-sv","17":"pa_farve-soelv-sv","18":"tm-has-options","20":"first","21":"instock","22":"featured","23":"taxable","24":"shipping-taxable","25":"purchasable","26":"product-type-variable","27":"has-default-attributes"},"acf":[],"yoast_head":"<!-- This site is optimized with the Yoast SEO Premium plugin v21.2 (Yoast SEO v21.2) - https:\/\/yoast.com\/wordpress\/plugins\/seo\/ -->\n<title>St\u00e5lmugg med karbinhake<\/title>\n<meta name=\"description\" content=\"K\u00f6p st\u00e5lmuggar med karbinhake f\u00f6r dina \u00e4ventyr. Denna kompakta och h\u00e5llbara mugg i rostfritt st\u00e5l \u00e4r l\u00e4tt att ta med \u00f6verallt.\" \/>\n<meta name=\"robots\" content=\"index, follow, max-snippet:-1, max-image-preview:large, max-video-preview:-1\" \/>\n<link rel=\"canonical\" href=\"https:\/\/grontkontor.dk\/shop\/staal-krus-med-karabinhage\/\" \/>\n<meta property=\"og:locale\" content=\"sv_SE\" \/>\n<meta property=\"og:type\" content=\"article\" \/>\n<meta property=\"og:title\" content=\"To-go mugg st\u00e5l 220 ml karbinhake\" \/>\n<meta property=\"og:description\" content=\"K\u00f6p st\u00e5lmuggar med karbinhake f\u00f6r dina \u00e4ventyr. Denna kompakta och h\u00e5llbara mugg i rostfritt st\u00e5l \u00e4r l\u00e4tt att ta med \u00f6verallt.\" \/>\n<meta property=\"og:url\" content=\"https:\/\/grontkontor.dk\/shop\/staal-krus-med-karabinhage\/\" \/>\n<meta property=\"og:site_name\" content=\"Gr\u00f8nt Kontor\" \/>\n<meta property=\"article:publisher\" content=\"https:\/\/www.facebook.com\/grontkontor.dk\/\" \/>\n<meta property=\"article:modified_time\" content=\"2025-09-19T18:22:23+00:00\" \/>\n<meta property=\"og:image\" content=\"https:\/\/grontkontor.dk\/wp-content\/uploads\/2025\/09\/Staal-krus-med-karabinhage-collage.jpg\" \/>\n\t<meta property=\"og:image:width\" content=\"900\" \/>\n\t<meta property=\"og:image:height\" content=\"639\" \/>\n\t<meta property=\"og:image:type\" content=\"image\/jpeg\" \/>\n<meta name=\"twitter:card\" content=\"summary_large_image\" \/>\n<meta name=\"twitter:label1\" content=\"Ber\u00e4knad l\u00e4stid\" \/>\n\t<meta name=\"twitter:data1\" content=\"1 minut\" \/>\n<script type=\"application\/ld+json\" class=\"yoast-schema-graph\">{\"@context\":\"https:\/\/schema.org\",\"@graph\":[{\"@type\":\"WebPage\",\"@id\":\"https:\/\/grontkontor.dk\/shop\/staal-krus-med-karabinhage\/\",\"url\":\"https:\/\/grontkontor.dk\/shop\/staal-krus-med-karabinhage\/\",\"name\":\"St\u00e5lmugg med karbinhake\",\"isPartOf\":{\"@id\":\"https:\/\/grontkontor.dk\/#website\"},\"datePublished\":\"2025-09-11T07:55:05+00:00\",\"dateModified\":\"2025-09-19T18:22:23+00:00\",\"description\":\"K\u00f6p st\u00e5lmuggar med karbinhake f\u00f6r dina \u00e4ventyr. Denna kompakta och h\u00e5llbara mugg i rostfritt st\u00e5l \u00e4r l\u00e4tt att ta med \u00f6verallt.\",\"breadcrumb\":{\"@id\":\"https:\/\/grontkontor.dk\/shop\/staal-krus-med-karabinhage\/#breadcrumb\"},\"inLanguage\":\"sv-SE\",\"potentialAction\":[{\"@type\":\"ReadAction\",\"target\":[\"https:\/\/grontkontor.dk\/shop\/staal-krus-med-karabinhage\/\"]}]},{\"@type\":\"BreadcrumbList\",\"@id\":\"https:\/\/grontkontor.dk\/shop\/staal-krus-med-karabinhage\/#breadcrumb\",\"itemListElement\":[{\"@type\":\"ListItem\",\"position\":1,\"name\":\"Forside\",\"item\":\"https:\/\/grontkontor.dk\/\"},{\"@type\":\"ListItem\",\"position\":2,\"name\":\"Shop\",\"item\":\"https:\/\/grontkontor.dk\/sv\/shop\/\"},{\"@type\":\"ListItem\",\"position\":3,\"name\":\"Mad og drikke\",\"item\":\"https:\/\/grontkontor.dk\/produkt-kategori\/mad-og-drikke\/\"},{\"@type\":\"ListItem\",\"position\":4,\"name\":\"Mat och dryck\",\"item\":\"https:\/\/grontkontor.dk\/sv\/produkt-kategori\/mat-och-dryck\/\"},{\"@type\":\"ListItem\",\"position\":5,\"name\":\"Krus, kopper mm.\",\"item\":\"https:\/\/grontkontor.dk\/produkt-kategori\/mad-og-drikke\/to-go-krus-og-kopper\/\"},{\"@type\":\"ListItem\",\"position\":6,\"name\":\"Muggar och koppar\",\"item\":\"https:\/\/grontkontor.dk\/sv\/produkt-kategori\/mat-och-dryck\/muggar-och-koppar\/\"},{\"@type\":\"ListItem\",\"position\":7,\"name\":\"To-go mugg st\u00e5l 220 ml karbinhake\"}]},{\"@type\":\"WebSite\",\"@id\":\"https:\/\/grontkontor.dk\/#website\",\"url\":\"https:\/\/grontkontor.dk\/\",\"name\":\"Gr\u00f8nt Kontor\",\"description\":\"Milj\u00f8venlige produkter til kontor og erhverv med fokus p\u00e5 b\u00e6redygtighed, design og fair trade.\",\"publisher\":{\"@id\":\"https:\/\/grontkontor.dk\/#organization\"},\"potentialAction\":[{\"@type\":\"SearchAction\",\"target\":{\"@type\":\"EntryPoint\",\"urlTemplate\":\"https:\/\/grontkontor.dk\/?s={search_term_string}\"},\"query-input\":\"required name=search_term_string\"}],\"inLanguage\":\"sv-SE\"},{\"@type\":\"Organization\",\"@id\":\"https:\/\/grontkontor.dk\/#organization\",\"name\":\"Gr\u00f8nt Kontor\",\"url\":\"https:\/\/grontkontor.dk\/\",\"logo\":{\"@type\":\"ImageObject\",\"inLanguage\":\"sv-SE\",\"@id\":\"https:\/\/grontkontor.dk\/#\/schema\/logo\/image\/\",\"url\":\"https:\/\/grontkontor.dk\/wp-content\/uploads\/2014\/02\/Logo_groent_kontor_300x80.png\",\"contentUrl\":\"https:\/\/grontkontor.dk\/wp-content\/uploads\/2014\/02\/Logo_groent_kontor_300x80.png\",\"width\":300,\"height\":80,\"caption\":\"Gr\u00f8nt Kontor\"},\"image\":{\"@id\":\"https:\/\/grontkontor.dk\/#\/schema\/logo\/image\/\"},\"sameAs\":[\"https:\/\/www.facebook.com\/grontkontor.dk\/\"]}]}<\/script>\n<!-- \/ Yoast SEO Premium plugin. -->","yoast_head_json":{"title":"St\u00e5lmugg med karbinhake","description":"K\u00f6p st\u00e5lmuggar med karbinhake f\u00f6r dina \u00e4ventyr. Denna kompakta och h\u00e5llbara mugg i rostfritt st\u00e5l \u00e4r l\u00e4tt att ta med \u00f6verallt.","robots":{"index":"index","follow":"follow","max-snippet":"max-snippet:-1","max-image-preview":"max-image-preview:large","max-video-preview":"max-video-preview:-1"},"canonical":"https:\/\/grontkontor.dk\/shop\/staal-krus-med-karabinhage\/","og_locale":"sv_SE","og_type":"article","og_title":"To-go mugg st\u00e5l 220 ml karbinhake","og_description":"K\u00f6p st\u00e5lmuggar med karbinhake f\u00f6r dina \u00e4ventyr. Denna kompakta och h\u00e5llbara mugg i rostfritt st\u00e5l \u00e4r l\u00e4tt att ta med \u00f6verallt.","og_url":"https:\/\/grontkontor.dk\/shop\/staal-krus-med-karabinhage\/","og_site_name":"Gr\u00f8nt Kontor","article_publisher":"https:\/\/www.facebook.com\/grontkontor.dk\/","article_modified_time":"2025-09-19T18:22:23+00:00","og_image":[{"width":900,"height":639,"url":"https:\/\/grontkontor.dk\/wp-content\/uploads\/2025\/09\/Staal-krus-med-karabinhage-collage.jpg","type":"image\/jpeg"}],"twitter_card":"summary_large_image","twitter_misc":{"Ber\u00e4knad l\u00e4stid":"1 minut"},"schema":{"@context":"https:\/\/schema.org","@graph":[{"@type":"WebPage","@id":"https:\/\/grontkontor.dk\/shop\/staal-krus-med-karabinhage\/","url":"https:\/\/grontkontor.dk\/shop\/staal-krus-med-karabinhage\/","name":"St\u00e5lmugg med karbinhake","isPartOf":{"@id":"https:\/\/grontkontor.dk\/#website"},"datePublished":"2025-09-11T07:55:05+00:00","dateModified":"2025-09-19T18:22:23+00:00","description":"K\u00f6p st\u00e5lmuggar med karbinhake f\u00f6r dina \u00e4ventyr. Denna kompakta och h\u00e5llbara mugg i rostfritt st\u00e5l \u00e4r l\u00e4tt att ta med \u00f6verallt.","breadcrumb":{"@id":"https:\/\/grontkontor.dk\/shop\/staal-krus-med-karabinhage\/#breadcrumb"},"inLanguage":"sv-SE","potentialAction":[{"@type":"ReadAction","target":["https:\/\/grontkontor.dk\/shop\/staal-krus-med-karabinhage\/"]}]},{"@type":"BreadcrumbList","@id":"https:\/\/grontkontor.dk\/shop\/staal-krus-med-karabinhage\/#breadcrumb","itemListElement":[{"@type":"ListItem","position":1,"name":"Forside","item":"https:\/\/grontkontor.dk\/"},{"@type":"ListItem","position":2,"name":"Shop","item":"https:\/\/grontkontor.dk\/sv\/shop\/"},{"@type":"ListItem","position":3,"name":"Mad og drikke","item":"https:\/\/grontkontor.dk\/produkt-kategori\/mad-og-drikke\/"},{"@type":"ListItem","position":4,"name":"Mat och dryck","item":"https:\/\/grontkontor.dk\/sv\/produkt-kategori\/mat-och-dryck\/"},{"@type":"ListItem","position":5,"name":"Krus, kopper mm.","item":"https:\/\/grontkontor.dk\/produkt-kategori\/mad-og-drikke\/to-go-krus-og-kopper\/"},{"@type":"ListItem","position":6,"name":"Muggar och koppar","item":"https:\/\/grontkontor.dk\/sv\/produkt-kategori\/mat-och-dryck\/muggar-och-koppar\/"},{"@type":"ListItem","position":7,"name":"To-go mugg st\u00e5l 220 ml karbinhake"}]},{"@type":"WebSite","@id":"https:\/\/grontkontor.dk\/#website","url":"https:\/\/grontkontor.dk\/","name":"Gr\u00f8nt Kontor","description":"Milj\u00f8venlige produkter til kontor og erhverv med fokus p\u00e5 b\u00e6redygtighed, design og fair trade.","publisher":{"@id":"https:\/\/grontkontor.dk\/#organization"},"potentialAction":[{"@type":"SearchAction","target":{"@type":"EntryPoint","urlTemplate":"https:\/\/grontkontor.dk\/?s={search_term_string}"},"query-input":"required name=search_term_string"}],"inLanguage":"sv-SE"},{"@type":"Organization","@id":"https:\/\/grontkontor.dk\/#organization","name":"Gr\u00f8nt Kontor","url":"https:\/\/grontkontor.dk\/","logo":{"@type":"ImageObject","inLanguage":"sv-SE","@id":"https:\/\/grontkontor.dk\/#\/schema\/logo\/image\/","url":"https:\/\/grontkontor.dk\/wp-content\/uploads\/2014\/02\/Logo_groent_kontor_300x80.png","contentUrl":"https:\/\/grontkontor.dk\/wp-content\/uploads\/2014\/02\/Logo_groent_kontor_300x80.png","width":300,"height":80,"caption":"Gr\u00f8nt Kontor"},"image":{"@id":"https:\/\/grontkontor.dk\/#\/schema\/logo\/image\/"},"sameAs":["https:\/\/www.facebook.com\/grontkontor.dk\/"]}]}},"_links":{"self":[{"href":"https:\/\/grontkontor.dk\/sv\/wp-json\/wp\/v2\/product\/128445"}],"collection":[{"href":"https:\/\/grontkontor.dk\/sv\/wp-json\/wp\/v2\/product"}],"about":[{"href":"https:\/\/grontkontor.dk\/sv\/wp-json\/wp\/v2\/types\/product"}],"replies":[{"embeddable":true,"href":"https:\/\/grontkontor.dk\/sv\/wp-json\/wp\/v2\/comments?post=128445"}],"wp:featuredmedia":[{"embeddable":true,"href":"https:\/\/grontkontor.dk\/sv\/wp-json\/wp\/v2\/media\/128538"}],"wp:attachment":[{"href":"https:\/\/grontkontor.dk\/sv\/wp-json\/wp\/v2\/media?parent=128445"}],"wp:term":[{"taxonomy":"product_cat","embeddable":true,"href":"https:\/\/grontkontor.dk\/sv\/wp-json\/wp\/v2\/product_cat?post=128445"},{"taxonomy":"product_tag","embeddable":true,"href":"https:\/\/grontkontor.dk\/sv\/wp-json\/wp\/v2\/product_tag?post=128445"}],"curies":[{"name":"wp","href":"https:\/\/api.w.org\/{rel}","templated":true}]}}