{"id":75113,"date":"2023-09-22T13:12:37","date_gmt":"2023-09-22T21:13:51","guid":{"rendered":"https:\/\/grontkontor.dk\/produkt\/kompakt-paraply-aatrvunnen-plast\/"},"modified":"2025-11-06T11:19:06","modified_gmt":"2025-11-06T10:19:06","slug":"kompakt-paraply-genbrugsplast","status":"publish","type":"product","link":"https:\/\/grontkontor.dk\/sv\/shop\/kompakt-paraply-genbrugsplast\/","title":{"rendered":"Kompakt paraply i \u00e5tervunnen plast"},"content":{"rendered":"<p data-start=\"74\" data-end=\"542\">Detta klimatv\u00e4nliga paraply kombinerar praktisk design med omsorg om milj\u00f6n. Den har ett kompakt format som g\u00f6r den l\u00e4tt att b\u00e4ra med sig i v\u00e4skan, och en diameter p\u00e5 95 cm, vilket ger ett bra skydd mot regn och vind. Paraplyet \u00e4r tillverkat med fokus p\u00e5 \u00e5tervinning och ansvarsfullt materialval \u2013 sk\u00e4rmen, snodden och f\u00f6rvaringsp\u00e5sen \u00e4r alla gjorda av rPET, som kommer fr\u00e5n \u00e5tervunnen plast. P\u00e5 s\u00e5 s\u00e4tt f\u00e5r befintliga material nytt liv ist\u00e4llet f\u00f6r att bli avfall.   <\/p>\n<p data-start=\"544\" data-end=\"775\">De robusta st\u00e4ngerna och den manuella vikmekanismen i metall s\u00e4kerst\u00e4ller l\u00e5ng h\u00e5llbarhet, medan tr\u00e4handtaget ger ett naturligt och elegant utseende. Kombinationen av dessa element g\u00f6r paraplyet b\u00e5de funktionellt och estetiskt tilltalande. <\/p>\n<p data-start=\"777\" data-end=\"1121\">Genom att v\u00e4lja detta milj\u00f6v\u00e4nliga paraply bidrar du aktivt till att minska resursf\u00f6rbrukningen och avfallsvolymerna. Det \u00e4r ett bra val f\u00f6r alla som vill skydda sig mot v\u00e4dret \u2013 och samtidigt ta h\u00e4nsyn till klimatet. En liten men viktig detalj i vardagen som g\u00f6r det l\u00e4ttare att v\u00e4lja produkter som tar ansvar f\u00f6r v\u00e5r gemensamma framtid.  <\/p>\nrPET (recycled polyethylen) er et f\u00f8devareegnet genanvendeligt genbrugsplast, som typisk er fremstillet af genanvendte vandflasker. rPET er \u2013 dets fossile oprindelse til trods \u2013 et b\u00e6redygtigt og klimavenligt materiale. rPET har et ekstremt h\u00f8jt kulstofindhold, og fungerer derfor som et effektivt kulstofdepot i hele produktets og genanvendte produkters levetid. Bliver plast ikke genbrugt, vil det enten nedbrydes til CO2 og dermed bidrage til drivhuseffekten, eller ende op som forurenende affald. For hvert ton genbrugt plast spares der 3,8 t\u00f8nder olie. \n<p>&nbsp;<\/p>\n<img loading=\"lazy\" decoding=\"async\" src=\"https:\/\/grontkontor.dk\/wp-content\/uploads\/2021\/02\/genbrug.jpg\" alt=\"Fremstillet af genbrugsmaterialer\" width=\"50\" height=\"50\" class=\"size-full wp-image-23031\" srcset=\"https:\/\/grontkontor.dk\/wp-content\/uploads\/2021\/02\/genbrug.jpg 199w, https:\/\/grontkontor.dk\/wp-content\/uploads\/2021\/02\/genbrug-100x100.jpg 100w\" sizes=\"(max-width: 50px) 100vw, 50px\" \/>\n","protected":false},"excerpt":{"rendered":"<p>Detta klimatv\u00e4nliga paraply kombinerar praktisk design med omsorg om milj\u00f6n. Den har ett kompakt format som g\u00f6r den l\u00e4tt att b\u00e4ra med sig i v\u00e4skan, och en diameter p\u00e5 95 cm, vilket ger ett bra skydd mot regn och vind. Paraplyet \u00e4r tillverkat med fokus p\u00e5 \u00e5tervinning och ansvarsfullt materialval \u2013 sk\u00e4rmen, snodden och f\u00f6rvaringsp\u00e5sen [&hellip;]<\/p>\n","protected":false},"featured_media":19081,"comment_status":"closed","ping_status":"closed","template":"","meta":{"_acf_changed":false},"product_cat":[2107,867,2142,2103],"product_tag":[1755],"class_list":{"0":"post-75113","1":"product","2":"type-product","3":"status-publish","4":"has-post-thumbnail","6":"product_cat-dummy-moq-1-sv","7":"product_cat-miljovaenliga-foretagspresenter","8":"product_cat-beklaedning-sv","9":"product_cat-utstallning-och-event","10":"product_tag-paraply-sv","11":"pa_farve-marineblaa-sv","12":"pa_farve-blaa-sv","13":"pa_farve-roed-sv","14":"pa_farve-sort-sv","15":"tm-has-options","17":"first","18":"instock","19":"sale","20":"taxable","21":"shipping-taxable","22":"purchasable","23":"product-type-variable","24":"has-default-attributes"},"acf":[],"yoast_head":"<!-- This site is optimized with the Yoast SEO Premium plugin v21.2 (Yoast SEO v21.2) - https:\/\/yoast.com\/wordpress\/plugins\/seo\/ -->\n<title>Kompakt paraply i \u00e5tervunnen plast - Gr\u00f8nt Kontor<\/title>\n<meta name=\"robots\" content=\"index, follow, max-snippet:-1, max-image-preview:large, max-video-preview:-1\" \/>\n<link rel=\"canonical\" href=\"https:\/\/grontkontor.dk\/sv\/shop\/kompakt-paraply-genbrugsplast\/\" \/>\n<meta property=\"og:locale\" content=\"sv_SE\" \/>\n<meta property=\"og:type\" content=\"article\" \/>\n<meta property=\"og:title\" content=\"Kompakt paraply i \u00e5tervunnen plast\" \/>\n<meta property=\"og:description\" content=\"Detta klimatv\u00e4nliga paraply kombinerar praktisk design med omsorg om milj\u00f6n. Den har ett kompakt format som g\u00f6r den l\u00e4tt att b\u00e4ra med sig i v\u00e4skan, och en diameter p\u00e5 95 cm, vilket ger ett bra skydd mot regn och vind. Paraplyet \u00e4r tillverkat med fokus p\u00e5 \u00e5tervinning och ansvarsfullt materialval \u2013 sk\u00e4rmen, snodden och f\u00f6rvaringsp\u00e5sen [&hellip;]\" \/>\n<meta property=\"og:url\" content=\"https:\/\/grontkontor.dk\/sv\/shop\/kompakt-paraply-genbrugsplast\/\" \/>\n<meta property=\"og:site_name\" content=\"Gr\u00f8nt Kontor\" \/>\n<meta property=\"article:publisher\" content=\"https:\/\/www.facebook.com\/grontkontor.dk\/\" \/>\n<meta property=\"article:modified_time\" content=\"2025-11-06T10:19:06+00:00\" \/>\n<meta property=\"og:image\" content=\"https:\/\/grontkontor.dk\/wp-content\/uploads\/2020\/06\/paraply_rpet_logo_sort.jpg\" \/>\n\t<meta property=\"og:image:width\" content=\"1080\" \/>\n\t<meta property=\"og:image:height\" content=\"766\" \/>\n\t<meta property=\"og:image:type\" content=\"image\/jpeg\" \/>\n<meta name=\"twitter:card\" content=\"summary_large_image\" \/>\n<meta name=\"twitter:label1\" content=\"Ber\u00e4knad l\u00e4stid\" \/>\n\t<meta name=\"twitter:data1\" content=\"1 minut\" \/>\n<script type=\"application\/ld+json\" class=\"yoast-schema-graph\">{\"@context\":\"https:\/\/schema.org\",\"@graph\":[{\"@type\":\"WebPage\",\"@id\":\"https:\/\/grontkontor.dk\/sv\/shop\/kompakt-paraply-genbrugsplast\/\",\"url\":\"https:\/\/grontkontor.dk\/sv\/shop\/kompakt-paraply-genbrugsplast\/\",\"name\":\"Kompakt paraply i \u00e5tervunnen plast - Gr\u00f8nt Kontor\",\"isPartOf\":{\"@id\":\"https:\/\/grontkontor.dk\/#website\"},\"datePublished\":\"2023-09-22T21:13:51+00:00\",\"dateModified\":\"2025-11-06T10:19:06+00:00\",\"breadcrumb\":{\"@id\":\"https:\/\/grontkontor.dk\/sv\/shop\/kompakt-paraply-genbrugsplast\/#breadcrumb\"},\"inLanguage\":\"sv-SE\",\"potentialAction\":[{\"@type\":\"ReadAction\",\"target\":[\"https:\/\/grontkontor.dk\/sv\/shop\/kompakt-paraply-genbrugsplast\/\"]}]},{\"@type\":\"BreadcrumbList\",\"@id\":\"https:\/\/grontkontor.dk\/sv\/shop\/kompakt-paraply-genbrugsplast\/#breadcrumb\",\"itemListElement\":[{\"@type\":\"ListItem\",\"position\":1,\"name\":\"Forside\",\"item\":\"https:\/\/grontkontor.dk\/\"},{\"@type\":\"ListItem\",\"position\":2,\"name\":\"Shop\",\"item\":\"https:\/\/grontkontor.dk\/sv\/shop\/\"},{\"@type\":\"ListItem\",\"position\":3,\"name\":\"Bekl\u00e6dning\",\"item\":\"https:\/\/grontkontor.dk\/produkt-kategori\/beklaedning\/\"},{\"@type\":\"ListItem\",\"position\":4,\"name\":\"Kompakt paraply i \u00e5tervunnen plast\"}]},{\"@type\":\"WebSite\",\"@id\":\"https:\/\/grontkontor.dk\/#website\",\"url\":\"https:\/\/grontkontor.dk\/\",\"name\":\"Gr\u00f8nt Kontor\",\"description\":\"Milj\u00f8venlige produkter til kontor og erhverv med fokus p\u00e5 b\u00e6redygtighed, design og fair trade.\",\"publisher\":{\"@id\":\"https:\/\/grontkontor.dk\/#organization\"},\"potentialAction\":[{\"@type\":\"SearchAction\",\"target\":{\"@type\":\"EntryPoint\",\"urlTemplate\":\"https:\/\/grontkontor.dk\/?s={search_term_string}\"},\"query-input\":\"required name=search_term_string\"}],\"inLanguage\":\"sv-SE\"},{\"@type\":\"Organization\",\"@id\":\"https:\/\/grontkontor.dk\/#organization\",\"name\":\"Gr\u00f8nt Kontor\",\"url\":\"https:\/\/grontkontor.dk\/\",\"logo\":{\"@type\":\"ImageObject\",\"inLanguage\":\"sv-SE\",\"@id\":\"https:\/\/grontkontor.dk\/#\/schema\/logo\/image\/\",\"url\":\"https:\/\/grontkontor.dk\/wp-content\/uploads\/2014\/02\/Logo_groent_kontor_300x80.png\",\"contentUrl\":\"https:\/\/grontkontor.dk\/wp-content\/uploads\/2014\/02\/Logo_groent_kontor_300x80.png\",\"width\":300,\"height\":80,\"caption\":\"Gr\u00f8nt Kontor\"},\"image\":{\"@id\":\"https:\/\/grontkontor.dk\/#\/schema\/logo\/image\/\"},\"sameAs\":[\"https:\/\/www.facebook.com\/grontkontor.dk\/\"]}]}<\/script>\n<!-- \/ Yoast SEO Premium plugin. -->","yoast_head_json":{"title":"Kompakt paraply i \u00e5tervunnen plast - Gr\u00f8nt Kontor","robots":{"index":"index","follow":"follow","max-snippet":"max-snippet:-1","max-image-preview":"max-image-preview:large","max-video-preview":"max-video-preview:-1"},"canonical":"https:\/\/grontkontor.dk\/sv\/shop\/kompakt-paraply-genbrugsplast\/","og_locale":"sv_SE","og_type":"article","og_title":"Kompakt paraply i \u00e5tervunnen plast","og_description":"Detta klimatv\u00e4nliga paraply kombinerar praktisk design med omsorg om milj\u00f6n. Den har ett kompakt format som g\u00f6r den l\u00e4tt att b\u00e4ra med sig i v\u00e4skan, och en diameter p\u00e5 95 cm, vilket ger ett bra skydd mot regn och vind. Paraplyet \u00e4r tillverkat med fokus p\u00e5 \u00e5tervinning och ansvarsfullt materialval \u2013 sk\u00e4rmen, snodden och f\u00f6rvaringsp\u00e5sen [&hellip;]","og_url":"https:\/\/grontkontor.dk\/sv\/shop\/kompakt-paraply-genbrugsplast\/","og_site_name":"Gr\u00f8nt Kontor","article_publisher":"https:\/\/www.facebook.com\/grontkontor.dk\/","article_modified_time":"2025-11-06T10:19:06+00:00","og_image":[{"width":1080,"height":766,"url":"https:\/\/grontkontor.dk\/wp-content\/uploads\/2020\/06\/paraply_rpet_logo_sort.jpg","type":"image\/jpeg"}],"twitter_card":"summary_large_image","twitter_misc":{"Ber\u00e4knad l\u00e4stid":"1 minut"},"schema":{"@context":"https:\/\/schema.org","@graph":[{"@type":"WebPage","@id":"https:\/\/grontkontor.dk\/sv\/shop\/kompakt-paraply-genbrugsplast\/","url":"https:\/\/grontkontor.dk\/sv\/shop\/kompakt-paraply-genbrugsplast\/","name":"Kompakt paraply i \u00e5tervunnen plast - Gr\u00f8nt Kontor","isPartOf":{"@id":"https:\/\/grontkontor.dk\/#website"},"datePublished":"2023-09-22T21:13:51+00:00","dateModified":"2025-11-06T10:19:06+00:00","breadcrumb":{"@id":"https:\/\/grontkontor.dk\/sv\/shop\/kompakt-paraply-genbrugsplast\/#breadcrumb"},"inLanguage":"sv-SE","potentialAction":[{"@type":"ReadAction","target":["https:\/\/grontkontor.dk\/sv\/shop\/kompakt-paraply-genbrugsplast\/"]}]},{"@type":"BreadcrumbList","@id":"https:\/\/grontkontor.dk\/sv\/shop\/kompakt-paraply-genbrugsplast\/#breadcrumb","itemListElement":[{"@type":"ListItem","position":1,"name":"Forside","item":"https:\/\/grontkontor.dk\/"},{"@type":"ListItem","position":2,"name":"Shop","item":"https:\/\/grontkontor.dk\/sv\/shop\/"},{"@type":"ListItem","position":3,"name":"Bekl\u00e6dning","item":"https:\/\/grontkontor.dk\/produkt-kategori\/beklaedning\/"},{"@type":"ListItem","position":4,"name":"Kompakt paraply i \u00e5tervunnen plast"}]},{"@type":"WebSite","@id":"https:\/\/grontkontor.dk\/#website","url":"https:\/\/grontkontor.dk\/","name":"Gr\u00f8nt Kontor","description":"Milj\u00f8venlige produkter til kontor og erhverv med fokus p\u00e5 b\u00e6redygtighed, design og fair trade.","publisher":{"@id":"https:\/\/grontkontor.dk\/#organization"},"potentialAction":[{"@type":"SearchAction","target":{"@type":"EntryPoint","urlTemplate":"https:\/\/grontkontor.dk\/?s={search_term_string}"},"query-input":"required name=search_term_string"}],"inLanguage":"sv-SE"},{"@type":"Organization","@id":"https:\/\/grontkontor.dk\/#organization","name":"Gr\u00f8nt Kontor","url":"https:\/\/grontkontor.dk\/","logo":{"@type":"ImageObject","inLanguage":"sv-SE","@id":"https:\/\/grontkontor.dk\/#\/schema\/logo\/image\/","url":"https:\/\/grontkontor.dk\/wp-content\/uploads\/2014\/02\/Logo_groent_kontor_300x80.png","contentUrl":"https:\/\/grontkontor.dk\/wp-content\/uploads\/2014\/02\/Logo_groent_kontor_300x80.png","width":300,"height":80,"caption":"Gr\u00f8nt Kontor"},"image":{"@id":"https:\/\/grontkontor.dk\/#\/schema\/logo\/image\/"},"sameAs":["https:\/\/www.facebook.com\/grontkontor.dk\/"]}]}},"_links":{"self":[{"href":"https:\/\/grontkontor.dk\/sv\/wp-json\/wp\/v2\/product\/75113"}],"collection":[{"href":"https:\/\/grontkontor.dk\/sv\/wp-json\/wp\/v2\/product"}],"about":[{"href":"https:\/\/grontkontor.dk\/sv\/wp-json\/wp\/v2\/types\/product"}],"replies":[{"embeddable":true,"href":"https:\/\/grontkontor.dk\/sv\/wp-json\/wp\/v2\/comments?post=75113"}],"wp:featuredmedia":[{"embeddable":true,"href":"https:\/\/grontkontor.dk\/sv\/wp-json\/wp\/v2\/media\/19081"}],"wp:attachment":[{"href":"https:\/\/grontkontor.dk\/sv\/wp-json\/wp\/v2\/media?parent=75113"}],"wp:term":[{"taxonomy":"product_cat","embeddable":true,"href":"https:\/\/grontkontor.dk\/sv\/wp-json\/wp\/v2\/product_cat?post=75113"},{"taxonomy":"product_tag","embeddable":true,"href":"https:\/\/grontkontor.dk\/sv\/wp-json\/wp\/v2\/product_tag?post=75113"}],"curies":[{"name":"wp","href":"https:\/\/api.w.org\/{rel}","templated":true}]}}