{"id":77085,"date":"2023-09-22T13:59:36","date_gmt":"2023-09-22T22:12:28","guid":{"rendered":"https:\/\/grontkontor.dk\/produkt\/kaffekop-bioplast-300ml-m-u-tryk\/"},"modified":"2024-02-29T14:58:31","modified_gmt":"2024-02-29T13:58:31","slug":"kaffekop-bioplast-300ml-m-u-tryk","status":"publish","type":"product","link":"https:\/\/grontkontor.dk\/sv\/shop\/kaffekop-bioplast-300ml-m-u-tryk\/","title":{"rendered":"Kaffekopp bioplast 300ml med tryck"},"content":{"rendered":"<p>Klimatv\u00e4nlig, splitterfri och \u00e5tervinningsbar mugg tillverkad av sockerr\u00f6rsbaserad bioplast. Med mer \u00e4n 80 % minskat CO2-avtryck j\u00e4mf\u00f6rt med liknande produkter i konventionell plast.<\/p>\n<p>Koppen \u00e4r b\u00e5de l\u00e4tt och robust, l\u00e4mplig f\u00f6r utomhusbruk, camping, camping eller som en \u00e5teranv\u00e4ndbar festivalmugg. Produkten kan staplas p\u00e5 varandra och g\u00f6r den s\u00e4rskilt l\u00e4mplig f\u00f6r stork\u00f6k eller matsalar.<\/p>\n<p>Till skillnad fr\u00e5n vanlig bioplast \u00e4r muggen b\u00e5de \u00e5tervinningsbar och l\u00e4mplig f\u00f6r diskmaskin, frys och mikrov\u00e5gsugn och t\u00e5l temperaturer fr\u00e5n -40\u00b0C till +100\u00b0C.<\/p>\n<p>Inneh\u00e5ll: 300 ml.<\/p>\n<p>Koppen \u00e4r godk\u00e4nt till kontakt med livsmedel och 100% BPA fritt<\/p>\n<p>Muggen \u00e4r tillverkad i EU och kan levereras med logotryck eller gravyr.<\/p>\n<p>&nbsp;<\/p>\n<img loading=\"lazy\" decoding=\"async\" class=\"size-medium wp-image-21008\" src=\"https:\/\/grontkontor.dk\/wp-content\/uploads\/2020\/11\/eu-flag_1-300x199.jpg\" alt=\"Fremstillet i EU\" width=\"76\" height=\"50\" srcset=\"https:\/\/grontkontor.dk\/wp-content\/uploads\/2020\/11\/eu-flag_1-300x199.jpg 300w, https:\/\/grontkontor.dk\/wp-content\/uploads\/2020\/11\/eu-flag_1.jpg 530w\" sizes=\"(max-width: 76px) 100vw, 76px\" \/>\n","protected":false},"excerpt":{"rendered":"<p>Klimatv\u00e4nlig, splitterfri och \u00e5tervinningsbar mugg tillverkad av sockerr\u00f6rsbaserad bioplast. Med mer \u00e4n 80 % minskat CO2-avtryck j\u00e4mf\u00f6rt med liknande produkter i konventionell plast. Koppen \u00e4r b\u00e5de l\u00e4tt och robust, l\u00e4mplig f\u00f6r utomhusbruk, camping, camping eller som en \u00e5teranv\u00e4ndbar festivalmugg. Produkten kan staplas p\u00e5 varandra och g\u00f6r den s\u00e4rskilt l\u00e4mplig f\u00f6r stork\u00f6k eller matsalar. Till skillnad [&hellip;]<\/p>\n","protected":false},"featured_media":42330,"comment_status":"closed","ping_status":"closed","template":"","meta":{"_acf_changed":false},"product_cat":[2107,2136,1954,2628,2394],"product_tag":[1911,1910],"class_list":{"0":"post-77085","1":"product","2":"type-product","3":"status-publish","4":"has-post-thumbnail","6":"product_cat-dummy-moq-1-sv","7":"product_cat-hotell-restaurang","8":"product_cat-muggar-och-koppar","9":"product_cat-krus-og-kopper-til-messen-sv","10":"product_cat-nyheter","11":"product_tag-kaffekrus-sv","12":"product_tag-krus-sv","13":"tm-has-options","15":"first","16":"instock","17":"sale","18":"taxable","19":"shipping-taxable","20":"purchasable","21":"product-type-simple"},"acf":[],"yoast_head":"<!-- This site is optimized with the Yoast SEO Premium plugin v21.2 (Yoast SEO v21.2) - https:\/\/yoast.com\/wordpress\/plugins\/seo\/ -->\n<title>Kaffekopp bioplast 300ml med tryck - Gr\u00f8nt Kontor<\/title>\n<meta name=\"robots\" content=\"index, follow, max-snippet:-1, max-image-preview:large, max-video-preview:-1\" \/>\n<link rel=\"canonical\" href=\"https:\/\/grontkontor.dk\/sv\/shop\/kaffekop-bioplast-300ml-m-u-tryk\/\" \/>\n<meta property=\"og:locale\" content=\"sv_SE\" \/>\n<meta property=\"og:type\" content=\"article\" \/>\n<meta property=\"og:title\" content=\"Kaffekopp bioplast 300ml med tryck\" \/>\n<meta property=\"og:description\" content=\"Klimatv\u00e4nlig, splitterfri och \u00e5tervinningsbar mugg tillverkad av sockerr\u00f6rsbaserad bioplast. Med mer \u00e4n 80 % minskat CO2-avtryck j\u00e4mf\u00f6rt med liknande produkter i konventionell plast. Koppen \u00e4r b\u00e5de l\u00e4tt och robust, l\u00e4mplig f\u00f6r utomhusbruk, camping, camping eller som en \u00e5teranv\u00e4ndbar festivalmugg. Produkten kan staplas p\u00e5 varandra och g\u00f6r den s\u00e4rskilt l\u00e4mplig f\u00f6r stork\u00f6k eller matsalar. Till skillnad [&hellip;]\" \/>\n<meta property=\"og:url\" content=\"https:\/\/grontkontor.dk\/sv\/shop\/kaffekop-bioplast-300ml-m-u-tryk\/\" \/>\n<meta property=\"og:site_name\" content=\"Gr\u00f8nt Kontor\" \/>\n<meta property=\"article:publisher\" content=\"https:\/\/www.facebook.com\/grontkontor.dk\/\" \/>\n<meta property=\"article:modified_time\" content=\"2024-02-29T13:58:31+00:00\" \/>\n<meta property=\"og:image\" content=\"https:\/\/grontkontor.dk\/wp-content\/uploads\/2023\/03\/Mugg-3-dl.jpg\" \/>\n\t<meta property=\"og:image:width\" content=\"900\" \/>\n\t<meta property=\"og:image:height\" content=\"639\" \/>\n\t<meta property=\"og:image:type\" content=\"image\/jpeg\" \/>\n<meta name=\"twitter:card\" content=\"summary_large_image\" \/>\n<meta name=\"twitter:label1\" content=\"Ber\u00e4knad l\u00e4stid\" \/>\n\t<meta name=\"twitter:data1\" content=\"1 minut\" \/>\n<script type=\"application\/ld+json\" class=\"yoast-schema-graph\">{\"@context\":\"https:\/\/schema.org\",\"@graph\":[{\"@type\":\"WebPage\",\"@id\":\"https:\/\/grontkontor.dk\/sv\/shop\/kaffekop-bioplast-300ml-m-u-tryk\/\",\"url\":\"https:\/\/grontkontor.dk\/sv\/shop\/kaffekop-bioplast-300ml-m-u-tryk\/\",\"name\":\"Kaffekopp bioplast 300ml med tryck - Gr\u00f8nt Kontor\",\"isPartOf\":{\"@id\":\"https:\/\/grontkontor.dk\/#website\"},\"datePublished\":\"2023-09-22T22:12:28+00:00\",\"dateModified\":\"2024-02-29T13:58:31+00:00\",\"breadcrumb\":{\"@id\":\"https:\/\/grontkontor.dk\/sv\/shop\/kaffekop-bioplast-300ml-m-u-tryk\/#breadcrumb\"},\"inLanguage\":\"sv-SE\",\"potentialAction\":[{\"@type\":\"ReadAction\",\"target\":[\"https:\/\/grontkontor.dk\/sv\/shop\/kaffekop-bioplast-300ml-m-u-tryk\/\"]}]},{\"@type\":\"BreadcrumbList\",\"@id\":\"https:\/\/grontkontor.dk\/sv\/shop\/kaffekop-bioplast-300ml-m-u-tryk\/#breadcrumb\",\"itemListElement\":[{\"@type\":\"ListItem\",\"position\":1,\"name\":\"Forside\",\"item\":\"https:\/\/grontkontor.dk\/\"},{\"@type\":\"ListItem\",\"position\":2,\"name\":\"Shop\",\"item\":\"https:\/\/grontkontor.dk\/sv\/shop\/\"},{\"@type\":\"ListItem\",\"position\":3,\"name\":\"Mad og drikke\",\"item\":\"https:\/\/grontkontor.dk\/produkt-kategori\/mad-og-drikke\/\"},{\"@type\":\"ListItem\",\"position\":4,\"name\":\"Krus, kopper mm.\",\"item\":\"https:\/\/grontkontor.dk\/produkt-kategori\/mad-og-drikke\/to-go-krus-og-kopper\/\"},{\"@type\":\"ListItem\",\"position\":5,\"name\":\"Kaffekopp bioplast 300ml med tryck\"}]},{\"@type\":\"WebSite\",\"@id\":\"https:\/\/grontkontor.dk\/#website\",\"url\":\"https:\/\/grontkontor.dk\/\",\"name\":\"Gr\u00f8nt Kontor\",\"description\":\"Milj\u00f8venlige produkter til kontor og erhverv med fokus p\u00e5 b\u00e6redygtighed, design og fair trade.\",\"publisher\":{\"@id\":\"https:\/\/grontkontor.dk\/#organization\"},\"potentialAction\":[{\"@type\":\"SearchAction\",\"target\":{\"@type\":\"EntryPoint\",\"urlTemplate\":\"https:\/\/grontkontor.dk\/?s={search_term_string}\"},\"query-input\":\"required name=search_term_string\"}],\"inLanguage\":\"sv-SE\"},{\"@type\":\"Organization\",\"@id\":\"https:\/\/grontkontor.dk\/#organization\",\"name\":\"Gr\u00f8nt Kontor\",\"url\":\"https:\/\/grontkontor.dk\/\",\"logo\":{\"@type\":\"ImageObject\",\"inLanguage\":\"sv-SE\",\"@id\":\"https:\/\/grontkontor.dk\/#\/schema\/logo\/image\/\",\"url\":\"https:\/\/grontkontor.dk\/wp-content\/uploads\/2014\/02\/Logo_groent_kontor_300x80.png\",\"contentUrl\":\"https:\/\/grontkontor.dk\/wp-content\/uploads\/2014\/02\/Logo_groent_kontor_300x80.png\",\"width\":300,\"height\":80,\"caption\":\"Gr\u00f8nt Kontor\"},\"image\":{\"@id\":\"https:\/\/grontkontor.dk\/#\/schema\/logo\/image\/\"},\"sameAs\":[\"https:\/\/www.facebook.com\/grontkontor.dk\/\"]}]}<\/script>\n<!-- \/ Yoast SEO Premium plugin. -->","yoast_head_json":{"title":"Kaffekopp bioplast 300ml med tryck - Gr\u00f8nt Kontor","robots":{"index":"index","follow":"follow","max-snippet":"max-snippet:-1","max-image-preview":"max-image-preview:large","max-video-preview":"max-video-preview:-1"},"canonical":"https:\/\/grontkontor.dk\/sv\/shop\/kaffekop-bioplast-300ml-m-u-tryk\/","og_locale":"sv_SE","og_type":"article","og_title":"Kaffekopp bioplast 300ml med tryck","og_description":"Klimatv\u00e4nlig, splitterfri och \u00e5tervinningsbar mugg tillverkad av sockerr\u00f6rsbaserad bioplast. Med mer \u00e4n 80 % minskat CO2-avtryck j\u00e4mf\u00f6rt med liknande produkter i konventionell plast. Koppen \u00e4r b\u00e5de l\u00e4tt och robust, l\u00e4mplig f\u00f6r utomhusbruk, camping, camping eller som en \u00e5teranv\u00e4ndbar festivalmugg. Produkten kan staplas p\u00e5 varandra och g\u00f6r den s\u00e4rskilt l\u00e4mplig f\u00f6r stork\u00f6k eller matsalar. Till skillnad [&hellip;]","og_url":"https:\/\/grontkontor.dk\/sv\/shop\/kaffekop-bioplast-300ml-m-u-tryk\/","og_site_name":"Gr\u00f8nt Kontor","article_publisher":"https:\/\/www.facebook.com\/grontkontor.dk\/","article_modified_time":"2024-02-29T13:58:31+00:00","og_image":[{"width":900,"height":639,"url":"https:\/\/grontkontor.dk\/wp-content\/uploads\/2023\/03\/Mugg-3-dl.jpg","type":"image\/jpeg"}],"twitter_card":"summary_large_image","twitter_misc":{"Ber\u00e4knad l\u00e4stid":"1 minut"},"schema":{"@context":"https:\/\/schema.org","@graph":[{"@type":"WebPage","@id":"https:\/\/grontkontor.dk\/sv\/shop\/kaffekop-bioplast-300ml-m-u-tryk\/","url":"https:\/\/grontkontor.dk\/sv\/shop\/kaffekop-bioplast-300ml-m-u-tryk\/","name":"Kaffekopp bioplast 300ml med tryck - Gr\u00f8nt Kontor","isPartOf":{"@id":"https:\/\/grontkontor.dk\/#website"},"datePublished":"2023-09-22T22:12:28+00:00","dateModified":"2024-02-29T13:58:31+00:00","breadcrumb":{"@id":"https:\/\/grontkontor.dk\/sv\/shop\/kaffekop-bioplast-300ml-m-u-tryk\/#breadcrumb"},"inLanguage":"sv-SE","potentialAction":[{"@type":"ReadAction","target":["https:\/\/grontkontor.dk\/sv\/shop\/kaffekop-bioplast-300ml-m-u-tryk\/"]}]},{"@type":"BreadcrumbList","@id":"https:\/\/grontkontor.dk\/sv\/shop\/kaffekop-bioplast-300ml-m-u-tryk\/#breadcrumb","itemListElement":[{"@type":"ListItem","position":1,"name":"Forside","item":"https:\/\/grontkontor.dk\/"},{"@type":"ListItem","position":2,"name":"Shop","item":"https:\/\/grontkontor.dk\/sv\/shop\/"},{"@type":"ListItem","position":3,"name":"Mad og drikke","item":"https:\/\/grontkontor.dk\/produkt-kategori\/mad-og-drikke\/"},{"@type":"ListItem","position":4,"name":"Krus, kopper mm.","item":"https:\/\/grontkontor.dk\/produkt-kategori\/mad-og-drikke\/to-go-krus-og-kopper\/"},{"@type":"ListItem","position":5,"name":"Kaffekopp bioplast 300ml med tryck"}]},{"@type":"WebSite","@id":"https:\/\/grontkontor.dk\/#website","url":"https:\/\/grontkontor.dk\/","name":"Gr\u00f8nt Kontor","description":"Milj\u00f8venlige produkter til kontor og erhverv med fokus p\u00e5 b\u00e6redygtighed, design og fair trade.","publisher":{"@id":"https:\/\/grontkontor.dk\/#organization"},"potentialAction":[{"@type":"SearchAction","target":{"@type":"EntryPoint","urlTemplate":"https:\/\/grontkontor.dk\/?s={search_term_string}"},"query-input":"required name=search_term_string"}],"inLanguage":"sv-SE"},{"@type":"Organization","@id":"https:\/\/grontkontor.dk\/#organization","name":"Gr\u00f8nt Kontor","url":"https:\/\/grontkontor.dk\/","logo":{"@type":"ImageObject","inLanguage":"sv-SE","@id":"https:\/\/grontkontor.dk\/#\/schema\/logo\/image\/","url":"https:\/\/grontkontor.dk\/wp-content\/uploads\/2014\/02\/Logo_groent_kontor_300x80.png","contentUrl":"https:\/\/grontkontor.dk\/wp-content\/uploads\/2014\/02\/Logo_groent_kontor_300x80.png","width":300,"height":80,"caption":"Gr\u00f8nt Kontor"},"image":{"@id":"https:\/\/grontkontor.dk\/#\/schema\/logo\/image\/"},"sameAs":["https:\/\/www.facebook.com\/grontkontor.dk\/"]}]}},"_links":{"self":[{"href":"https:\/\/grontkontor.dk\/sv\/wp-json\/wp\/v2\/product\/77085"}],"collection":[{"href":"https:\/\/grontkontor.dk\/sv\/wp-json\/wp\/v2\/product"}],"about":[{"href":"https:\/\/grontkontor.dk\/sv\/wp-json\/wp\/v2\/types\/product"}],"replies":[{"embeddable":true,"href":"https:\/\/grontkontor.dk\/sv\/wp-json\/wp\/v2\/comments?post=77085"}],"wp:featuredmedia":[{"embeddable":true,"href":"https:\/\/grontkontor.dk\/sv\/wp-json\/wp\/v2\/media\/42330"}],"wp:attachment":[{"href":"https:\/\/grontkontor.dk\/sv\/wp-json\/wp\/v2\/media?parent=77085"}],"wp:term":[{"taxonomy":"product_cat","embeddable":true,"href":"https:\/\/grontkontor.dk\/sv\/wp-json\/wp\/v2\/product_cat?post=77085"},{"taxonomy":"product_tag","embeddable":true,"href":"https:\/\/grontkontor.dk\/sv\/wp-json\/wp\/v2\/product_tag?post=77085"}],"curies":[{"name":"wp","href":"https:\/\/api.w.org\/{rel}","templated":true}]}}