{"id":77377,"date":"2023-09-22T13:53:44","date_gmt":"2023-09-22T22:19:17","guid":{"rendered":"https:\/\/grontkontor.dk\/produkt\/vaeldesignad-keramikmugg-330-ml\/"},"modified":"2024-02-29T15:04:07","modified_gmt":"2024-02-29T14:04:07","slug":"vaeldesignad-keramikmugg-330-ml","status":"publish","type":"product","link":"https:\/\/grontkontor.dk\/sv\/shop\/vaeldesignad-keramikmugg-330-ml\/","title":{"rendered":"Keramisk mugg keramik\/bambu 330 ml"},"content":{"rendered":"<p>\u00c4ven v\u00e4ldesignad klimatv\u00e4nlig keramikmugg med bambubotten. Muggen \u00e4r l\u00e4mplig f\u00f6r varma drycker. Bra som f\u00f6retags- och personalpresent. Muggen \u00e4r godk\u00e4nt till kontakt med livsmedel och 100% BPA fritt. Inneh\u00e5ll: 330 ml. &nbsp; Keramik \/ porslin \u00e4r ett h\u00e5llbart material, framst\u00e4llt prim\u00e4rt av lera, som man kan betrakta som en outt\u00f6mmlig resurs. Vid tillverkningen g\u00e5r det \u00e5t stora m\u00e4ngder energi, s\u00e5 graden h\u00e5llbarhet \u00e4r beroende av energik\u00e4llan under tillv\u00e4rkningsprocessen. Keramik avger inga skadliga material till milj\u00f6n, efter kassering.  Bambu \u00e4r biologiskt nedbrytbart och d\u00e4rf\u00f6r ett fantastiskt material n\u00e4r det kommer till h\u00e5llbarhet. Den har en extremt snabb \u00e5terv\u00e4xt efter sk\u00f6rd. Banbu fungerar, precis som andra naturprodukter, som ett CO2 dep\u00e5 under hela sin livsdid.  &nbsp;<\/p>\n","protected":false},"excerpt":{"rendered":"<p>\u00c4ven v\u00e4ldesignad klimatv\u00e4nlig keramikmugg med bambubotten. Muggen \u00e4r l\u00e4mplig f\u00f6r varma drycker. Bra som f\u00f6retags- och personalpresent. Muggen \u00e4r . Inneh\u00e5ll: 330 ml. &nbsp; &nbsp;<\/p>\n","protected":false},"featured_media":37345,"comment_status":"closed","ping_status":"closed","template":"","meta":{"_acf_changed":false},"product_cat":[4452,2107,2136,2233,1954,2394],"product_tag":[1911,1972,1910,1971,1555],"class_list":{"0":"post-77377","1":"product","2":"type-product","3":"status-publish","4":"has-post-thumbnail","6":"product_cat-muggar-och-koppar-sv","7":"product_cat-dummy-moq-1-sv","8":"product_cat-hotell-restaurang","9":"product_cat-mat-och-dryck","10":"product_cat-muggar-och-koppar","11":"product_cat-nyheter","12":"product_tag-kaffekrus-sv","13":"product_tag-keramikkrus-sv","14":"product_tag-krus-sv","15":"product_tag-tekrus-sv","16":"product_tag-varme-drikke-sv","17":"tm-has-options","19":"first","20":"instock","21":"taxable","22":"shipping-taxable","23":"purchasable","24":"product-type-simple"},"acf":[],"yoast_head":"<!-- This site is optimized with the Yoast SEO Premium plugin v21.2 (Yoast SEO v21.2) - https:\/\/yoast.com\/wordpress\/plugins\/seo\/ -->\n<title>Keramisk mugg keramik\/bambu 330 ml - Gr\u00f8nt Kontor<\/title>\n<meta name=\"robots\" content=\"index, follow, max-snippet:-1, max-image-preview:large, max-video-preview:-1\" \/>\n<link rel=\"canonical\" href=\"https:\/\/grontkontor.dk\/sv\/shop\/vaeldesignad-keramikmugg-330-ml\/\" \/>\n<meta property=\"og:locale\" content=\"sv_SE\" \/>\n<meta property=\"og:type\" content=\"article\" \/>\n<meta property=\"og:title\" content=\"Keramisk mugg keramik\/bambu 330 ml\" \/>\n<meta property=\"og:description\" content=\"\u00c4ven v\u00e4ldesignad klimatv\u00e4nlig keramikmugg med bambubotten. Muggen \u00e4r l\u00e4mplig f\u00f6r varma drycker. Bra som f\u00f6retags- och personalpresent. Muggen \u00e4r . Inneh\u00e5ll: 330 ml. &nbsp; &nbsp;\" \/>\n<meta property=\"og:url\" content=\"https:\/\/grontkontor.dk\/sv\/shop\/vaeldesignad-keramikmugg-330-ml\/\" \/>\n<meta property=\"og:site_name\" content=\"Gr\u00f8nt Kontor\" \/>\n<meta property=\"article:publisher\" content=\"https:\/\/www.facebook.com\/grontkontor.dk\/\" \/>\n<meta property=\"article:modified_time\" content=\"2024-02-29T14:04:07+00:00\" \/>\n<meta property=\"og:image\" content=\"https:\/\/grontkontor.dk\/wp-content\/uploads\/2022\/05\/miljoevenligt-krus-med-bambus.jpg\" \/>\n\t<meta property=\"og:image:width\" content=\"900\" \/>\n\t<meta property=\"og:image:height\" content=\"639\" \/>\n\t<meta property=\"og:image:type\" content=\"image\/jpeg\" \/>\n<meta name=\"twitter:card\" content=\"summary_large_image\" \/>\n<script type=\"application\/ld+json\" class=\"yoast-schema-graph\">{\"@context\":\"https:\/\/schema.org\",\"@graph\":[{\"@type\":\"WebPage\",\"@id\":\"https:\/\/grontkontor.dk\/sv\/shop\/vaeldesignad-keramikmugg-330-ml\/\",\"url\":\"https:\/\/grontkontor.dk\/sv\/shop\/vaeldesignad-keramikmugg-330-ml\/\",\"name\":\"Keramisk mugg keramik\/bambu 330 ml - Gr\u00f8nt Kontor\",\"isPartOf\":{\"@id\":\"https:\/\/grontkontor.dk\/#website\"},\"datePublished\":\"2023-09-22T22:19:17+00:00\",\"dateModified\":\"2024-02-29T14:04:07+00:00\",\"breadcrumb\":{\"@id\":\"https:\/\/grontkontor.dk\/sv\/shop\/vaeldesignad-keramikmugg-330-ml\/#breadcrumb\"},\"inLanguage\":\"sv-SE\",\"potentialAction\":[{\"@type\":\"ReadAction\",\"target\":[\"https:\/\/grontkontor.dk\/sv\/shop\/vaeldesignad-keramikmugg-330-ml\/\"]}]},{\"@type\":\"BreadcrumbList\",\"@id\":\"https:\/\/grontkontor.dk\/sv\/shop\/vaeldesignad-keramikmugg-330-ml\/#breadcrumb\",\"itemListElement\":[{\"@type\":\"ListItem\",\"position\":1,\"name\":\"Forside\",\"item\":\"https:\/\/grontkontor.dk\/\"},{\"@type\":\"ListItem\",\"position\":2,\"name\":\"Shop\",\"item\":\"https:\/\/grontkontor.dk\/sv\/shop\/\"},{\"@type\":\"ListItem\",\"position\":3,\"name\":\"Klimatsmarta f\u00f6retagspresenter\",\"item\":\"https:\/\/grontkontor.dk\/sv\/produkt-kategori\/miljovaenliga-foretagspresenter\/\"},{\"@type\":\"ListItem\",\"position\":4,\"name\":\"Muggar och koppar\",\"item\":\"https:\/\/grontkontor.dk\/sv\/produkt-kategori\/muggar-och-koppar-sv\/\"},{\"@type\":\"ListItem\",\"position\":5,\"name\":\"Keramisk mugg keramik\/bambu 330 ml\"}]},{\"@type\":\"WebSite\",\"@id\":\"https:\/\/grontkontor.dk\/#website\",\"url\":\"https:\/\/grontkontor.dk\/\",\"name\":\"Gr\u00f8nt Kontor\",\"description\":\"Milj\u00f8venlige produkter til kontor og erhverv med fokus p\u00e5 b\u00e6redygtighed, design og fair trade.\",\"publisher\":{\"@id\":\"https:\/\/grontkontor.dk\/#organization\"},\"potentialAction\":[{\"@type\":\"SearchAction\",\"target\":{\"@type\":\"EntryPoint\",\"urlTemplate\":\"https:\/\/grontkontor.dk\/?s={search_term_string}\"},\"query-input\":\"required name=search_term_string\"}],\"inLanguage\":\"sv-SE\"},{\"@type\":\"Organization\",\"@id\":\"https:\/\/grontkontor.dk\/#organization\",\"name\":\"Gr\u00f8nt Kontor\",\"url\":\"https:\/\/grontkontor.dk\/\",\"logo\":{\"@type\":\"ImageObject\",\"inLanguage\":\"sv-SE\",\"@id\":\"https:\/\/grontkontor.dk\/#\/schema\/logo\/image\/\",\"url\":\"https:\/\/grontkontor.dk\/wp-content\/uploads\/2014\/02\/Logo_groent_kontor_300x80.png\",\"contentUrl\":\"https:\/\/grontkontor.dk\/wp-content\/uploads\/2014\/02\/Logo_groent_kontor_300x80.png\",\"width\":300,\"height\":80,\"caption\":\"Gr\u00f8nt Kontor\"},\"image\":{\"@id\":\"https:\/\/grontkontor.dk\/#\/schema\/logo\/image\/\"},\"sameAs\":[\"https:\/\/www.facebook.com\/grontkontor.dk\/\"]}]}<\/script>\n<!-- \/ Yoast SEO Premium plugin. -->","yoast_head_json":{"title":"Keramisk mugg keramik\/bambu 330 ml - Gr\u00f8nt Kontor","robots":{"index":"index","follow":"follow","max-snippet":"max-snippet:-1","max-image-preview":"max-image-preview:large","max-video-preview":"max-video-preview:-1"},"canonical":"https:\/\/grontkontor.dk\/sv\/shop\/vaeldesignad-keramikmugg-330-ml\/","og_locale":"sv_SE","og_type":"article","og_title":"Keramisk mugg keramik\/bambu 330 ml","og_description":"\u00c4ven v\u00e4ldesignad klimatv\u00e4nlig keramikmugg med bambubotten. Muggen \u00e4r l\u00e4mplig f\u00f6r varma drycker. Bra som f\u00f6retags- och personalpresent. Muggen \u00e4r . Inneh\u00e5ll: 330 ml. &nbsp; &nbsp;","og_url":"https:\/\/grontkontor.dk\/sv\/shop\/vaeldesignad-keramikmugg-330-ml\/","og_site_name":"Gr\u00f8nt Kontor","article_publisher":"https:\/\/www.facebook.com\/grontkontor.dk\/","article_modified_time":"2024-02-29T14:04:07+00:00","og_image":[{"width":900,"height":639,"url":"https:\/\/grontkontor.dk\/wp-content\/uploads\/2022\/05\/miljoevenligt-krus-med-bambus.jpg","type":"image\/jpeg"}],"twitter_card":"summary_large_image","schema":{"@context":"https:\/\/schema.org","@graph":[{"@type":"WebPage","@id":"https:\/\/grontkontor.dk\/sv\/shop\/vaeldesignad-keramikmugg-330-ml\/","url":"https:\/\/grontkontor.dk\/sv\/shop\/vaeldesignad-keramikmugg-330-ml\/","name":"Keramisk mugg keramik\/bambu 330 ml - Gr\u00f8nt Kontor","isPartOf":{"@id":"https:\/\/grontkontor.dk\/#website"},"datePublished":"2023-09-22T22:19:17+00:00","dateModified":"2024-02-29T14:04:07+00:00","breadcrumb":{"@id":"https:\/\/grontkontor.dk\/sv\/shop\/vaeldesignad-keramikmugg-330-ml\/#breadcrumb"},"inLanguage":"sv-SE","potentialAction":[{"@type":"ReadAction","target":["https:\/\/grontkontor.dk\/sv\/shop\/vaeldesignad-keramikmugg-330-ml\/"]}]},{"@type":"BreadcrumbList","@id":"https:\/\/grontkontor.dk\/sv\/shop\/vaeldesignad-keramikmugg-330-ml\/#breadcrumb","itemListElement":[{"@type":"ListItem","position":1,"name":"Forside","item":"https:\/\/grontkontor.dk\/"},{"@type":"ListItem","position":2,"name":"Shop","item":"https:\/\/grontkontor.dk\/sv\/shop\/"},{"@type":"ListItem","position":3,"name":"Klimatsmarta f\u00f6retagspresenter","item":"https:\/\/grontkontor.dk\/sv\/produkt-kategori\/miljovaenliga-foretagspresenter\/"},{"@type":"ListItem","position":4,"name":"Muggar och koppar","item":"https:\/\/grontkontor.dk\/sv\/produkt-kategori\/muggar-och-koppar-sv\/"},{"@type":"ListItem","position":5,"name":"Keramisk mugg keramik\/bambu 330 ml"}]},{"@type":"WebSite","@id":"https:\/\/grontkontor.dk\/#website","url":"https:\/\/grontkontor.dk\/","name":"Gr\u00f8nt Kontor","description":"Milj\u00f8venlige produkter til kontor og erhverv med fokus p\u00e5 b\u00e6redygtighed, design og fair trade.","publisher":{"@id":"https:\/\/grontkontor.dk\/#organization"},"potentialAction":[{"@type":"SearchAction","target":{"@type":"EntryPoint","urlTemplate":"https:\/\/grontkontor.dk\/?s={search_term_string}"},"query-input":"required name=search_term_string"}],"inLanguage":"sv-SE"},{"@type":"Organization","@id":"https:\/\/grontkontor.dk\/#organization","name":"Gr\u00f8nt Kontor","url":"https:\/\/grontkontor.dk\/","logo":{"@type":"ImageObject","inLanguage":"sv-SE","@id":"https:\/\/grontkontor.dk\/#\/schema\/logo\/image\/","url":"https:\/\/grontkontor.dk\/wp-content\/uploads\/2014\/02\/Logo_groent_kontor_300x80.png","contentUrl":"https:\/\/grontkontor.dk\/wp-content\/uploads\/2014\/02\/Logo_groent_kontor_300x80.png","width":300,"height":80,"caption":"Gr\u00f8nt Kontor"},"image":{"@id":"https:\/\/grontkontor.dk\/#\/schema\/logo\/image\/"},"sameAs":["https:\/\/www.facebook.com\/grontkontor.dk\/"]}]}},"_links":{"self":[{"href":"https:\/\/grontkontor.dk\/sv\/wp-json\/wp\/v2\/product\/77377"}],"collection":[{"href":"https:\/\/grontkontor.dk\/sv\/wp-json\/wp\/v2\/product"}],"about":[{"href":"https:\/\/grontkontor.dk\/sv\/wp-json\/wp\/v2\/types\/product"}],"replies":[{"embeddable":true,"href":"https:\/\/grontkontor.dk\/sv\/wp-json\/wp\/v2\/comments?post=77377"}],"wp:featuredmedia":[{"embeddable":true,"href":"https:\/\/grontkontor.dk\/sv\/wp-json\/wp\/v2\/media\/37345"}],"wp:attachment":[{"href":"https:\/\/grontkontor.dk\/sv\/wp-json\/wp\/v2\/media?parent=77377"}],"wp:term":[{"taxonomy":"product_cat","embeddable":true,"href":"https:\/\/grontkontor.dk\/sv\/wp-json\/wp\/v2\/product_cat?post=77377"},{"taxonomy":"product_tag","embeddable":true,"href":"https:\/\/grontkontor.dk\/sv\/wp-json\/wp\/v2\/product_tag?post=77377"}],"curies":[{"name":"wp","href":"https:\/\/api.w.org\/{rel}","templated":true}]}}