{"id":81765,"date":"2023-09-22T13:47:47","date_gmt":"2024-02-27T12:21:30","guid":{"rendered":"https:\/\/grontkontor.dk\/shop\/miljoevaenliga-halsvaermer-m-u-tryck\/"},"modified":"2025-11-06T11:28:05","modified_gmt":"2025-11-06T10:28:05","slug":"miljoevenlig-halsedisse","status":"publish","type":"product","link":"https:\/\/grontkontor.dk\/sv\/shop\/miljoevenlig-halsedisse\/","title":{"rendered":"Milj\u00f6v\u00e4nliga halsv\u00e4rmer m\/u tryck"},"content":{"rendered":"<p>En klimatsmart halsv\u00e4rmare i 100% ekologisk bomull \u00e4r ett smart och praktiskt val f\u00f6r b\u00e5de vardagsbruk och event. Tyget v\u00e4ger 150 g\/m\u00b2 och \u00e4r l\u00e4tt, andningsbart och bekv\u00e4mt att b\u00e4ra \u2013 perfekt f\u00f6r att skydda nacke och ansikte fr\u00e5n vind, kyla eller sol. Den ekologiska bomullen \u00e4r odlad utan anv\u00e4ndning av skadliga \u00e4mnen, vilket g\u00f6r halsv\u00e4rmaren till en milj\u00f6v\u00e4nlig l\u00f6sning som b\u00e5de \u00e4r skonsam f\u00f6r anv\u00e4ndaren och f\u00f6r klimatet.  <\/p>\n<p>Halsv\u00e4rmaren kan anv\u00e4ndas \u00e5ret runt, oavsett om det \u00e4r f\u00f6r utomhusaktiviteter, sport, cykelturer eller helt enkelt som ett praktiskt tillbeh\u00f6r i vardagen. Den mjuka kvaliteten och den m\u00e5ngsidiga funktionen g\u00f6r att den snabbt blir ett f\u00f6redraget alternativ till traditionella halsdukar. <\/p>\n<p>Som profilprodukt \u00e4r en klimatv\u00e4nlig halsv\u00e4rmare ett sj\u00e4lvklart val. Den kan levereras med logotyptryck, s\u00e5 att ditt varum\u00e4rke visas upp p\u00e5 ett synligt och funktionellt s\u00e4tt. Detta g\u00f6r den idealisk som f\u00f6retagsg\u00e5va eller handout f\u00f6r m\u00e4ssor d\u00e4r du vill ge en g\u00e5va som b\u00e5de \u00e4r anv\u00e4ndbar och skickar en gr\u00f6n signal.  <\/p>\n<p>N\u00e4r du v\u00e4ljer en milj\u00f6v\u00e4nlig halsv\u00e4rmare i ekologisk bomull f\u00e5r du mer \u00e4n bara ett kl\u00e4desplagg. Du f\u00e5r en klimatv\u00e4nlig produkt som kombinerar komfort, funktionalitet och omtanke om milj\u00f6n \u2013 ett litet men starkt budskap om gr\u00f6na v\u00e4rden. <\/p>\n<p>Bomull \u00e4r en biologiskt nedbrytbar, komposterbar naturprodukt och en av v\u00e4rldens \u00e4ldsta handels- och jordbruksprodukter. Ekologisk bomull odlas med icke genmanipulerat uts\u00e4de och utan anv\u00e4ndning av pesticider och andra skadliga kemikalier.  GOTS certificeringen \u00e4r en garanti f\u00f6r, att dina kl\u00e4der \u00e4r producerade ekologiskt och milj\u00f6m\u00e4ssigt korrekt under ordentgliga l\u00f6n- och arbetsf\u00f6rh\u00e5llanden. <\/p>\n<p>&nbsp;<\/p>\n<p><img loading=\"lazy\" decoding=\"async\" class=\"size-full wp-image-24814\" src=\"https:\/\/grontkontor.dk\/wp-content\/uploads\/2021\/06\/ce-certificeret.jpg\" alt=\"CE Certificeret\" width=\"50\" height=\"50\" srcset=\"https:\/\/grontkontor.dk\/wp-content\/uploads\/2021\/06\/ce-certificeret.jpg 209w, https:\/\/grontkontor.dk\/wp-content\/uploads\/2021\/06\/ce-certificeret-100x100.jpg 100w, https:\/\/grontkontor.dk\/wp-content\/uploads\/2021\/06\/ce-certificeret-150x150.jpg 150w\" sizes=\"(max-width: 50px) 100vw, 50px\" \/> <a href=\"https:\/\/www.eco-branding.dk\/miljoemaerkning\/gots.aspx\" rel=\"noopener\" target=\"_blank\"><img loading=\"lazy\" decoding=\"async\" class=\"size-full wp-image-12808\" src=\"https:\/\/grontkontor.dk\/wp-content\/uploads\/2019\/04\/gots-certificeret.jpg\" \n   alt=\"Gots certificeret - din garanti for, at produktet indeholder mindst 70% ?kologisk bomuld\"  description=\"Gots certificeret - din garanti for, at produktet indeholder mindst 70% ?kologisk bomuld\" width=\"50\" height=\"50\" \n\t border=0 \/><\/a><\/p>\n","protected":false},"excerpt":{"rendered":"<p>En klimatsmart halsv\u00e4rmare i 100% ekologisk bomull \u00e4r ett smart och praktiskt val f\u00f6r b\u00e5de vardagsbruk och event. Tyget v\u00e4ger 150 g\/m\u00b2 och \u00e4r l\u00e4tt, andningsbart och bekv\u00e4mt att b\u00e4ra \u2013 perfekt f\u00f6r att skydda nacke och ansikte fr\u00e5n vind, kyla eller sol. Den ekologiska bomullen \u00e4r odlad utan anv\u00e4ndning av skadliga \u00e4mnen, vilket g\u00f6r [&hellip;]<\/p>\n","protected":false},"featured_media":33499,"comment_status":"closed","ping_status":"closed","template":"","meta":{"_acf_changed":false},"product_cat":[4838,2107,867,2394],"product_tag":[3000],"class_list":{"0":"post-81765","1":"product","2":"type-product","3":"status-publish","4":"has-post-thumbnail","6":"product_cat-huvudbonad","7":"product_cat-dummy-moq-1-sv","8":"product_cat-miljovaenliga-foretagspresenter","9":"product_cat-nyheter","10":"product_tag-halsvaermer","11":"tm-has-options","13":"first","14":"onbackorder","15":"taxable","16":"shipping-taxable","17":"purchasable","18":"product-type-variable"},"acf":[],"yoast_head":"<!-- This site is optimized with the Yoast SEO Premium plugin v21.2 (Yoast SEO v21.2) - https:\/\/yoast.com\/wordpress\/plugins\/seo\/ -->\n<title>Milj\u00f6v\u00e4nliga halsv\u00e4rmer m\/u tryck - Gr\u00f8nt Kontor<\/title>\n<meta name=\"description\" content=\"Klimatsmart halsv\u00e4rmare i 100% ekologisk bomull. Milj\u00f6v\u00e4nliga profilkl\u00e4der i l\u00e4tt 150 gsm kvalitet. Perfekt som f\u00f6retagspresent med logotyptryck.\" \/>\n<meta name=\"robots\" content=\"index, follow, max-snippet:-1, max-image-preview:large, max-video-preview:-1\" \/>\n<link rel=\"canonical\" href=\"https:\/\/grontkontor.dk\/sv\/shop\/miljoevenlig-halsedisse\/\" \/>\n<meta property=\"og:locale\" content=\"sv_SE\" \/>\n<meta property=\"og:type\" content=\"article\" \/>\n<meta property=\"og:title\" content=\"Milj\u00f6v\u00e4nliga halsv\u00e4rmer m\/u tryck\" \/>\n<meta property=\"og:description\" content=\"Klimatsmart halsv\u00e4rmare i 100% ekologisk bomull. Milj\u00f6v\u00e4nliga profilkl\u00e4der i l\u00e4tt 150 gsm kvalitet. Perfekt som f\u00f6retagspresent med logotyptryck.\" \/>\n<meta property=\"og:url\" content=\"https:\/\/grontkontor.dk\/sv\/shop\/miljoevenlig-halsedisse\/\" \/>\n<meta property=\"og:site_name\" content=\"Gr\u00f8nt Kontor\" \/>\n<meta property=\"article:publisher\" content=\"https:\/\/www.facebook.com\/grontkontor.dk\/\" \/>\n<meta property=\"article:modified_time\" content=\"2025-11-06T10:28:05+00:00\" \/>\n<meta property=\"og:image\" content=\"https:\/\/grontkontor.dk\/wp-content\/uploads\/2022\/01\/Halsedisse-groen.jpg\" \/>\n\t<meta property=\"og:image:width\" content=\"900\" \/>\n\t<meta property=\"og:image:height\" content=\"639\" \/>\n\t<meta property=\"og:image:type\" content=\"image\/jpeg\" \/>\n<meta name=\"twitter:card\" content=\"summary_large_image\" \/>\n<meta name=\"twitter:label1\" content=\"Ber\u00e4knad l\u00e4stid\" \/>\n\t<meta name=\"twitter:data1\" content=\"1 minut\" \/>\n<script type=\"application\/ld+json\" class=\"yoast-schema-graph\">{\"@context\":\"https:\/\/schema.org\",\"@graph\":[{\"@type\":\"WebPage\",\"@id\":\"https:\/\/grontkontor.dk\/sv\/shop\/miljoevenlig-halsedisse\/\",\"url\":\"https:\/\/grontkontor.dk\/sv\/shop\/miljoevenlig-halsedisse\/\",\"name\":\"Milj\u00f6v\u00e4nliga halsv\u00e4rmer m\/u tryck - Gr\u00f8nt Kontor\",\"isPartOf\":{\"@id\":\"https:\/\/grontkontor.dk\/#website\"},\"datePublished\":\"2024-02-27T12:21:30+00:00\",\"dateModified\":\"2025-11-06T10:28:05+00:00\",\"description\":\"Klimatsmart halsv\u00e4rmare i 100% ekologisk bomull. Milj\u00f6v\u00e4nliga profilkl\u00e4der i l\u00e4tt 150 gsm kvalitet. Perfekt som f\u00f6retagspresent med logotyptryck.\",\"breadcrumb\":{\"@id\":\"https:\/\/grontkontor.dk\/sv\/shop\/miljoevenlig-halsedisse\/#breadcrumb\"},\"inLanguage\":\"sv-SE\",\"potentialAction\":[{\"@type\":\"ReadAction\",\"target\":[\"https:\/\/grontkontor.dk\/sv\/shop\/miljoevenlig-halsedisse\/\"]}]},{\"@type\":\"BreadcrumbList\",\"@id\":\"https:\/\/grontkontor.dk\/sv\/shop\/miljoevenlig-halsedisse\/#breadcrumb\",\"itemListElement\":[{\"@type\":\"ListItem\",\"position\":1,\"name\":\"Forside\",\"item\":\"https:\/\/grontkontor.dk\/\"},{\"@type\":\"ListItem\",\"position\":2,\"name\":\"Shop\",\"item\":\"https:\/\/grontkontor.dk\/sv\/shop\/\"},{\"@type\":\"ListItem\",\"position\":3,\"name\":\"Kl\u00e4der\",\"item\":\"https:\/\/grontkontor.dk\/sv\/produkt-kategori\/beklaedning-sv\/\"},{\"@type\":\"ListItem\",\"position\":4,\"name\":\"Huvudbonad\",\"item\":\"https:\/\/grontkontor.dk\/sv\/produkt-kategori\/beklaedning-sv\/huvudbonad\/\"},{\"@type\":\"ListItem\",\"position\":5,\"name\":\"Milj\u00f6v\u00e4nliga halsv\u00e4rmer m\/u tryck\"}]},{\"@type\":\"WebSite\",\"@id\":\"https:\/\/grontkontor.dk\/#website\",\"url\":\"https:\/\/grontkontor.dk\/\",\"name\":\"Gr\u00f8nt Kontor\",\"description\":\"Milj\u00f8venlige produkter til kontor og erhverv med fokus p\u00e5 b\u00e6redygtighed, design og fair trade.\",\"publisher\":{\"@id\":\"https:\/\/grontkontor.dk\/#organization\"},\"potentialAction\":[{\"@type\":\"SearchAction\",\"target\":{\"@type\":\"EntryPoint\",\"urlTemplate\":\"https:\/\/grontkontor.dk\/?s={search_term_string}\"},\"query-input\":\"required name=search_term_string\"}],\"inLanguage\":\"sv-SE\"},{\"@type\":\"Organization\",\"@id\":\"https:\/\/grontkontor.dk\/#organization\",\"name\":\"Gr\u00f8nt Kontor\",\"url\":\"https:\/\/grontkontor.dk\/\",\"logo\":{\"@type\":\"ImageObject\",\"inLanguage\":\"sv-SE\",\"@id\":\"https:\/\/grontkontor.dk\/#\/schema\/logo\/image\/\",\"url\":\"https:\/\/grontkontor.dk\/wp-content\/uploads\/2014\/02\/Logo_groent_kontor_300x80.png\",\"contentUrl\":\"https:\/\/grontkontor.dk\/wp-content\/uploads\/2014\/02\/Logo_groent_kontor_300x80.png\",\"width\":300,\"height\":80,\"caption\":\"Gr\u00f8nt Kontor\"},\"image\":{\"@id\":\"https:\/\/grontkontor.dk\/#\/schema\/logo\/image\/\"},\"sameAs\":[\"https:\/\/www.facebook.com\/grontkontor.dk\/\"]}]}<\/script>\n<!-- \/ Yoast SEO Premium plugin. -->","yoast_head_json":{"title":"Milj\u00f6v\u00e4nliga halsv\u00e4rmer m\/u tryck - Gr\u00f8nt Kontor","description":"Klimatsmart halsv\u00e4rmare i 100% ekologisk bomull. Milj\u00f6v\u00e4nliga profilkl\u00e4der i l\u00e4tt 150 gsm kvalitet. Perfekt som f\u00f6retagspresent med logotyptryck.","robots":{"index":"index","follow":"follow","max-snippet":"max-snippet:-1","max-image-preview":"max-image-preview:large","max-video-preview":"max-video-preview:-1"},"canonical":"https:\/\/grontkontor.dk\/sv\/shop\/miljoevenlig-halsedisse\/","og_locale":"sv_SE","og_type":"article","og_title":"Milj\u00f6v\u00e4nliga halsv\u00e4rmer m\/u tryck","og_description":"Klimatsmart halsv\u00e4rmare i 100% ekologisk bomull. Milj\u00f6v\u00e4nliga profilkl\u00e4der i l\u00e4tt 150 gsm kvalitet. Perfekt som f\u00f6retagspresent med logotyptryck.","og_url":"https:\/\/grontkontor.dk\/sv\/shop\/miljoevenlig-halsedisse\/","og_site_name":"Gr\u00f8nt Kontor","article_publisher":"https:\/\/www.facebook.com\/grontkontor.dk\/","article_modified_time":"2025-11-06T10:28:05+00:00","og_image":[{"width":900,"height":639,"url":"https:\/\/grontkontor.dk\/wp-content\/uploads\/2022\/01\/Halsedisse-groen.jpg","type":"image\/jpeg"}],"twitter_card":"summary_large_image","twitter_misc":{"Ber\u00e4knad l\u00e4stid":"1 minut"},"schema":{"@context":"https:\/\/schema.org","@graph":[{"@type":"WebPage","@id":"https:\/\/grontkontor.dk\/sv\/shop\/miljoevenlig-halsedisse\/","url":"https:\/\/grontkontor.dk\/sv\/shop\/miljoevenlig-halsedisse\/","name":"Milj\u00f6v\u00e4nliga halsv\u00e4rmer m\/u tryck - Gr\u00f8nt Kontor","isPartOf":{"@id":"https:\/\/grontkontor.dk\/#website"},"datePublished":"2024-02-27T12:21:30+00:00","dateModified":"2025-11-06T10:28:05+00:00","description":"Klimatsmart halsv\u00e4rmare i 100% ekologisk bomull. Milj\u00f6v\u00e4nliga profilkl\u00e4der i l\u00e4tt 150 gsm kvalitet. Perfekt som f\u00f6retagspresent med logotyptryck.","breadcrumb":{"@id":"https:\/\/grontkontor.dk\/sv\/shop\/miljoevenlig-halsedisse\/#breadcrumb"},"inLanguage":"sv-SE","potentialAction":[{"@type":"ReadAction","target":["https:\/\/grontkontor.dk\/sv\/shop\/miljoevenlig-halsedisse\/"]}]},{"@type":"BreadcrumbList","@id":"https:\/\/grontkontor.dk\/sv\/shop\/miljoevenlig-halsedisse\/#breadcrumb","itemListElement":[{"@type":"ListItem","position":1,"name":"Forside","item":"https:\/\/grontkontor.dk\/"},{"@type":"ListItem","position":2,"name":"Shop","item":"https:\/\/grontkontor.dk\/sv\/shop\/"},{"@type":"ListItem","position":3,"name":"Kl\u00e4der","item":"https:\/\/grontkontor.dk\/sv\/produkt-kategori\/beklaedning-sv\/"},{"@type":"ListItem","position":4,"name":"Huvudbonad","item":"https:\/\/grontkontor.dk\/sv\/produkt-kategori\/beklaedning-sv\/huvudbonad\/"},{"@type":"ListItem","position":5,"name":"Milj\u00f6v\u00e4nliga halsv\u00e4rmer m\/u tryck"}]},{"@type":"WebSite","@id":"https:\/\/grontkontor.dk\/#website","url":"https:\/\/grontkontor.dk\/","name":"Gr\u00f8nt Kontor","description":"Milj\u00f8venlige produkter til kontor og erhverv med fokus p\u00e5 b\u00e6redygtighed, design og fair trade.","publisher":{"@id":"https:\/\/grontkontor.dk\/#organization"},"potentialAction":[{"@type":"SearchAction","target":{"@type":"EntryPoint","urlTemplate":"https:\/\/grontkontor.dk\/?s={search_term_string}"},"query-input":"required name=search_term_string"}],"inLanguage":"sv-SE"},{"@type":"Organization","@id":"https:\/\/grontkontor.dk\/#organization","name":"Gr\u00f8nt Kontor","url":"https:\/\/grontkontor.dk\/","logo":{"@type":"ImageObject","inLanguage":"sv-SE","@id":"https:\/\/grontkontor.dk\/#\/schema\/logo\/image\/","url":"https:\/\/grontkontor.dk\/wp-content\/uploads\/2014\/02\/Logo_groent_kontor_300x80.png","contentUrl":"https:\/\/grontkontor.dk\/wp-content\/uploads\/2014\/02\/Logo_groent_kontor_300x80.png","width":300,"height":80,"caption":"Gr\u00f8nt Kontor"},"image":{"@id":"https:\/\/grontkontor.dk\/#\/schema\/logo\/image\/"},"sameAs":["https:\/\/www.facebook.com\/grontkontor.dk\/"]}]}},"_links":{"self":[{"href":"https:\/\/grontkontor.dk\/sv\/wp-json\/wp\/v2\/product\/81765"}],"collection":[{"href":"https:\/\/grontkontor.dk\/sv\/wp-json\/wp\/v2\/product"}],"about":[{"href":"https:\/\/grontkontor.dk\/sv\/wp-json\/wp\/v2\/types\/product"}],"replies":[{"embeddable":true,"href":"https:\/\/grontkontor.dk\/sv\/wp-json\/wp\/v2\/comments?post=81765"}],"wp:featuredmedia":[{"embeddable":true,"href":"https:\/\/grontkontor.dk\/sv\/wp-json\/wp\/v2\/media\/33499"}],"wp:attachment":[{"href":"https:\/\/grontkontor.dk\/sv\/wp-json\/wp\/v2\/media?parent=81765"}],"wp:term":[{"taxonomy":"product_cat","embeddable":true,"href":"https:\/\/grontkontor.dk\/sv\/wp-json\/wp\/v2\/product_cat?post=81765"},{"taxonomy":"product_tag","embeddable":true,"href":"https:\/\/grontkontor.dk\/sv\/wp-json\/wp\/v2\/product_tag?post=81765"}],"curies":[{"name":"wp","href":"https:\/\/api.w.org\/{rel}","templated":true}]}}