{"id":81911,"date":"2023-09-22T13:14:27","date_gmt":"2024-02-28T09:15:11","guid":{"rendered":"https:\/\/grontkontor.dk\/shop\/tvaettbar-ansiktsmask-i-bomull-m-u-tryck\/"},"modified":"2025-11-06T11:19:15","modified_gmt":"2025-11-06T10:19:15","slug":"vaskbart-mundbind-i-bomuld-og-polyester","status":"publish","type":"product","link":"https:\/\/grontkontor.dk\/sv\/shop\/vaskbart-mundbind-i-bomuld-og-polyester\/","title":{"rendered":"Tv\u00e4ttbar ansiktsmask i bomull m\/u tryck"},"content":{"rendered":"<p>\u00c5teranv\u00e4ndbar oekotex-certifierad ansiktsmask i vuxenstorlek. Kan tv\u00e4ttas upp till 25 g\u00e5nger vid rekommenderad temperatur min. 60 grader. 2-lagers &#8211; Ej CE-certifierad.<br \/>\nTillverkad av ca 50% bomull &#8211; 50% polyester med elastiska band i naturgummi.<br \/>\nKan inte returneras av h\u00e4lsosk\u00e4l.<\/p>\nBestil uforpligtende tilbud p\u00e5 broderi hos <a class=\"light\" href=\"mailto:jens@grontkontor.dk\">jens@grontkontor.dk<\/a>\n<p>&nbsp;<\/p>\n<p>Bomull \u00e4r ett biologiskt nedbrytbart och komposterbar naturprodukt.\nDenna produkt \u00e4r en av f\u00e5 som vi har p\u00e5 hyllan, som valts ut enbart f\u00f6r den unika designen. F\u00f6r ett mer h\u00e5llbart val vill vi rekomendera ekologisk eller \u00e5tervunnen bomull ist\u00e4llet.  OEKO-TEX\u00ae Standard 100 certificeringen, s\u00e4krar ett minimalt inneh\u00e5ll av potentiellt h\u00e4lsofarliga produkter. <\/p>\n<p>&nbsp;<\/p>\n<a href=\"http:\/\/www.okotex.dk\/om-oeko-tex\/\" target=\"window\"><img loading=\"lazy\" decoding=\"async\" class=\"alignnone size-full wp-image-10567\" src=\"https:\/\/grontkontor.dk\/wp-content\/uploads\/2018\/08\/Oeko-Tex-Certificate.jpg\" \n alt=\"OEKO-TEX?-m?rkede tekstiler er sikre tekstiler, der ikke skader kroppen. Klik p? logoet for yderligere information.\" width=\"77\" height=\"50\" border=0 \/><\/a>\n<p>&nbsp;<\/p>\n","protected":false},"excerpt":{"rendered":"<p>\u00c5teranv\u00e4ndbar oekotex-certifierad ansiktsmask i vuxenstorlek. Kan tv\u00e4ttas upp till 25 g\u00e5nger vid rekommenderad temperatur min. 60 grader. 2-lagers &#8211; Ej CE-certifierad. Tillverkad av ca 50% bomull &#8211; 50% polyester med elastiska band i naturgummi. Kan inte returneras av h\u00e4lsosk\u00e4l. &nbsp; &nbsp; &nbsp;<\/p>\n","protected":false},"featured_media":21320,"comment_status":"closed","ping_status":"closed","template":"","meta":{"_acf_changed":false},"product_cat":[2107,867,2142,2103],"product_tag":[3037],"class_list":{"0":"post-81911","1":"product","2":"type-product","3":"status-publish","4":"has-post-thumbnail","6":"product_cat-dummy-moq-1-sv","7":"product_cat-miljovaenliga-foretagspresenter","8":"product_cat-beklaedning-sv","9":"product_cat-utstallning-och-event","10":"product_tag-ansiktsmasker","11":"pa_farve-blaa-min-100-stk-sv","12":"pa_farve-fuchsia-min-100-stk-sv","13":"pa_farve-graa-min-100-stk-sv","14":"pa_farve-natur-min-100-stk-sv","15":"pa_farve-groen-sv","16":"pa_farve-roed-sv","17":"pa_farve-sort-sv","18":"pa_farve-hvid-sv","19":"tm-has-options","21":"first","22":"instock","23":"taxable","24":"shipping-taxable","25":"purchasable","26":"product-type-variable"},"acf":[],"yoast_head":"<!-- This site is optimized with the Yoast SEO Premium plugin v21.2 (Yoast SEO v21.2) - https:\/\/yoast.com\/wordpress\/plugins\/seo\/ -->\n<title>Tv\u00e4ttbar ansiktsmask i bomull m\/u tryck - Gr\u00f8nt Kontor<\/title>\n<meta name=\"robots\" content=\"index, follow, max-snippet:-1, max-image-preview:large, max-video-preview:-1\" \/>\n<link rel=\"canonical\" href=\"https:\/\/grontkontor.dk\/sv\/shop\/vaskbart-mundbind-i-bomuld-og-polyester\/\" \/>\n<meta property=\"og:locale\" content=\"sv_SE\" \/>\n<meta property=\"og:type\" content=\"article\" \/>\n<meta property=\"og:title\" content=\"Tv\u00e4ttbar ansiktsmask i bomull m\/u tryck\" \/>\n<meta property=\"og:description\" content=\"\u00c5teranv\u00e4ndbar oekotex-certifierad ansiktsmask i vuxenstorlek. Kan tv\u00e4ttas upp till 25 g\u00e5nger vid rekommenderad temperatur min. 60 grader. 2-lagers &#8211; Ej CE-certifierad. Tillverkad av ca 50% bomull &#8211; 50% polyester med elastiska band i naturgummi. Kan inte returneras av h\u00e4lsosk\u00e4l. &nbsp; &nbsp; &nbsp;\" \/>\n<meta property=\"og:url\" content=\"https:\/\/grontkontor.dk\/sv\/shop\/vaskbart-mundbind-i-bomuld-og-polyester\/\" \/>\n<meta property=\"og:site_name\" content=\"Gr\u00f8nt Kontor\" \/>\n<meta property=\"article:publisher\" content=\"https:\/\/www.facebook.com\/grontkontor.dk\/\" \/>\n<meta property=\"article:modified_time\" content=\"2025-11-06T10:19:15+00:00\" \/>\n<meta property=\"og:image\" content=\"https:\/\/grontkontor.dk\/wp-content\/uploads\/2020\/12\/mundbind-bomuld-polyester-m-u-tryk-2.jpg\" \/>\n\t<meta property=\"og:image:width\" content=\"900\" \/>\n\t<meta property=\"og:image:height\" content=\"639\" \/>\n\t<meta property=\"og:image:type\" content=\"image\/jpeg\" \/>\n<meta name=\"twitter:card\" content=\"summary_large_image\" \/>\n<script type=\"application\/ld+json\" class=\"yoast-schema-graph\">{\"@context\":\"https:\/\/schema.org\",\"@graph\":[{\"@type\":\"WebPage\",\"@id\":\"https:\/\/grontkontor.dk\/sv\/shop\/vaskbart-mundbind-i-bomuld-og-polyester\/\",\"url\":\"https:\/\/grontkontor.dk\/sv\/shop\/vaskbart-mundbind-i-bomuld-og-polyester\/\",\"name\":\"Tv\u00e4ttbar ansiktsmask i bomull m\/u tryck - Gr\u00f8nt Kontor\",\"isPartOf\":{\"@id\":\"https:\/\/grontkontor.dk\/#website\"},\"datePublished\":\"2024-02-28T09:15:11+00:00\",\"dateModified\":\"2025-11-06T10:19:15+00:00\",\"breadcrumb\":{\"@id\":\"https:\/\/grontkontor.dk\/sv\/shop\/vaskbart-mundbind-i-bomuld-og-polyester\/#breadcrumb\"},\"inLanguage\":\"sv-SE\",\"potentialAction\":[{\"@type\":\"ReadAction\",\"target\":[\"https:\/\/grontkontor.dk\/sv\/shop\/vaskbart-mundbind-i-bomuld-og-polyester\/\"]}]},{\"@type\":\"BreadcrumbList\",\"@id\":\"https:\/\/grontkontor.dk\/sv\/shop\/vaskbart-mundbind-i-bomuld-og-polyester\/#breadcrumb\",\"itemListElement\":[{\"@type\":\"ListItem\",\"position\":1,\"name\":\"Forside\",\"item\":\"https:\/\/grontkontor.dk\/\"},{\"@type\":\"ListItem\",\"position\":2,\"name\":\"Shop\",\"item\":\"https:\/\/grontkontor.dk\/sv\/shop\/\"},{\"@type\":\"ListItem\",\"position\":3,\"name\":\"Bekl\u00e6dning\",\"item\":\"https:\/\/grontkontor.dk\/produkt-kategori\/beklaedning\/\"},{\"@type\":\"ListItem\",\"position\":4,\"name\":\"Tv\u00e4ttbar ansiktsmask i bomull m\/u tryck\"}]},{\"@type\":\"WebSite\",\"@id\":\"https:\/\/grontkontor.dk\/#website\",\"url\":\"https:\/\/grontkontor.dk\/\",\"name\":\"Gr\u00f8nt Kontor\",\"description\":\"Milj\u00f8venlige produkter til kontor og erhverv med fokus p\u00e5 b\u00e6redygtighed, design og fair trade.\",\"publisher\":{\"@id\":\"https:\/\/grontkontor.dk\/#organization\"},\"potentialAction\":[{\"@type\":\"SearchAction\",\"target\":{\"@type\":\"EntryPoint\",\"urlTemplate\":\"https:\/\/grontkontor.dk\/?s={search_term_string}\"},\"query-input\":\"required name=search_term_string\"}],\"inLanguage\":\"sv-SE\"},{\"@type\":\"Organization\",\"@id\":\"https:\/\/grontkontor.dk\/#organization\",\"name\":\"Gr\u00f8nt Kontor\",\"url\":\"https:\/\/grontkontor.dk\/\",\"logo\":{\"@type\":\"ImageObject\",\"inLanguage\":\"sv-SE\",\"@id\":\"https:\/\/grontkontor.dk\/#\/schema\/logo\/image\/\",\"url\":\"https:\/\/grontkontor.dk\/wp-content\/uploads\/2014\/02\/Logo_groent_kontor_300x80.png\",\"contentUrl\":\"https:\/\/grontkontor.dk\/wp-content\/uploads\/2014\/02\/Logo_groent_kontor_300x80.png\",\"width\":300,\"height\":80,\"caption\":\"Gr\u00f8nt Kontor\"},\"image\":{\"@id\":\"https:\/\/grontkontor.dk\/#\/schema\/logo\/image\/\"},\"sameAs\":[\"https:\/\/www.facebook.com\/grontkontor.dk\/\"]}]}<\/script>\n<!-- \/ Yoast SEO Premium plugin. -->","yoast_head_json":{"title":"Tv\u00e4ttbar ansiktsmask i bomull m\/u tryck - Gr\u00f8nt Kontor","robots":{"index":"index","follow":"follow","max-snippet":"max-snippet:-1","max-image-preview":"max-image-preview:large","max-video-preview":"max-video-preview:-1"},"canonical":"https:\/\/grontkontor.dk\/sv\/shop\/vaskbart-mundbind-i-bomuld-og-polyester\/","og_locale":"sv_SE","og_type":"article","og_title":"Tv\u00e4ttbar ansiktsmask i bomull m\/u tryck","og_description":"\u00c5teranv\u00e4ndbar oekotex-certifierad ansiktsmask i vuxenstorlek. Kan tv\u00e4ttas upp till 25 g\u00e5nger vid rekommenderad temperatur min. 60 grader. 2-lagers &#8211; Ej CE-certifierad. Tillverkad av ca 50% bomull &#8211; 50% polyester med elastiska band i naturgummi. Kan inte returneras av h\u00e4lsosk\u00e4l. &nbsp; &nbsp; &nbsp;","og_url":"https:\/\/grontkontor.dk\/sv\/shop\/vaskbart-mundbind-i-bomuld-og-polyester\/","og_site_name":"Gr\u00f8nt Kontor","article_publisher":"https:\/\/www.facebook.com\/grontkontor.dk\/","article_modified_time":"2025-11-06T10:19:15+00:00","og_image":[{"width":900,"height":639,"url":"https:\/\/grontkontor.dk\/wp-content\/uploads\/2020\/12\/mundbind-bomuld-polyester-m-u-tryk-2.jpg","type":"image\/jpeg"}],"twitter_card":"summary_large_image","schema":{"@context":"https:\/\/schema.org","@graph":[{"@type":"WebPage","@id":"https:\/\/grontkontor.dk\/sv\/shop\/vaskbart-mundbind-i-bomuld-og-polyester\/","url":"https:\/\/grontkontor.dk\/sv\/shop\/vaskbart-mundbind-i-bomuld-og-polyester\/","name":"Tv\u00e4ttbar ansiktsmask i bomull m\/u tryck - Gr\u00f8nt Kontor","isPartOf":{"@id":"https:\/\/grontkontor.dk\/#website"},"datePublished":"2024-02-28T09:15:11+00:00","dateModified":"2025-11-06T10:19:15+00:00","breadcrumb":{"@id":"https:\/\/grontkontor.dk\/sv\/shop\/vaskbart-mundbind-i-bomuld-og-polyester\/#breadcrumb"},"inLanguage":"sv-SE","potentialAction":[{"@type":"ReadAction","target":["https:\/\/grontkontor.dk\/sv\/shop\/vaskbart-mundbind-i-bomuld-og-polyester\/"]}]},{"@type":"BreadcrumbList","@id":"https:\/\/grontkontor.dk\/sv\/shop\/vaskbart-mundbind-i-bomuld-og-polyester\/#breadcrumb","itemListElement":[{"@type":"ListItem","position":1,"name":"Forside","item":"https:\/\/grontkontor.dk\/"},{"@type":"ListItem","position":2,"name":"Shop","item":"https:\/\/grontkontor.dk\/sv\/shop\/"},{"@type":"ListItem","position":3,"name":"Bekl\u00e6dning","item":"https:\/\/grontkontor.dk\/produkt-kategori\/beklaedning\/"},{"@type":"ListItem","position":4,"name":"Tv\u00e4ttbar ansiktsmask i bomull m\/u tryck"}]},{"@type":"WebSite","@id":"https:\/\/grontkontor.dk\/#website","url":"https:\/\/grontkontor.dk\/","name":"Gr\u00f8nt Kontor","description":"Milj\u00f8venlige produkter til kontor og erhverv med fokus p\u00e5 b\u00e6redygtighed, design og fair trade.","publisher":{"@id":"https:\/\/grontkontor.dk\/#organization"},"potentialAction":[{"@type":"SearchAction","target":{"@type":"EntryPoint","urlTemplate":"https:\/\/grontkontor.dk\/?s={search_term_string}"},"query-input":"required name=search_term_string"}],"inLanguage":"sv-SE"},{"@type":"Organization","@id":"https:\/\/grontkontor.dk\/#organization","name":"Gr\u00f8nt Kontor","url":"https:\/\/grontkontor.dk\/","logo":{"@type":"ImageObject","inLanguage":"sv-SE","@id":"https:\/\/grontkontor.dk\/#\/schema\/logo\/image\/","url":"https:\/\/grontkontor.dk\/wp-content\/uploads\/2014\/02\/Logo_groent_kontor_300x80.png","contentUrl":"https:\/\/grontkontor.dk\/wp-content\/uploads\/2014\/02\/Logo_groent_kontor_300x80.png","width":300,"height":80,"caption":"Gr\u00f8nt Kontor"},"image":{"@id":"https:\/\/grontkontor.dk\/#\/schema\/logo\/image\/"},"sameAs":["https:\/\/www.facebook.com\/grontkontor.dk\/"]}]}},"_links":{"self":[{"href":"https:\/\/grontkontor.dk\/sv\/wp-json\/wp\/v2\/product\/81911"}],"collection":[{"href":"https:\/\/grontkontor.dk\/sv\/wp-json\/wp\/v2\/product"}],"about":[{"href":"https:\/\/grontkontor.dk\/sv\/wp-json\/wp\/v2\/types\/product"}],"replies":[{"embeddable":true,"href":"https:\/\/grontkontor.dk\/sv\/wp-json\/wp\/v2\/comments?post=81911"}],"wp:featuredmedia":[{"embeddable":true,"href":"https:\/\/grontkontor.dk\/sv\/wp-json\/wp\/v2\/media\/21320"}],"wp:attachment":[{"href":"https:\/\/grontkontor.dk\/sv\/wp-json\/wp\/v2\/media?parent=81911"}],"wp:term":[{"taxonomy":"product_cat","embeddable":true,"href":"https:\/\/grontkontor.dk\/sv\/wp-json\/wp\/v2\/product_cat?post=81911"},{"taxonomy":"product_tag","embeddable":true,"href":"https:\/\/grontkontor.dk\/sv\/wp-json\/wp\/v2\/product_tag?post=81911"}],"curies":[{"name":"wp","href":"https:\/\/api.w.org\/{rel}","templated":true}]}}