{"id":83718,"date":"2024-04-09T09:49:01","date_gmt":"2024-04-09T07:49:03","guid":{"rendered":"https:\/\/grontkontor.dk\/?post_type=product&#038;p=83718"},"modified":"2024-09-04T09:33:24","modified_gmt":"2024-09-04T07:33:24","slug":"penna-i-kork","status":"publish","type":"product","link":"https:\/\/grontkontor.dk\/sv\/shop\/penna-i-kork\/","title":{"rendered":"Kulspetspenna i kork"},"content":{"rendered":"<p>L\u00e4cker och billig penna i milj\u00f6v\u00e4nlig kork. Metallkl\u00e4mmor, bl\u00e5tt bl\u00e4ck och vridmekanism.  Kork er et yderst klimavenlig, bionedbrydeligt og komposterbart naturmateriale, der stammer fra korkegen, der gror i hele middelhavsregionen. Kork er en hurtigt regenererende ressource der kan h\u00f8stes hvert \u00e5r p\u00e5 samme tr\u00e6, og er et materiale anbefalet af Verdensnaturfonden. Korkegeskove underst\u00f8tter et af de h\u00f8jeste niveauer af biodiversitet sammenlignet med andre skovtyper. <\/p>\nSt\u00e5l\/j\u00e4rn er en \u00e5teranv\u00e4ndbar och praktiskt taget obegr\u00e4nsad resurs som inte f\u00f6rorenar vid kassering. St\u00e5l kan \u00e5tervinnas i det o\u00e4ndliga, vilket sker i s\u00e5 stor utstr\u00e4ckning att absolut st\u00f6rsta delen av allt st\u00e5l p\u00e5 marknaden, i huvudsak, best\u00e5r av \u00e5tervunnen st\u00e5l. \n<p>&nbsp;<\/p>\n<img loading=\"lazy\" decoding=\"async\" src=\"https:\/\/grontkontor.dk\/wp-content\/uploads\/2021\/02\/genbrug.jpg\" alt=\"Fremstillet af genbrugsmaterialer\" width=\"50\" height=\"50\" class=\"size-full wp-image-23031\" srcset=\"https:\/\/grontkontor.dk\/wp-content\/uploads\/2021\/02\/genbrug.jpg 199w, https:\/\/grontkontor.dk\/wp-content\/uploads\/2021\/02\/genbrug-100x100.jpg 100w\" sizes=\"(max-width: 50px) 100vw, 50px\" \/>\n","protected":false},"excerpt":{"rendered":"<p>L\u00e4cker och billig penna i milj\u00f6v\u00e4nlig kork. Metallkl\u00e4mmor, bl\u00e5tt bl\u00e4ck och vridmekanism. &nbsp;<\/p>\n","protected":false},"featured_media":83727,"comment_status":"closed","ping_status":"closed","template":"","meta":{"_acf_changed":false},"product_cat":[4415,2107,2394,667,1677,665],"product_tag":[766,796],"class_list":{"0":"post-83718","1":"product","2":"type-product","3":"status-publish","4":"has-post-thumbnail","6":"product_cat-pennor-och-blyertspennor","7":"product_cat-dummy-moq-1-sv","8":"product_cat-nyheter","9":"product_cat-kulspetspennor","10":"product_cat-kulpennor-med-tryck","11":"product_cat-skrivtillbehoer","12":"product_tag-kulpenna","13":"product_tag-penna","14":"pa_farve-marineblaa-sv","15":"pa_farve-graa-sv","16":"pa_farve-sort-sv","17":"pa_farve-hvid-sv","18":"tm-has-options","20":"first","21":"instock","22":"taxable","23":"shipping-taxable","24":"purchasable","25":"product-type-simple"},"acf":[],"yoast_head":"<!-- This site is optimized with the Yoast SEO Premium plugin v21.2 (Yoast SEO v21.2) - https:\/\/yoast.com\/wordpress\/plugins\/seo\/ -->\n<title>Kulspetspenna i kork - Gr\u00f8nt Kontor<\/title>\n<meta name=\"robots\" content=\"index, follow, max-snippet:-1, max-image-preview:large, max-video-preview:-1\" \/>\n<link rel=\"canonical\" href=\"https:\/\/grontkontor.dk\/sv\/shop\/penna-i-kork\/\" \/>\n<meta property=\"og:locale\" content=\"sv_SE\" \/>\n<meta property=\"og:type\" content=\"article\" \/>\n<meta property=\"og:title\" content=\"Kulspetspenna i kork\" \/>\n<meta property=\"og:description\" content=\"L\u00e4cker och billig penna i milj\u00f6v\u00e4nlig kork. Metallkl\u00e4mmor, bl\u00e5tt bl\u00e4ck och vridmekanism. &nbsp;\" \/>\n<meta property=\"og:url\" content=\"https:\/\/grontkontor.dk\/sv\/shop\/penna-i-kork\/\" \/>\n<meta property=\"og:site_name\" content=\"Gr\u00f8nt Kontor\" \/>\n<meta property=\"article:publisher\" content=\"https:\/\/www.facebook.com\/grontkontor.dk\/\" \/>\n<meta property=\"article:modified_time\" content=\"2024-09-04T07:33:24+00:00\" \/>\n<meta property=\"og:image\" content=\"https:\/\/grontkontor.dk\/wp-content\/uploads\/2024\/04\/Miljoevenlig-kuglepen-i-kork.jpg\" \/>\n\t<meta property=\"og:image:width\" content=\"900\" \/>\n\t<meta property=\"og:image:height\" content=\"639\" \/>\n\t<meta property=\"og:image:type\" content=\"image\/jpeg\" \/>\n<meta name=\"twitter:card\" content=\"summary_large_image\" \/>\n<script type=\"application\/ld+json\" class=\"yoast-schema-graph\">{\"@context\":\"https:\/\/schema.org\",\"@graph\":[{\"@type\":\"WebPage\",\"@id\":\"https:\/\/grontkontor.dk\/sv\/shop\/penna-i-kork\/\",\"url\":\"https:\/\/grontkontor.dk\/sv\/shop\/penna-i-kork\/\",\"name\":\"Kulspetspenna i kork - Gr\u00f8nt Kontor\",\"isPartOf\":{\"@id\":\"https:\/\/grontkontor.dk\/#website\"},\"datePublished\":\"2024-04-09T07:49:03+00:00\",\"dateModified\":\"2024-09-04T07:33:24+00:00\",\"breadcrumb\":{\"@id\":\"https:\/\/grontkontor.dk\/sv\/shop\/penna-i-kork\/#breadcrumb\"},\"inLanguage\":\"sv-SE\",\"potentialAction\":[{\"@type\":\"ReadAction\",\"target\":[\"https:\/\/grontkontor.dk\/sv\/shop\/penna-i-kork\/\"]}]},{\"@type\":\"BreadcrumbList\",\"@id\":\"https:\/\/grontkontor.dk\/sv\/shop\/penna-i-kork\/#breadcrumb\",\"itemListElement\":[{\"@type\":\"ListItem\",\"position\":1,\"name\":\"Forside\",\"item\":\"https:\/\/grontkontor.dk\/\"},{\"@type\":\"ListItem\",\"position\":2,\"name\":\"Shop\",\"item\":\"https:\/\/grontkontor.dk\/sv\/shop\/\"},{\"@type\":\"ListItem\",\"position\":3,\"name\":\"Skrive- og pegeudstyr\",\"item\":\"https:\/\/grontkontor.dk\/produkt-kategori\/skrive-og-pegeudstyr\/\"},{\"@type\":\"ListItem\",\"position\":4,\"name\":\"Kuglepenne\",\"item\":\"https:\/\/grontkontor.dk\/produkt-kategori\/skrive-og-pegeudstyr\/kuglepenne\/\"},{\"@type\":\"ListItem\",\"position\":5,\"name\":\"Kulspetspenna i kork\"}]},{\"@type\":\"WebSite\",\"@id\":\"https:\/\/grontkontor.dk\/#website\",\"url\":\"https:\/\/grontkontor.dk\/\",\"name\":\"Gr\u00f8nt Kontor\",\"description\":\"Milj\u00f8venlige produkter til kontor og erhverv med fokus p\u00e5 b\u00e6redygtighed, design og fair trade.\",\"publisher\":{\"@id\":\"https:\/\/grontkontor.dk\/#organization\"},\"potentialAction\":[{\"@type\":\"SearchAction\",\"target\":{\"@type\":\"EntryPoint\",\"urlTemplate\":\"https:\/\/grontkontor.dk\/?s={search_term_string}\"},\"query-input\":\"required name=search_term_string\"}],\"inLanguage\":\"sv-SE\"},{\"@type\":\"Organization\",\"@id\":\"https:\/\/grontkontor.dk\/#organization\",\"name\":\"Gr\u00f8nt Kontor\",\"url\":\"https:\/\/grontkontor.dk\/\",\"logo\":{\"@type\":\"ImageObject\",\"inLanguage\":\"sv-SE\",\"@id\":\"https:\/\/grontkontor.dk\/#\/schema\/logo\/image\/\",\"url\":\"https:\/\/grontkontor.dk\/wp-content\/uploads\/2014\/02\/Logo_groent_kontor_300x80.png\",\"contentUrl\":\"https:\/\/grontkontor.dk\/wp-content\/uploads\/2014\/02\/Logo_groent_kontor_300x80.png\",\"width\":300,\"height\":80,\"caption\":\"Gr\u00f8nt Kontor\"},\"image\":{\"@id\":\"https:\/\/grontkontor.dk\/#\/schema\/logo\/image\/\"},\"sameAs\":[\"https:\/\/www.facebook.com\/grontkontor.dk\/\"]}]}<\/script>\n<!-- \/ Yoast SEO Premium plugin. -->","yoast_head_json":{"title":"Kulspetspenna i kork - Gr\u00f8nt Kontor","robots":{"index":"index","follow":"follow","max-snippet":"max-snippet:-1","max-image-preview":"max-image-preview:large","max-video-preview":"max-video-preview:-1"},"canonical":"https:\/\/grontkontor.dk\/sv\/shop\/penna-i-kork\/","og_locale":"sv_SE","og_type":"article","og_title":"Kulspetspenna i kork","og_description":"L\u00e4cker och billig penna i milj\u00f6v\u00e4nlig kork. Metallkl\u00e4mmor, bl\u00e5tt bl\u00e4ck och vridmekanism. &nbsp;","og_url":"https:\/\/grontkontor.dk\/sv\/shop\/penna-i-kork\/","og_site_name":"Gr\u00f8nt Kontor","article_publisher":"https:\/\/www.facebook.com\/grontkontor.dk\/","article_modified_time":"2024-09-04T07:33:24+00:00","og_image":[{"width":900,"height":639,"url":"https:\/\/grontkontor.dk\/wp-content\/uploads\/2024\/04\/Miljoevenlig-kuglepen-i-kork.jpg","type":"image\/jpeg"}],"twitter_card":"summary_large_image","schema":{"@context":"https:\/\/schema.org","@graph":[{"@type":"WebPage","@id":"https:\/\/grontkontor.dk\/sv\/shop\/penna-i-kork\/","url":"https:\/\/grontkontor.dk\/sv\/shop\/penna-i-kork\/","name":"Kulspetspenna i kork - Gr\u00f8nt Kontor","isPartOf":{"@id":"https:\/\/grontkontor.dk\/#website"},"datePublished":"2024-04-09T07:49:03+00:00","dateModified":"2024-09-04T07:33:24+00:00","breadcrumb":{"@id":"https:\/\/grontkontor.dk\/sv\/shop\/penna-i-kork\/#breadcrumb"},"inLanguage":"sv-SE","potentialAction":[{"@type":"ReadAction","target":["https:\/\/grontkontor.dk\/sv\/shop\/penna-i-kork\/"]}]},{"@type":"BreadcrumbList","@id":"https:\/\/grontkontor.dk\/sv\/shop\/penna-i-kork\/#breadcrumb","itemListElement":[{"@type":"ListItem","position":1,"name":"Forside","item":"https:\/\/grontkontor.dk\/"},{"@type":"ListItem","position":2,"name":"Shop","item":"https:\/\/grontkontor.dk\/sv\/shop\/"},{"@type":"ListItem","position":3,"name":"Skrive- og pegeudstyr","item":"https:\/\/grontkontor.dk\/produkt-kategori\/skrive-og-pegeudstyr\/"},{"@type":"ListItem","position":4,"name":"Kuglepenne","item":"https:\/\/grontkontor.dk\/produkt-kategori\/skrive-og-pegeudstyr\/kuglepenne\/"},{"@type":"ListItem","position":5,"name":"Kulspetspenna i kork"}]},{"@type":"WebSite","@id":"https:\/\/grontkontor.dk\/#website","url":"https:\/\/grontkontor.dk\/","name":"Gr\u00f8nt Kontor","description":"Milj\u00f8venlige produkter til kontor og erhverv med fokus p\u00e5 b\u00e6redygtighed, design og fair trade.","publisher":{"@id":"https:\/\/grontkontor.dk\/#organization"},"potentialAction":[{"@type":"SearchAction","target":{"@type":"EntryPoint","urlTemplate":"https:\/\/grontkontor.dk\/?s={search_term_string}"},"query-input":"required name=search_term_string"}],"inLanguage":"sv-SE"},{"@type":"Organization","@id":"https:\/\/grontkontor.dk\/#organization","name":"Gr\u00f8nt Kontor","url":"https:\/\/grontkontor.dk\/","logo":{"@type":"ImageObject","inLanguage":"sv-SE","@id":"https:\/\/grontkontor.dk\/#\/schema\/logo\/image\/","url":"https:\/\/grontkontor.dk\/wp-content\/uploads\/2014\/02\/Logo_groent_kontor_300x80.png","contentUrl":"https:\/\/grontkontor.dk\/wp-content\/uploads\/2014\/02\/Logo_groent_kontor_300x80.png","width":300,"height":80,"caption":"Gr\u00f8nt Kontor"},"image":{"@id":"https:\/\/grontkontor.dk\/#\/schema\/logo\/image\/"},"sameAs":["https:\/\/www.facebook.com\/grontkontor.dk\/"]}]}},"_links":{"self":[{"href":"https:\/\/grontkontor.dk\/sv\/wp-json\/wp\/v2\/product\/83718"}],"collection":[{"href":"https:\/\/grontkontor.dk\/sv\/wp-json\/wp\/v2\/product"}],"about":[{"href":"https:\/\/grontkontor.dk\/sv\/wp-json\/wp\/v2\/types\/product"}],"replies":[{"embeddable":true,"href":"https:\/\/grontkontor.dk\/sv\/wp-json\/wp\/v2\/comments?post=83718"}],"wp:featuredmedia":[{"embeddable":true,"href":"https:\/\/grontkontor.dk\/sv\/wp-json\/wp\/v2\/media\/83727"}],"wp:attachment":[{"href":"https:\/\/grontkontor.dk\/sv\/wp-json\/wp\/v2\/media?parent=83718"}],"wp:term":[{"taxonomy":"product_cat","embeddable":true,"href":"https:\/\/grontkontor.dk\/sv\/wp-json\/wp\/v2\/product_cat?post=83718"},{"taxonomy":"product_tag","embeddable":true,"href":"https:\/\/grontkontor.dk\/sv\/wp-json\/wp\/v2\/product_tag?post=83718"}],"curies":[{"name":"wp","href":"https:\/\/api.w.org\/{rel}","templated":true}]}}